{"id":564,"date":"2024-03-29T12:51:06","date_gmt":"2024-03-29T12:51:06","guid":{"rendered":"https:\/\/www.ristorantealadoro.it\/?page_id=564"},"modified":"2026-06-29T17:08:54","modified_gmt":"2026-06-29T17:08:54","slug":"menu","status":"publish","type":"page","link":"https:\/\/www.ristorantealadoro.it\/en\/menu\/","title":{"rendered":"Menu"},"content":{"rendered":"\t\t<div data-elementor-type=\"wp-page\" data-elementor-id=\"564\" class=\"elementor elementor-564\" data-elementor-post-type=\"page\">\n\t\t\t\t<div class=\"elementor-element elementor-element-3971b0a e-flex e-con-boxed e-con e-parent\" data-id=\"3971b0a\" data-element_type=\"container\" data-e-type=\"container\">\n\t\t\t\t\t<div class=\"e-con-inner\">\n\t\t\t\t<div class=\"elementor-element elementor-element-da37e6c elementor-drop-cap-yes elementor-widget__width-inherit elementor-drop-cap-view-default elementor-widget elementor-widget-text-editor\" data-id=\"da37e6c\" data-element_type=\"widget\" data-e-type=\"widget\" data-settings=\"{&quot;drop_cap&quot;:&quot;yes&quot;}\" data-widget_type=\"text-editor.default\">\n\t\t\t\t<div class=\"elementor-widget-container\">\n\t\t\t\t\t\t\t\t\t<p>Benvenuti al Ristorante Ala D\u2019Oro di Lugo, il luogo dove la cucina di Romagna incontra l\u2019innovazione.<\/p><p data-path-to-node=\"2,1\"><span data-path-to-node=\"3,0\">La nostra proposta gastronomica continua a evolversi mantenendo salde le radici nella filosofia della semplicit\u00e0 e del rispetto per la materia prima, prediligendo il km 0. Il nuovo men\u00f9 \u00e8 un omaggio alla stagionalit\u00e0 e ai sapori della terra romagnola: dall\u2019audacia del <b data-path-to-node=\"3,0\" data-index-in-node=\"269\">Risotto Arlecchino con caprino e caponatina di verdure<\/b><\/span><span data-path-to-node=\"3,2\">, all\u2019eleganza del <b data-path-to-node=\"3,2\" data-index-in-node=\"19\">Tortellone di gamberi con julienne di zucchine e fiori di zucca<\/b><\/span><span data-path-to-node=\"3,4\">, fino alle suggestioni di mare come la <b data-path-to-node=\"3,4\" data-index-in-node=\"40\">Piadina alla curcuma con baccal\u00e0 cotto a bassa temperatura<\/b><\/span><span data-path-to-node=\"3,6\">, ogni piatto \u00e8 studiato per sorprendere il palato con equilibri nuovi e raffinati.<\/span><\/p><p data-path-to-node=\"2,2\">Questa carta rappresenta la nostra ricerca creativa quotidiana. Tuttavia, per chi desidera un&#8217;esperienza ancora pi\u00f9 legata alla freschezza del giorno e alle ispirazioni del mercato, suggeriamo di consultare anche le proposte del nostro <a href=\"https:\/\/www.ristorantealadoro.it\/menu-del-giorno\/\"><b data-path-to-node=\"2,2\" data-index-in-node=\"236\">men\u00f9 settimanale<\/b>.<\/a><\/p><p data-path-to-node=\"2,3\"><b data-path-to-node=\"2,3\" data-index-in-node=\"147\"><\/b>Se invece volete compiere un tuffo nei sapori che hanno fatto la storia della nostra regione, vi invitiamo a scoprire la nostra selezione speciale dedicata a<strong>\u00a0<\/strong><b data-path-to-node=\"2,3\" data-index-in-node=\"147\"><a href=\"https:\/\/www.ristorantealadoro.it\/la-tradizione-romagnola\/\"><strong>&#8220;La Tradizione&#8221;<\/strong><\/a><\/b>. <span data-path-to-node=\"5,2\"><span class=\"citation-42\">\u00c8 l\u00ec che custodiamo i pilastri della nostra cucina, sempre presenti nel nostro men\u00f9: i <\/span><b data-path-to-node=\"5,2\" data-index-in-node=\"87\"><span class=\"citation-42\">Cappelletti della tradizione<\/span><\/b> <\/span><span data-path-to-node=\"5,5\"><span class=\"citation-41\">, le <\/span><b data-path-to-node=\"5,5\" data-index-in-node=\"5\"><span class=\"citation-41\">Tagliatelle al rag\u00f9<\/span><\/b> <\/span><span data-path-to-node=\"5,8\"><span class=\"citation-40\">, i <\/span><b data-path-to-node=\"5,8\" data-index-in-node=\"4\"><span class=\"citation-40\">Tortellini Bolognesi<\/span><\/b> <\/span><span data-path-to-node=\"5,11\"><span class=\"citation-39\">e la succulenta <\/span><b data-path-to-node=\"5,11\" data-index-in-node=\"16\"><span class=\"citation-39\">Tagliata di Black Angus Argentino<\/span><\/b><\/span><span data-path-to-node=\"5,13\">.<\/span><\/p><p data-path-to-node=\"2,4\">Che scegliate l\u2019innovazione della carta, la freschezza del settimanale o le certezze della tradizione, vi accogliamo qui, nel cuore di Lugo, per offrirvi un\u2019esperienza di gusto sincera ed elegante.<\/p>\t\t\t\t\t\t\t\t<\/div>\n\t\t\t\t<\/div>\n\t\t\t\t\t<\/div>\n\t\t\t\t<\/div>\n\t\t\t\t<section class=\"elementor-section elementor-top-section elementor-element elementor-element-6269f323 elementor-section-full_width elementor-section-height-default elementor-section-height-default\" data-id=\"6269f323\" data-element_type=\"section\" data-e-type=\"section\" data-settings=\"{&quot;background_background&quot;:&quot;gradient&quot;}\">\n\t\t\t\t\t\t<div class=\"elementor-container elementor-column-gap-no\">\n\t\t\t\t\t<div class=\"elementor-column elementor-col-50 elementor-top-column elementor-element elementor-element-2af39be9\" data-id=\"2af39be9\" data-element_type=\"column\" data-e-type=\"column\">\n\t\t\t<div class=\"elementor-widget-wrap elementor-element-populated\">\n\t\t\t\t\t\t<div class=\"elementor-element elementor-element-687f6bf4 elementor-widget elementor-widget-image\" data-id=\"687f6bf4\" data-element_type=\"widget\" data-e-type=\"widget\" data-widget_type=\"image.default\">\n\t\t\t\t<div class=\"elementor-widget-container\">\n\t\t\t\t\t\t\t\t\t\t\t\t\t\t\t<img fetchpriority=\"high\" decoding=\"async\" width=\"1200\" height=\"1394\" src=\"https:\/\/www.ristorantealadoro.it\/wp-content\/uploads\/2024\/03\/63cf0bdf-fae7-4324-b423-c42d205b7594-1.jpg\" class=\"attachment-full size-full wp-image-672\" alt=\"\" srcset=\"https:\/\/www.ristorantealadoro.it\/wp-content\/uploads\/2024\/03\/63cf0bdf-fae7-4324-b423-c42d205b7594-1.jpg 1200w, https:\/\/www.ristorantealadoro.it\/wp-content\/uploads\/2024\/03\/63cf0bdf-fae7-4324-b423-c42d205b7594-1-258x300.jpg 258w, https:\/\/www.ristorantealadoro.it\/wp-content\/uploads\/2024\/03\/63cf0bdf-fae7-4324-b423-c42d205b7594-1-881x1024.jpg 881w, https:\/\/www.ristorantealadoro.it\/wp-content\/uploads\/2024\/03\/63cf0bdf-fae7-4324-b423-c42d205b7594-1-768x892.jpg 768w\" sizes=\"(max-width: 1200px) 100vw, 1200px\" \/>\t\t\t\t\t\t\t\t\t\t\t\t\t\t\t<\/div>\n\t\t\t\t<\/div>\n\t\t\t\t<div class=\"elementor-element elementor-element-3a55279a elementor-widget__width-initial elementor-absolute elementor-widget elementor-widget-image\" data-id=\"3a55279a\" data-element_type=\"widget\" data-e-type=\"widget\" data-settings=\"{&quot;_position&quot;:&quot;absolute&quot;}\" data-widget_type=\"image.default\">\n\t\t\t\t<div class=\"elementor-widget-container\">\n\t\t\t\t\t\t\t\t\t\t\t\t\t\t\t<img decoding=\"async\" width=\"83\" height=\"85\" src=\"https:\/\/www.ristorantealadoro.it\/wp-content\/uploads\/2024\/03\/shape-10.png\" class=\"attachment-full size-full wp-image-311\" alt=\"\" \/>\t\t\t\t\t\t\t\t\t\t\t\t\t\t\t<\/div>\n\t\t\t\t<\/div>\n\t\t\t\t\t<\/div>\n\t\t<\/div>\n\t\t\t\t<div class=\"elementor-column elementor-col-50 elementor-top-column elementor-element elementor-element-e466c16\" data-id=\"e466c16\" data-element_type=\"column\" data-e-type=\"column\">\n\t\t\t<div class=\"elementor-widget-wrap elementor-element-populated\">\n\t\t\t\t\t\t<div class=\"elementor-element elementor-element-d0b5dae elementor-widget elementor-widget-heading\" data-id=\"d0b5dae\" data-element_type=\"widget\" data-e-type=\"widget\" data-widget_type=\"heading.default\">\n\t\t\t\t<div class=\"elementor-widget-container\">\n\t\t\t\t\t<h2 class=\"elementor-heading-title elementor-size-default\">Gli Antipasti<\/h2>\t\t\t\t<\/div>\n\t\t\t\t<\/div>\n\t\t\t\t<div class=\"elementor-element elementor-element-651ec407 elementor-widget elementor-widget-price-list\" data-id=\"651ec407\" data-element_type=\"widget\" data-e-type=\"widget\" data-widget_type=\"price-list.default\">\n\t\t\t\t<div class=\"elementor-widget-container\">\n\t\t\t\t\t\n\t\t<ul class=\"elementor-price-list\">\n\n\t\t\t\t\t\t\t\t\t<li><a class=\"elementor-price-list-item\" href=\"#\">\t\t\t\t\n\t\t\t\t<div class=\"elementor-price-list-text\">\n\t\t\t\t\t\t\t\t\t<div class=\"elementor-price-list-header\">\n\t\t\t\t\t\t\t\t\t\t\t<span class=\"elementor-price-list-title\">\n\t\t\t\t\t\t\tCarpaccio di spada con insalatina di finocchio marinato all\u2019arancia \t\t\t\t\t\t<\/span>\n\t\t\t\t\t\t\t\t\t\t\t\t\t\t\t\t\t\t<span class=\"elementor-price-list-separator\"><\/span>\n\t\t\t\t\t\t\t\t\t\t\t\t\t\t\t\t\t\t\t<span class=\"elementor-price-list-price\">\u20ac 18<\/span>\n\t\t\t\t\t\t\t\t\t\t<\/div>\n\t\t\t\t\t\t\t\t\t\t\t\t<\/div>\n\t\t\t\t<\/a><\/li>\t\t\t\t\t\t\t\t\t\t\t\t<li><a class=\"elementor-price-list-item\" href=\"#\">\t\t\t\t\n\t\t\t\t<div class=\"elementor-price-list-text\">\n\t\t\t\t\t\t\t\t\t<div class=\"elementor-price-list-header\">\n\t\t\t\t\t\t\t\t\t\t\t<span class=\"elementor-price-list-title\">\n\t\t\t\t\t\t\tPiadina di mare alla curcuma, baccal\u00e0 cotto a bassa temperatura limone grattugiato, yogurt greco e ravanelli\t\t\t\t\t\t<\/span>\n\t\t\t\t\t\t\t\t\t\t\t\t\t\t\t\t\t\t<span class=\"elementor-price-list-separator\"><\/span>\n\t\t\t\t\t\t\t\t\t\t\t\t\t\t\t\t\t\t\t<span class=\"elementor-price-list-price\">\u20ac 14<\/span>\n\t\t\t\t\t\t\t\t\t\t<\/div>\n\t\t\t\t\t\t\t\t\t\t\t\t<\/div>\n\t\t\t\t<\/a><\/li>\t\t\t\t\t\t\t\t\t\t\t\t<li><a class=\"elementor-price-list-item\" href=\"#\">\t\t\t\t\n\t\t\t\t<div class=\"elementor-price-list-text\">\n\t\t\t\t\t\t\t\t\t<div class=\"elementor-price-list-header\">\n\t\t\t\t\t\t\t\t\t\t\t<span class=\"elementor-price-list-title\">\n\t\t\t\t\t\t\tTartare di Manzo con rucoletta selvatica, scaglie di grana e pomodorini datterini\t\t\t\t\t\t<\/span>\n\t\t\t\t\t\t\t\t\t\t\t\t\t\t\t\t\t\t<span class=\"elementor-price-list-separator\"><\/span>\n\t\t\t\t\t\t\t\t\t\t\t\t\t\t\t\t\t\t\t<span class=\"elementor-price-list-price\">\u20ac 18<\/span>\n\t\t\t\t\t\t\t\t\t\t<\/div>\n\t\t\t\t\t\t\t\t\t\t\t\t<\/div>\n\t\t\t\t<\/a><\/li>\t\t\t\t\t\t\t\t\t\t\t\t<li><a class=\"elementor-price-list-item\" href=\"#\">\t\t\t\t\n\t\t\t\t<div class=\"elementor-price-list-text\">\n\t\t\t\t\t\t\t\t\t<div class=\"elementor-price-list-header\">\n\t\t\t\t\t\t\t\t\t\t\t<span class=\"elementor-price-list-title\">\n\t\t\t\t\t\t\tCaprese di mozzarella rivisitata con insalatina di stagione\t\t\t\t\t\t<\/span>\n\t\t\t\t\t\t\t\t\t\t\t\t\t\t\t\t\t\t<span class=\"elementor-price-list-separator\"><\/span>\n\t\t\t\t\t\t\t\t\t\t\t\t\t\t\t\t\t\t\t<span class=\"elementor-price-list-price\">\u20ac 12<\/span>\n\t\t\t\t\t\t\t\t\t\t<\/div>\n\t\t\t\t\t\t\t\t\t\t\t\t<\/div>\n\t\t\t\t<\/a><\/li>\t\t\t\t\t\n\t\t<\/ul>\n\n\t\t\t\t\t\t<\/div>\n\t\t\t\t<\/div>\n\t\t\t\t\t<\/div>\n\t\t<\/div>\n\t\t\t\t\t<\/div>\n\t\t<\/section>\n\t\t\t\t<section class=\"elementor-section elementor-top-section elementor-element elementor-element-408d5b3 elementor-section-full_width elementor-section-height-default elementor-section-height-default\" data-id=\"408d5b3\" data-element_type=\"section\" data-e-type=\"section\">\n\t\t\t\t\t\t<div class=\"elementor-container elementor-column-gap-no\">\n\t\t\t\t\t<div class=\"elementor-column elementor-col-50 elementor-top-column elementor-element elementor-element-599df34\" data-id=\"599df34\" data-element_type=\"column\" data-e-type=\"column\">\n\t\t\t<div class=\"elementor-widget-wrap elementor-element-populated\">\n\t\t\t\t\t\t<div class=\"elementor-element elementor-element-b734c16 elementor-widget__width-initial elementor-widget elementor-widget-heading\" data-id=\"b734c16\" data-element_type=\"widget\" data-e-type=\"widget\" data-widget_type=\"heading.default\">\n\t\t\t\t<div class=\"elementor-widget-container\">\n\t\t\t\t\t<h2 class=\"elementor-heading-title elementor-size-default\">I Primi<\/h2>\t\t\t\t<\/div>\n\t\t\t\t<\/div>\n\t\t\t\t<div class=\"elementor-element elementor-element-28aa158 elementor-widget__width-initial elementor-widget elementor-widget-price-list\" data-id=\"28aa158\" data-element_type=\"widget\" data-e-type=\"widget\" data-widget_type=\"price-list.default\">\n\t\t\t\t<div class=\"elementor-widget-container\">\n\t\t\t\t\t\n\t\t<ul class=\"elementor-price-list\">\n\n\t\t\t\t\t\t\t\t\t<li class=\"elementor-price-list-item\">\t\t\t\t\n\t\t\t\t<div class=\"elementor-price-list-text\">\n\t\t\t\t\t\t\t\t\t<div class=\"elementor-price-list-header\">\n\t\t\t\t\t\t\t\t\t\t\t<span class=\"elementor-price-list-title\">\n\t\t\t\t\t\t\tSpaghettone Senatore Cappelli con vongole dell\u2019Adriatico, salsa al prezzemolo e bottarga \t\t\t\t\t\t<\/span>\n\t\t\t\t\t\t\t\t\t\t\t\t\t\t\t\t\t\t<span class=\"elementor-price-list-separator\"><\/span>\n\t\t\t\t\t\t\t\t\t\t\t\t\t\t\t\t\t\t\t<span class=\"elementor-price-list-price\">\u20ac 20<\/span>\n\t\t\t\t\t\t\t\t\t\t<\/div>\n\t\t\t\t\t\t\t\t\t\t\t\t<\/div>\n\t\t\t\t<\/li>\t\t\t\t\t\t\t\t\t\t\t\t<li><a class=\"elementor-price-list-item\" href=\"#\">\t\t\t\t\n\t\t\t\t<div class=\"elementor-price-list-text\">\n\t\t\t\t\t\t\t\t\t<div class=\"elementor-price-list-header\">\n\t\t\t\t\t\t\t\t\t\t\t<span class=\"elementor-price-list-title\">\n\t\t\t\t\t\t\tTortellone di gamberi, julienne di zucchine e fiori di zucca\t\t\t\t\t\t<\/span>\n\t\t\t\t\t\t\t\t\t\t\t\t\t\t\t\t\t\t<span class=\"elementor-price-list-separator\"><\/span>\n\t\t\t\t\t\t\t\t\t\t\t\t\t\t\t\t\t\t\t<span class=\"elementor-price-list-price\">\u20ac 18<\/span>\n\t\t\t\t\t\t\t\t\t\t<\/div>\n\t\t\t\t\t\t\t\t\t\t\t\t<\/div>\n\t\t\t\t<\/a><\/li>\t\t\t\t\t\t\t\t\t\t\t\t<li><a class=\"elementor-price-list-item\" href=\"#\">\t\t\t\t\n\t\t\t\t<div class=\"elementor-price-list-text\">\n\t\t\t\t\t\t\t\t\t<div class=\"elementor-price-list-header\">\n\t\t\t\t\t\t\t\t\t\t\t<span class=\"elementor-price-list-title\">\n\t\t\t\t\t\t\tCappelletto al contrario su crema di Parmigiano Reggiano\t\t\t\t\t\t<\/span>\n\t\t\t\t\t\t\t\t\t\t\t\t\t\t\t\t\t\t<span class=\"elementor-price-list-separator\"><\/span>\n\t\t\t\t\t\t\t\t\t\t\t\t\t\t\t\t\t\t\t<span class=\"elementor-price-list-price\">\u20ac 16<\/span>\n\t\t\t\t\t\t\t\t\t\t<\/div>\n\t\t\t\t\t\t\t\t\t\t\t\t<\/div>\n\t\t\t\t<\/a><\/li>\t\t\t\t\t\t\t\t\t\t\t\t<li><a class=\"elementor-price-list-item\" href=\"#\">\t\t\t\t\n\t\t\t\t<div class=\"elementor-price-list-text\">\n\t\t\t\t\t\t\t\t\t<div class=\"elementor-price-list-header\">\n\t\t\t\t\t\t\t\t\t\t\t<span class=\"elementor-price-list-title\">\n\t\t\t\t\t\t\tRisotto Arlecchino con caprino, caponatina di verdure e olio agli ortaggi\t\t\t\t\t\t<\/span>\n\t\t\t\t\t\t\t\t\t\t\t\t\t\t\t\t\t\t<span class=\"elementor-price-list-separator\"><\/span>\n\t\t\t\t\t\t\t\t\t\t\t\t\t\t\t\t\t\t\t<span class=\"elementor-price-list-price\">\u20ac 14<\/span>\n\t\t\t\t\t\t\t\t\t\t<\/div>\n\t\t\t\t\t\t\t\t\t\t\t\t<\/div>\n\t\t\t\t<\/a><\/li>\t\t\t\t\t\t\t\t\t\t\t\t<li><a class=\"elementor-price-list-item\" href=\"#\">\t\t\t\t\n\t\t\t\t<div class=\"elementor-price-list-text\">\n\t\t\t\t\t\t\t\t\t<div class=\"elementor-price-list-header\">\n\t\t\t\t\t\t\t\t\t\t\t<span class=\"elementor-price-list-title\">\n\t\t\t\t\t\t\tMedaglioni di melanzane con salsa di datterino e pesto al basilico\t\t\t\t\t\t<\/span>\n\t\t\t\t\t\t\t\t\t\t\t\t\t\t\t\t\t\t<span class=\"elementor-price-list-separator\"><\/span>\n\t\t\t\t\t\t\t\t\t\t\t\t\t\t\t\t\t\t\t<span class=\"elementor-price-list-price\">\u20ac 16<\/span>\n\t\t\t\t\t\t\t\t\t\t<\/div>\n\t\t\t\t\t\t\t\t\t\t\t\t<\/div>\n\t\t\t\t<\/a><\/li>\t\t\t\t\t\n\t\t<\/ul>\n\n\t\t\t\t\t\t<\/div>\n\t\t\t\t<\/div>\n\t\t\t\t\t<\/div>\n\t\t<\/div>\n\t\t\t\t<div class=\"elementor-column elementor-col-50 elementor-top-column elementor-element elementor-element-ad41182\" data-id=\"ad41182\" data-element_type=\"column\" data-e-type=\"column\">\n\t\t\t<div class=\"elementor-widget-wrap elementor-element-populated\">\n\t\t\t\t\t\t<div class=\"elementor-element elementor-element-980193c elementor-widget__width-initial elementor-hidden-tablet elementor-hidden-mobile elementor-widget elementor-widget-image\" data-id=\"980193c\" data-element_type=\"widget\" data-e-type=\"widget\" data-widget_type=\"image.default\">\n\t\t\t\t<div class=\"elementor-widget-container\">\n\t\t\t\t\t\t\t\t\t\t\t\t\t\t\t<img decoding=\"async\" width=\"1200\" height=\"1600\" src=\"https:\/\/www.ristorantealadoro.it\/wp-content\/uploads\/2024\/03\/IMG_1859.jpg\" class=\"attachment-2048x2048 size-2048x2048 wp-image-665\" alt=\"\" srcset=\"https:\/\/www.ristorantealadoro.it\/wp-content\/uploads\/2024\/03\/IMG_1859.jpg 1200w, https:\/\/www.ristorantealadoro.it\/wp-content\/uploads\/2024\/03\/IMG_1859-225x300.jpg 225w, https:\/\/www.ristorantealadoro.it\/wp-content\/uploads\/2024\/03\/IMG_1859-768x1024.jpg 768w, https:\/\/www.ristorantealadoro.it\/wp-content\/uploads\/2024\/03\/IMG_1859-1152x1536.jpg 1152w\" sizes=\"(max-width: 1200px) 100vw, 1200px\" \/>\t\t\t\t\t\t\t\t\t\t\t\t\t\t\t<\/div>\n\t\t\t\t<\/div>\n\t\t\t\t\t<\/div>\n\t\t<\/div>\n\t\t\t\t\t<\/div>\n\t\t<\/section>\n\t\t\t\t<section class=\"elementor-section elementor-top-section elementor-element elementor-element-8c83097 elementor-section-full_width elementor-section-height-default elementor-section-height-default\" data-id=\"8c83097\" data-element_type=\"section\" data-e-type=\"section\">\n\t\t\t\t\t\t<div class=\"elementor-container elementor-column-gap-no\">\n\t\t\t\t\t<div class=\"elementor-column elementor-col-50 elementor-top-column elementor-element elementor-element-c4344e4\" data-id=\"c4344e4\" data-element_type=\"column\" data-e-type=\"column\">\n\t\t\t<div class=\"elementor-widget-wrap elementor-element-populated\">\n\t\t\t\t\t\t<div class=\"elementor-element elementor-element-6836a64 elementor-hidden-tablet elementor-hidden-mobile elementor-widget elementor-widget-image\" data-id=\"6836a64\" data-element_type=\"widget\" data-e-type=\"widget\" data-widget_type=\"image.default\">\n\t\t\t\t<div class=\"elementor-widget-container\">\n\t\t\t\t\t\t\t\t\t\t\t\t\t\t\t<img loading=\"lazy\" decoding=\"async\" width=\"1200\" height=\"1600\" src=\"https:\/\/www.ristorantealadoro.it\/wp-content\/uploads\/2024\/04\/IMG_1855.jpg\" class=\"attachment-full size-full wp-image-857\" alt=\"\" srcset=\"https:\/\/www.ristorantealadoro.it\/wp-content\/uploads\/2024\/04\/IMG_1855.jpg 1200w, https:\/\/www.ristorantealadoro.it\/wp-content\/uploads\/2024\/04\/IMG_1855-225x300.jpg 225w, https:\/\/www.ristorantealadoro.it\/wp-content\/uploads\/2024\/04\/IMG_1855-768x1024.jpg 768w, https:\/\/www.ristorantealadoro.it\/wp-content\/uploads\/2024\/04\/IMG_1855-1152x1536.jpg 1152w\" sizes=\"(max-width: 1200px) 100vw, 1200px\" \/>\t\t\t\t\t\t\t\t\t\t\t\t\t\t\t<\/div>\n\t\t\t\t<\/div>\n\t\t\t\t<div class=\"elementor-element elementor-element-4ecbf7c elementor-widget__width-initial elementor-absolute elementor-widget elementor-widget-image\" data-id=\"4ecbf7c\" data-element_type=\"widget\" data-e-type=\"widget\" data-settings=\"{&quot;_position&quot;:&quot;absolute&quot;}\" data-widget_type=\"image.default\">\n\t\t\t\t<div class=\"elementor-widget-container\">\n\t\t\t\t\t\t\t\t\t\t\t\t\t\t\t<img decoding=\"async\" width=\"83\" height=\"85\" src=\"https:\/\/www.ristorantealadoro.it\/wp-content\/uploads\/2024\/03\/shape-10.png\" class=\"attachment-full size-full wp-image-311\" alt=\"\" \/>\t\t\t\t\t\t\t\t\t\t\t\t\t\t\t<\/div>\n\t\t\t\t<\/div>\n\t\t\t\t\t<\/div>\n\t\t<\/div>\n\t\t\t\t<div class=\"elementor-column elementor-col-50 elementor-top-column elementor-element elementor-element-7c624ab\" data-id=\"7c624ab\" data-element_type=\"column\" data-e-type=\"column\">\n\t\t\t<div class=\"elementor-widget-wrap elementor-element-populated\">\n\t\t\t\t\t\t<div class=\"elementor-element elementor-element-2fb7a23 elementor-widget elementor-widget-heading\" data-id=\"2fb7a23\" data-element_type=\"widget\" data-e-type=\"widget\" data-widget_type=\"heading.default\">\n\t\t\t\t<div class=\"elementor-widget-container\">\n\t\t\t\t\t<h2 class=\"elementor-heading-title elementor-size-default\">I Secondi<\/h2>\t\t\t\t<\/div>\n\t\t\t\t<\/div>\n\t\t\t\t<div class=\"elementor-element elementor-element-286aa0f elementor-widget__width-initial elementor-widget elementor-widget-price-list\" data-id=\"286aa0f\" data-element_type=\"widget\" data-e-type=\"widget\" data-widget_type=\"price-list.default\">\n\t\t\t\t<div class=\"elementor-widget-container\">\n\t\t\t\t\t\n\t\t<ul class=\"elementor-price-list\">\n\n\t\t\t\t\t\t\t\t\t<li><a class=\"elementor-price-list-item\" href=\"#\">\t\t\t\t\n\t\t\t\t<div class=\"elementor-price-list-text\">\n\t\t\t\t\t\t\t\t\t<div class=\"elementor-price-list-header\">\n\t\t\t\t\t\t\t\t\t\t\t<span class=\"elementor-price-list-title\">\n\t\t\t\t\t\t\tTonno scottato in padella con salsa al mango e ravanelli\t\t\t\t\t\t<\/span>\n\t\t\t\t\t\t\t\t\t\t\t\t\t\t\t\t\t\t<span class=\"elementor-price-list-separator\"><\/span>\n\t\t\t\t\t\t\t\t\t\t\t\t\t\t\t\t\t\t\t<span class=\"elementor-price-list-price\">\u20ac 24<\/span>\n\t\t\t\t\t\t\t\t\t\t<\/div>\n\t\t\t\t\t\t\t\t\t\t\t\t<\/div>\n\t\t\t\t<\/a><\/li>\t\t\t\t\t\t\t\t\t\t\t\t<li><a class=\"elementor-price-list-item\" href=\"#\">\t\t\t\t\n\t\t\t\t<div class=\"elementor-price-list-text\">\n\t\t\t\t\t\t\t\t\t<div class=\"elementor-price-list-header\">\n\t\t\t\t\t\t\t\t\t\t\t<span class=\"elementor-price-list-title\">\n\t\t\t\t\t\t\tTrancio di Ombrina al rosmarino con spinacino fresco\t\t\t\t\t\t<\/span>\n\t\t\t\t\t\t\t\t\t\t\t\t\t\t\t\t\t\t<span class=\"elementor-price-list-separator\"><\/span>\n\t\t\t\t\t\t\t\t\t\t\t\t\t\t\t\t\t\t\t<span class=\"elementor-price-list-price\">\u20ac 24<\/span>\n\t\t\t\t\t\t\t\t\t\t<\/div>\n\t\t\t\t\t\t\t\t\t\t\t\t<\/div>\n\t\t\t\t<\/a><\/li>\t\t\t\t\t\t\t\t\t\t\t\t<li><a class=\"elementor-price-list-item\" href=\"#\">\t\t\t\t\n\t\t\t\t<div class=\"elementor-price-list-text\">\n\t\t\t\t\t\t\t\t\t<div class=\"elementor-price-list-header\">\n\t\t\t\t\t\t\t\t\t\t\t<span class=\"elementor-price-list-title\">\n\t\t\t\t\t\t\tPetto d\u2019anatra in casseruola con salsa all\u2019albicocca e patate al forno\t\t\t\t\t\t<\/span>\n\t\t\t\t\t\t\t\t\t\t\t\t\t\t\t\t\t\t<span class=\"elementor-price-list-separator\"><\/span>\n\t\t\t\t\t\t\t\t\t\t\t\t\t\t\t\t\t\t\t<span class=\"elementor-price-list-price\">\u20ac 24<\/span>\n\t\t\t\t\t\t\t\t\t\t<\/div>\n\t\t\t\t\t\t\t\t\t\t\t\t<\/div>\n\t\t\t\t<\/a><\/li>\t\t\t\t\t\t\t\t\t\t\t\t<li><a class=\"elementor-price-list-item\" href=\"#\">\t\t\t\t\n\t\t\t\t<div class=\"elementor-price-list-text\">\n\t\t\t\t\t\t\t\t\t<div class=\"elementor-price-list-header\">\n\t\t\t\t\t\t\t\t\t\t\t<span class=\"elementor-price-list-title\">\n\t\t\t\t\t\t\tGalletto arrosto con polenta fritta e salsa al taleggio\t\t\t\t\t\t<\/span>\n\t\t\t\t\t\t\t\t\t\t\t\t\t\t\t\t\t\t<span class=\"elementor-price-list-separator\"><\/span>\n\t\t\t\t\t\t\t\t\t\t\t\t\t\t\t\t\t\t\t<span class=\"elementor-price-list-price\">\u20ac 20<\/span>\n\t\t\t\t\t\t\t\t\t\t<\/div>\n\t\t\t\t\t\t\t\t\t\t\t\t<\/div>\n\t\t\t\t<\/a><\/li>\t\t\t\t\t\t\t\t\t\t\t\t<li><a class=\"elementor-price-list-item\" href=\"#\">\t\t\t\t\n\t\t\t\t<div class=\"elementor-price-list-text\">\n\t\t\t\t\t\t\t\t\t<div class=\"elementor-price-list-header\">\n\t\t\t\t\t\t\t\t\t\t\t<span class=\"elementor-price-list-title\">\n\t\t\t\t\t\t\tSinfonia di melanzane con scamorza affumicata, tris di pomodorini e basilico\t\t\t\t\t\t<\/span>\n\t\t\t\t\t\t\t\t\t\t\t\t\t\t\t\t\t\t<span class=\"elementor-price-list-separator\"><\/span>\n\t\t\t\t\t\t\t\t\t\t\t\t\t\t\t\t\t\t\t<span class=\"elementor-price-list-price\">\u20ac 14<\/span>\n\t\t\t\t\t\t\t\t\t\t<\/div>\n\t\t\t\t\t\t\t\t\t\t\t\t<\/div>\n\t\t\t\t<\/a><\/li>\t\t\t\t\t\n\t\t<\/ul>\n\n\t\t\t\t\t\t<\/div>\n\t\t\t\t<\/div>\n\t\t\t\t\t<\/div>\n\t\t<\/div>\n\t\t\t\t\t<\/div>\n\t\t<\/section>\n\t\t<div class=\"elementor-element elementor-element-undefined-4b127d4 e-con-full e-flex e-con e-parent\" data-id=\"undefined-4b127d4\" data-element_type=\"container\" data-e-type=\"container\" data-settings=\"{&quot;background_background&quot;:&quot;classic&quot;}\">\n\t\t<div class=\"elementor-element elementor-element-27e9e45 e-flex e-con-boxed e-con e-child\" data-id=\"27e9e45\" data-element_type=\"container\" data-e-type=\"container\">\n\t\t\t\t\t<div class=\"e-con-inner\">\n\t\t\t\t<div class=\"elementor-element elementor-element-41d3cce elementor-widget elementor-widget-heading\" data-id=\"41d3cce\" data-element_type=\"widget\" data-e-type=\"widget\" data-widget_type=\"heading.default\">\n\t\t\t\t<div class=\"elementor-widget-container\">\n\t\t\t\t\t<h3 class=\"elementor-heading-title elementor-size-default\">Non perderti le nostre proposte speciali: <\/h3>\t\t\t\t<\/div>\n\t\t\t\t<\/div>\n\t\t\t\t<div class=\"elementor-element elementor-element-a33aef4 elementor-widget elementor-widget-text-editor\" data-id=\"a33aef4\" data-element_type=\"widget\" data-e-type=\"widget\" data-widget_type=\"text-editor.default\">\n\t\t\t\t<div class=\"elementor-widget-container\">\n\t\t\t\t\t\t\t\t\t<p>Esplora i grandi classici con il <strong><a href=\"https:\/\/www.ristorantealadoro.it\/la-tradizione-romagnola\/\">Men\u00f9 della Tradizione<\/a><\/strong> o lasciati tentare dal <strong><a href=\"https:\/\/www.ristorantealadoro.it\/menu-del-giorno\/\">Men\u00f9 Settimanale<\/a><\/strong>.<\/p>\t\t\t\t\t\t\t\t<\/div>\n\t\t\t\t<\/div>\n\t\t\t\t\t<\/div>\n\t\t\t\t<\/div>\n\t\t\t\t<div class=\"elementor-element elementor-element-undefined-22f0c3a elementor-widget elementor-widget-heading\" data-id=\"undefined-22f0c3a\" data-element_type=\"widget\" data-e-type=\"widget\" data-widget_type=\"heading.default\">\n\t\t\t\t<div class=\"elementor-widget-container\">\n\t\t\t\t\t<h2 class=\"elementor-heading-title elementor-size-default\">Il tuo momento perfetto \u00e8 a un clic di distanza: prenota ora e goditi una serata indimenticabile!<\/h2>\t\t\t\t<\/div>\n\t\t\t\t<\/div>\n\t\t\t\t<div class=\"elementor-element elementor-element-undefined-97ced7f elementor-widget elementor-widget-text-editor\" data-id=\"undefined-97ced7f\" data-element_type=\"widget\" data-e-type=\"widget\" data-widget_type=\"text-editor.default\">\n\t\t\t\t<div class=\"elementor-widget-container\">\n\t\t\t\t\t\t\t\t\t<p>Prenota il tuo tavolo e assapora momenti indimenticabili!<\/p>\t\t\t\t\t\t\t\t<\/div>\n\t\t\t\t<\/div>\n\t\t\t\t<div class=\"elementor-element elementor-element-undefined-eb1842b elementor-widget__width-auto elementor-align-right elementor-widget elementor-widget-button\" data-id=\"undefined-eb1842b\" data-element_type=\"widget\" data-e-type=\"widget\" data-widget_type=\"button.default\">\n\t\t\t\t<div class=\"elementor-widget-container\">\n\t\t\t\t\t\t\t\t\t<div class=\"elementor-button-wrapper\">\n\t\t\t\t\t<a class=\"elementor-button elementor-button-link elementor-size-sm elementor-animation-pulse\" href=\"https:\/\/www.ristorantealadoro.it\/prenota-il-tuo-tavolo\/\">\n\t\t\t\t\t\t<span class=\"elementor-button-content-wrapper\">\n\t\t\t\t\t\t\t\t\t<span class=\"elementor-button-text\">Prenota Ora<\/span>\n\t\t\t\t\t<\/span>\n\t\t\t\t\t<\/a>\n\t\t\t\t<\/div>\n\t\t\t\t\t\t\t\t<\/div>\n\t\t\t\t<\/div>\n\t\t\t\t<\/div>\n\t\t\t\t<section class=\"elementor-section elementor-top-section elementor-element elementor-element-9ea5ac4 elementor-section-full_width elementor-section-height-default elementor-section-height-default\" data-id=\"9ea5ac4\" data-element_type=\"section\" data-e-type=\"section\">\n\t\t\t\t\t\t<div class=\"elementor-container elementor-column-gap-default\">\n\t\t\t\t\t<div class=\"elementor-column elementor-col-100 elementor-top-column elementor-element elementor-element-73e83fe\" data-id=\"73e83fe\" data-element_type=\"column\" data-e-type=\"column\">\n\t\t\t<div class=\"elementor-widget-wrap elementor-element-populated\">\n\t\t\t\t\t\t<section class=\"elementor-section elementor-inner-section elementor-element elementor-element-6c0ab68 elementor-section-boxed elementor-section-height-default elementor-section-height-default\" data-id=\"6c0ab68\" data-element_type=\"section\" data-e-type=\"section\" data-settings=\"{&quot;background_background&quot;:&quot;classic&quot;}\">\n\t\t\t\t\t\t<div class=\"elementor-container elementor-column-gap-default\">\n\t\t\t\t\t<div class=\"elementor-column elementor-col-33 elementor-inner-column elementor-element elementor-element-a00cdff\" data-id=\"a00cdff\" data-element_type=\"column\" data-e-type=\"column\">\n\t\t\t<div class=\"elementor-widget-wrap elementor-element-populated\">\n\t\t\t\t\t\t<div class=\"elementor-element elementor-element-f904646 elementor-invisible elementor-widget elementor-widget-heading\" data-id=\"f904646\" data-element_type=\"widget\" data-e-type=\"widget\" data-settings=\"{&quot;_animation&quot;:&quot;fadeIn&quot;}\" data-widget_type=\"heading.default\">\n\t\t\t\t<div class=\"elementor-widget-container\">\n\t\t\t\t\t<h2 class=\"elementor-heading-title elementor-size-default\">Orari di Apertura<\/h2>\t\t\t\t<\/div>\n\t\t\t\t<\/div>\n\t\t\t\t<div class=\"elementor-element elementor-element-fc08554 elementor-invisible elementor-widget elementor-widget-text-editor\" data-id=\"fc08554\" data-element_type=\"widget\" data-e-type=\"widget\" data-settings=\"{&quot;_animation&quot;:&quot;fadeInDown&quot;,&quot;_animation_delay&quot;:300}\" data-widget_type=\"text-editor.default\">\n\t\t\t\t<div class=\"elementor-widget-container\">\n\t\t\t\t\t\t\t\t\t<p><strong>Pranzo<\/strong><br \/><strong>Tutti i giorni\u00a0<\/strong><br \/>12.00 \u2013 14.30<\/p>\t\t\t\t\t\t\t\t<\/div>\n\t\t\t\t<\/div>\n\t\t\t\t<div class=\"elementor-element elementor-element-1004762 elementor-invisible elementor-widget elementor-widget-text-editor\" data-id=\"1004762\" data-element_type=\"widget\" data-e-type=\"widget\" data-settings=\"{&quot;_animation&quot;:&quot;fadeInDown&quot;,&quot;_animation_delay&quot;:500}\" data-widget_type=\"text-editor.default\">\n\t\t\t\t<div class=\"elementor-widget-container\">\n\t\t\t\t\t\t\t\t\t<p><strong>Cena<\/strong><br \/><strong>Tutti i giorni<\/strong><br \/>19.30 \u2013 22.30<\/p>\t\t\t\t\t\t\t\t<\/div>\n\t\t\t\t<\/div>\n\t\t\t\t<div class=\"elementor-element elementor-element-94ad44f elementor-invisible elementor-widget elementor-widget-text-editor\" data-id=\"94ad44f\" data-element_type=\"widget\" data-e-type=\"widget\" data-settings=\"{&quot;_animation&quot;:&quot;fadeInDown&quot;,&quot;_animation_delay&quot;:700}\" data-widget_type=\"text-editor.default\">\n\t\t\t\t<div class=\"elementor-widget-container\">\n\t\t\t\t\t\t\t\t\t<p><strong>Gli orari indicati potrebbero subire delle variazioni durante le festivit\u00e0<\/strong><\/p>\t\t\t\t\t\t\t\t<\/div>\n\t\t\t\t<\/div>\n\t\t\t\t<div class=\"elementor-element elementor-element-d6d366a elementor-widget__width-auto elementor-absolute elementor-invisible elementor-widget elementor-widget-heading\" data-id=\"d6d366a\" data-element_type=\"widget\" data-e-type=\"widget\" data-settings=\"{&quot;motion_fx_motion_fx_scrolling&quot;:&quot;yes&quot;,&quot;motion_fx_rotateZ_effect&quot;:&quot;yes&quot;,&quot;motion_fx_rotateZ_speed&quot;:{&quot;unit&quot;:&quot;px&quot;,&quot;size&quot;:10,&quot;sizes&quot;:[]},&quot;motion_fx_rotateZ_affectedRange&quot;:{&quot;unit&quot;:&quot;%&quot;,&quot;size&quot;:&quot;&quot;,&quot;sizes&quot;:{&quot;start&quot;:95,&quot;end&quot;:95}},&quot;motion_fx_devices&quot;:[&quot;desktop&quot;,&quot;tablet&quot;],&quot;_position&quot;:&quot;absolute&quot;,&quot;_animation&quot;:&quot;slideInDown&quot;}\" data-widget_type=\"heading.default\">\n\t\t\t\t<div class=\"elementor-widget-container\">\n\t\t\t\t\t<h6 class=\"elementor-heading-title elementor-size-default\">06 - Contact<\/h6>\t\t\t\t<\/div>\n\t\t\t\t<\/div>\n\t\t\t\t\t<\/div>\n\t\t<\/div>\n\t\t\t\t<div class=\"elementor-column elementor-col-33 elementor-inner-column elementor-element elementor-element-a9797fd\" data-id=\"a9797fd\" data-element_type=\"column\" data-e-type=\"column\">\n\t\t\t<div class=\"elementor-widget-wrap elementor-element-populated\">\n\t\t\t\t\t\t<div class=\"elementor-element elementor-element-3174809 elementor-invisible elementor-widget elementor-widget-heading\" data-id=\"3174809\" data-element_type=\"widget\" data-e-type=\"widget\" data-settings=\"{&quot;_animation&quot;:&quot;fadeIn&quot;}\" data-widget_type=\"heading.default\">\n\t\t\t\t<div class=\"elementor-widget-container\">\n\t\t\t\t\t<h2 class=\"elementor-heading-title elementor-size-default\">Dove Siamo<\/h2>\t\t\t\t<\/div>\n\t\t\t\t<\/div>\n\t\t\t\t<div class=\"elementor-element elementor-element-5b28e98 elementor-invisible elementor-widget elementor-widget-text-editor\" data-id=\"5b28e98\" data-element_type=\"widget\" data-e-type=\"widget\" data-settings=\"{&quot;_animation&quot;:&quot;fadeInDown&quot;,&quot;_animation_delay&quot;:300}\" data-widget_type=\"text-editor.default\">\n\t\t\t\t<div class=\"elementor-widget-container\">\n\t\t\t\t\t\t\t\t\t<p>Via Giacomo Matteotti, 56<br \/>48022 Lugo (RA)<\/p>\t\t\t\t\t\t\t\t<\/div>\n\t\t\t\t<\/div>\n\t\t\t\t<div class=\"elementor-element elementor-element-ea70f50 elementor-invisible elementor-widget elementor-widget-text-editor\" data-id=\"ea70f50\" data-element_type=\"widget\" data-e-type=\"widget\" data-settings=\"{&quot;_animation&quot;:&quot;fadeInDown&quot;,&quot;_animation_delay&quot;:500}\" data-widget_type=\"text-editor.default\">\n\t\t\t\t<div class=\"elementor-widget-container\">\n\t\t\t\t\t\t\t\t\t<p><strong>Telefono<\/strong><\/p>\t\t\t\t\t\t\t\t<\/div>\n\t\t\t\t<\/div>\n\t\t\t\t<div class=\"elementor-element elementor-element-0eaaed7 elementor-invisible elementor-widget elementor-widget-text-editor\" data-id=\"0eaaed7\" data-element_type=\"widget\" data-e-type=\"widget\" data-settings=\"{&quot;_animation&quot;:&quot;fadeInDown&quot;,&quot;_animation_delay&quot;:550}\" data-widget_type=\"text-editor.default\">\n\t\t\t\t<div class=\"elementor-widget-container\">\n\t\t\t\t\t\t\t\t\t<p><strong>+39 0545 22388<\/strong><\/p>\t\t\t\t\t\t\t\t<\/div>\n\t\t\t\t<\/div>\n\t\t\t\t<div class=\"elementor-element elementor-element-39c2b3b elementor-invisible elementor-widget elementor-widget-text-editor\" data-id=\"39c2b3b\" data-element_type=\"widget\" data-e-type=\"widget\" data-settings=\"{&quot;_animation&quot;:&quot;fadeInDown&quot;,&quot;_animation_delay&quot;:700}\" data-widget_type=\"text-editor.default\">\n\t\t\t\t<div class=\"elementor-widget-container\">\n\t\t\t\t\t\t\t\t\t<p><strong>Email<\/strong><\/p>\t\t\t\t\t\t\t\t<\/div>\n\t\t\t\t<\/div>\n\t\t\t\t<div class=\"elementor-element elementor-element-21fb3c2 elementor-invisible elementor-widget elementor-widget-text-editor\" data-id=\"21fb3c2\" data-element_type=\"widget\" data-e-type=\"widget\" data-settings=\"{&quot;_animation&quot;:&quot;fadeInDown&quot;,&quot;_animation_delay&quot;:750}\" data-widget_type=\"text-editor.default\">\n\t\t\t\t<div class=\"elementor-widget-container\">\n\t\t\t\t\t\t\t\t\t<p><a href=\"mailto:#\"><strong>info@aladoro.it<\/strong><\/a><\/p>\t\t\t\t\t\t\t\t<\/div>\n\t\t\t\t<\/div>\n\t\t\t\t\t<\/div>\n\t\t<\/div>\n\t\t\t\t<div class=\"elementor-column elementor-col-33 elementor-inner-column elementor-element elementor-element-12ef241\" data-id=\"12ef241\" data-element_type=\"column\" data-e-type=\"column\">\n\t\t\t<div class=\"elementor-widget-wrap\">\n\t\t\t\t\t\t\t<\/div>\n\t\t<\/div>\n\t\t\t\t\t<\/div>\n\t\t<\/section>\n\t\t\t\t\t<\/div>\n\t\t<\/div>\n\t\t\t\t\t<\/div>\n\t\t<\/section>\n\t\t\t\t<\/div>\n\t\t","protected":false},"excerpt":{"rendered":"<p>Benvenuti al Ristorante Ala D\u2019Oro di Lugo, il luogo dove la cucina di Romagna incontra l\u2019innovazione. La nostra proposta gastronomica continua a evolversi mantenendo salde le radici nella filosofia della semplicit\u00e0 e del rispetto per la materia prima, prediligendo il km 0. Il nuovo men\u00f9 \u00e8 un omaggio alla stagionalit\u00e0 e ai sapori della terra [&hellip;]<\/p>\n","protected":false},"author":1,"featured_media":0,"parent":0,"menu_order":0,"comment_status":"closed","ping_status":"closed","template":"elementor_canvas","meta":{"footnotes":""},"class_list":["post-564","page","type-page","status-publish","hentry"],"yoast_head":"<!-- This site is optimized with the Yoast SEO plugin v28.3 - https:\/\/yoast.com\/product\/yoast-seo-wordpress\/ -->\n<title>Nuovo Men\u00f9 Estate 2026 | Ristorante Ala D&#039;Oro Lugo<\/title>\n<meta name=\"description\" content=\"Dai Cappelletti ai freschi sapori estivi a km 0. Scopri il nuovo men\u00f9 del Ristorante Ala D&#039;Oro di Lugo. Prenota!\" \/>\n<meta name=\"robots\" content=\"index, follow, max-snippet:-1, max-image-preview:large, max-video-preview:-1\" \/>\n<link rel=\"canonical\" href=\"https:\/\/www.ristorantealadoro.it\/en\/menu\/\" \/>\n<meta property=\"og:locale\" content=\"en_GB\" \/>\n<meta property=\"og:type\" content=\"article\" \/>\n<meta property=\"og:title\" content=\"Nuovo Men\u00f9 Estate 2026 | Ristorante Ala D&#039;Oro Lugo\" \/>\n<meta property=\"og:description\" content=\"Dai Cappelletti ai freschi sapori estivi a km 0. Scopri il nuovo men\u00f9 del Ristorante Ala D&#039;Oro di Lugo. Prenota!\" \/>\n<meta property=\"og:url\" content=\"https:\/\/www.ristorantealadoro.it\/en\/menu\/\" \/>\n<meta property=\"og:site_name\" content=\"Ristorante Ala D&#039;oro\" \/>\n<meta property=\"article:publisher\" content=\"https:\/\/www.facebook.com\/aladorohotel\/?locale=it_IT\" \/>\n<meta property=\"article:modified_time\" content=\"2026-06-29T17:08:54+00:00\" \/>\n<meta property=\"og:image\" content=\"https:\/\/www.ristorantealadoro.it\/wp-content\/uploads\/2024\/03\/63cf0bdf-fae7-4324-b423-c42d205b7594-1.jpg\" \/>\n\t<meta property=\"og:image:width\" content=\"1200\" \/>\n\t<meta property=\"og:image:height\" content=\"1394\" \/>\n\t<meta property=\"og:image:type\" content=\"image\/jpeg\" \/>\n<meta name=\"twitter:card\" content=\"summary_large_image\" \/>\n<meta name=\"twitter:label1\" content=\"Estimated reading time\" \/>\n\t<meta name=\"twitter:data1\" content=\"4 minutes\" \/>\n<script type=\"application\/ld+json\" class=\"yoast-schema-graph\">{\"@context\":\"https:\\\/\\\/schema.org\",\"@graph\":[{\"@type\":\"WebPage\",\"@id\":\"https:\\\/\\\/www.ristorantealadoro.it\\\/menu\\\/\",\"url\":\"https:\\\/\\\/www.ristorantealadoro.it\\\/menu\\\/\",\"name\":\"Nuovo Men\u00f9 Estate 2026 | Ristorante Ala D'Oro Lugo\",\"isPartOf\":{\"@id\":\"https:\\\/\\\/www.ristorantealadoro.it\\\/#website\"},\"primaryImageOfPage\":{\"@id\":\"https:\\\/\\\/www.ristorantealadoro.it\\\/menu\\\/#primaryimage\"},\"image\":{\"@id\":\"https:\\\/\\\/www.ristorantealadoro.it\\\/menu\\\/#primaryimage\"},\"thumbnailUrl\":\"https:\\\/\\\/www.ristorantealadoro.it\\\/wp-content\\\/uploads\\\/2024\\\/03\\\/63cf0bdf-fae7-4324-b423-c42d205b7594-1.jpg\",\"datePublished\":\"2024-03-29T12:51:06+00:00\",\"dateModified\":\"2026-06-29T17:08:54+00:00\",\"description\":\"Dai Cappelletti ai freschi sapori estivi a km 0. Scopri il nuovo men\u00f9 del Ristorante Ala D'Oro di Lugo. Prenota!\",\"breadcrumb\":{\"@id\":\"https:\\\/\\\/www.ristorantealadoro.it\\\/menu\\\/#breadcrumb\"},\"inLanguage\":\"en-GB\",\"potentialAction\":[{\"@type\":\"ReadAction\",\"target\":[\"https:\\\/\\\/www.ristorantealadoro.it\\\/menu\\\/\"]}]},{\"@type\":\"ImageObject\",\"inLanguage\":\"en-GB\",\"@id\":\"https:\\\/\\\/www.ristorantealadoro.it\\\/menu\\\/#primaryimage\",\"url\":\"https:\\\/\\\/www.ristorantealadoro.it\\\/wp-content\\\/uploads\\\/2024\\\/03\\\/63cf0bdf-fae7-4324-b423-c42d205b7594-1.jpg\",\"contentUrl\":\"https:\\\/\\\/www.ristorantealadoro.it\\\/wp-content\\\/uploads\\\/2024\\\/03\\\/63cf0bdf-fae7-4324-b423-c42d205b7594-1.jpg\"},{\"@type\":\"BreadcrumbList\",\"@id\":\"https:\\\/\\\/www.ristorantealadoro.it\\\/menu\\\/#breadcrumb\",\"itemListElement\":[{\"@type\":\"ListItem\",\"position\":1,\"name\":\"Home\",\"item\":\"https:\\\/\\\/www.ristorantealadoro.it\\\/\"},{\"@type\":\"ListItem\",\"position\":2,\"name\":\"Men\u00f9\"}]},{\"@type\":\"WebSite\",\"@id\":\"https:\\\/\\\/www.ristorantealadoro.it\\\/#website\",\"url\":\"https:\\\/\\\/www.ristorantealadoro.it\\\/\",\"name\":\"Ristorante Ala d'Oro la tradizione dal 1952\",\"description\":\"Scopri l&#039;atmosfera elegante del ristorante Ala d&#039;Oro a Lugo, vivi un&#039;esperienza gastronomica raffinata. Prenota ora la tua cena indimenticabile!\",\"publisher\":{\"@id\":\"https:\\\/\\\/www.ristorantealadoro.it\\\/#organization\"},\"alternateName\":\"Ristorante Ala d'Oro\",\"potentialAction\":[{\"@type\":\"SearchAction\",\"target\":{\"@type\":\"EntryPoint\",\"urlTemplate\":\"https:\\\/\\\/www.ristorantealadoro.it\\\/?s={search_term_string}\"},\"query-input\":{\"@type\":\"PropertyValueSpecification\",\"valueRequired\":true,\"valueName\":\"search_term_string\"}}],\"inLanguage\":\"en-GB\"},{\"@type\":\"Organization\",\"@id\":\"https:\\\/\\\/www.ristorantealadoro.it\\\/#organization\",\"name\":\"Ristorante Ala D'oro\",\"url\":\"https:\\\/\\\/www.ristorantealadoro.it\\\/\",\"logo\":{\"@type\":\"ImageObject\",\"inLanguage\":\"en-GB\",\"@id\":\"https:\\\/\\\/www.ristorantealadoro.it\\\/#\\\/schema\\\/logo\\\/image\\\/\",\"url\":\"https:\\\/\\\/www.ristorantealadoro.it\\\/wp-content\\\/uploads\\\/2024\\\/03\\\/Nuovo-progetto.png\",\"contentUrl\":\"https:\\\/\\\/www.ristorantealadoro.it\\\/wp-content\\\/uploads\\\/2024\\\/03\\\/Nuovo-progetto.png\",\"width\":174,\"height\":100,\"caption\":\"Ristorante Ala D'oro\"},\"image\":{\"@id\":\"https:\\\/\\\/www.ristorantealadoro.it\\\/#\\\/schema\\\/logo\\\/image\\\/\"},\"sameAs\":[\"https:\\\/\\\/www.facebook.com\\\/aladorohotel\\\/?locale=it_IT\",\"https:\\\/\\\/www.instagram.com\\\/explore\\\/locations\\\/35572987\\\/ala-doro-hotel-ristorante-lugo\\\/\"]}]}<\/script>\n<!-- \/ Yoast SEO plugin. -->","yoast_head_json":{"title":"Nuovo Men\u00f9 Estate 2026 | Ristorante Ala D'Oro Lugo","description":"Dai Cappelletti ai freschi sapori estivi a km 0. Scopri il nuovo men\u00f9 del Ristorante Ala D'Oro di Lugo. Prenota!","robots":{"index":"index","follow":"follow","max-snippet":"max-snippet:-1","max-image-preview":"max-image-preview:large","max-video-preview":"max-video-preview:-1"},"canonical":"https:\/\/www.ristorantealadoro.it\/en\/menu\/","og_locale":"en_GB","og_type":"article","og_title":"Nuovo Men\u00f9 Estate 2026 | Ristorante Ala D'Oro Lugo","og_description":"Dai Cappelletti ai freschi sapori estivi a km 0. Scopri il nuovo men\u00f9 del Ristorante Ala D'Oro di Lugo. Prenota!","og_url":"https:\/\/www.ristorantealadoro.it\/en\/menu\/","og_site_name":"Ristorante Ala D&#039;oro","article_publisher":"https:\/\/www.facebook.com\/aladorohotel\/?locale=it_IT","article_modified_time":"2026-06-29T17:08:54+00:00","og_image":[{"width":1200,"height":1394,"url":"https:\/\/www.ristorantealadoro.it\/wp-content\/uploads\/2024\/03\/63cf0bdf-fae7-4324-b423-c42d205b7594-1.jpg","type":"image\/jpeg"}],"twitter_card":"summary_large_image","twitter_misc":{"Estimated reading time":"4 minutes"},"schema":{"@context":"https:\/\/schema.org","@graph":[{"@type":"WebPage","@id":"https:\/\/www.ristorantealadoro.it\/menu\/","url":"https:\/\/www.ristorantealadoro.it\/menu\/","name":"Nuovo Men\u00f9 Estate 2026 | Ristorante Ala D'Oro Lugo","isPartOf":{"@id":"https:\/\/www.ristorantealadoro.it\/#website"},"primaryImageOfPage":{"@id":"https:\/\/www.ristorantealadoro.it\/menu\/#primaryimage"},"image":{"@id":"https:\/\/www.ristorantealadoro.it\/menu\/#primaryimage"},"thumbnailUrl":"https:\/\/www.ristorantealadoro.it\/wp-content\/uploads\/2024\/03\/63cf0bdf-fae7-4324-b423-c42d205b7594-1.jpg","datePublished":"2024-03-29T12:51:06+00:00","dateModified":"2026-06-29T17:08:54+00:00","description":"Dai Cappelletti ai freschi sapori estivi a km 0. Scopri il nuovo men\u00f9 del Ristorante Ala D'Oro di Lugo. Prenota!","breadcrumb":{"@id":"https:\/\/www.ristorantealadoro.it\/menu\/#breadcrumb"},"inLanguage":"en-GB","potentialAction":[{"@type":"ReadAction","target":["https:\/\/www.ristorantealadoro.it\/menu\/"]}]},{"@type":"ImageObject","inLanguage":"en-GB","@id":"https:\/\/www.ristorantealadoro.it\/menu\/#primaryimage","url":"https:\/\/www.ristorantealadoro.it\/wp-content\/uploads\/2024\/03\/63cf0bdf-fae7-4324-b423-c42d205b7594-1.jpg","contentUrl":"https:\/\/www.ristorantealadoro.it\/wp-content\/uploads\/2024\/03\/63cf0bdf-fae7-4324-b423-c42d205b7594-1.jpg"},{"@type":"BreadcrumbList","@id":"https:\/\/www.ristorantealadoro.it\/menu\/#breadcrumb","itemListElement":[{"@type":"ListItem","position":1,"name":"Home","item":"https:\/\/www.ristorantealadoro.it\/"},{"@type":"ListItem","position":2,"name":"Men\u00f9"}]},{"@type":"WebSite","@id":"https:\/\/www.ristorantealadoro.it\/#website","url":"https:\/\/www.ristorantealadoro.it\/","name":"Ala d&#039;Oro Restaurant: tradition since 1952","description":"Discover the elegant atmosphere of the Ala d&#039;Oro restaurant in Lugo and enjoy a refined gastronomic experience. Book your unforgettable dinner now!","publisher":{"@id":"https:\/\/www.ristorantealadoro.it\/#organization"},"alternateName":"Ristorante Ala d'Oro","potentialAction":[{"@type":"SearchAction","target":{"@type":"EntryPoint","urlTemplate":"https:\/\/www.ristorantealadoro.it\/?s={search_term_string}"},"query-input":{"@type":"PropertyValueSpecification","valueRequired":true,"valueName":"search_term_string"}}],"inLanguage":"en-GB"},{"@type":"Organization","@id":"https:\/\/www.ristorantealadoro.it\/#organization","name":"Ala D&#039;oro Restaurant","url":"https:\/\/www.ristorantealadoro.it\/","logo":{"@type":"ImageObject","inLanguage":"en-GB","@id":"https:\/\/www.ristorantealadoro.it\/#\/schema\/logo\/image\/","url":"https:\/\/www.ristorantealadoro.it\/wp-content\/uploads\/2024\/03\/Nuovo-progetto.png","contentUrl":"https:\/\/www.ristorantealadoro.it\/wp-content\/uploads\/2024\/03\/Nuovo-progetto.png","width":174,"height":100,"caption":"Ristorante Ala D'oro"},"image":{"@id":"https:\/\/www.ristorantealadoro.it\/#\/schema\/logo\/image\/"},"sameAs":["https:\/\/www.facebook.com\/aladorohotel\/?locale=it_IT","https:\/\/www.instagram.com\/explore\/locations\/35572987\/ala-doro-hotel-ristorante-lugo\/"]}]}},"_links":{"self":[{"href":"https:\/\/www.ristorantealadoro.it\/en\/wp-json\/wp\/v2\/pages\/564","targetHints":{"allow":["GET"]}}],"collection":[{"href":"https:\/\/www.ristorantealadoro.it\/en\/wp-json\/wp\/v2\/pages"}],"about":[{"href":"https:\/\/www.ristorantealadoro.it\/en\/wp-json\/wp\/v2\/types\/page"}],"author":[{"embeddable":true,"href":"https:\/\/www.ristorantealadoro.it\/en\/wp-json\/wp\/v2\/users\/1"}],"replies":[{"embeddable":true,"href":"https:\/\/www.ristorantealadoro.it\/en\/wp-json\/wp\/v2\/comments?post=564"}],"version-history":[{"count":217,"href":"https:\/\/www.ristorantealadoro.it\/en\/wp-json\/wp\/v2\/pages\/564\/revisions"}],"predecessor-version":[{"id":2414,"href":"https:\/\/www.ristorantealadoro.it\/en\/wp-json\/wp\/v2\/pages\/564\/revisions\/2414"}],"wp:attachment":[{"href":"https:\/\/www.ristorantealadoro.it\/en\/wp-json\/wp\/v2\/media?parent=564"}],"curies":[{"name":"wp","href":"https:\/\/api.w.org\/{rel}","templated":true}]}}