{"id":1669,"date":"2025-10-30T20:43:40","date_gmt":"2025-10-30T20:43:40","guid":{"rendered":"https:\/\/www.ristorantealadoro.it\/?page_id=1669"},"modified":"2026-06-29T17:10:24","modified_gmt":"2026-06-29T17:10:24","slug":"la-tradizione-romagnola","status":"publish","type":"page","link":"https:\/\/www.ristorantealadoro.it\/en\/la-tradizione-romagnola\/","title":{"rendered":"The Tradition"},"content":{"rendered":"\t\t<div data-elementor-type=\"wp-page\" data-elementor-id=\"1669\" class=\"elementor elementor-1669\" data-elementor-post-type=\"page\">\n\t\t\t\t<div class=\"elementor-element elementor-element-6d98baed e-flex e-con-boxed e-con e-parent\" data-id=\"6d98baed\" data-element_type=\"container\" data-e-type=\"container\">\n\t\t\t\t\t<div class=\"e-con-inner\">\n\t\t\t\t<div class=\"elementor-element elementor-element-3c5d84fc elementor-drop-cap-yes elementor-widget__width-inherit elementor-drop-cap-view-default elementor-widget elementor-widget-text-editor\" data-id=\"3c5d84fc\" data-element_type=\"widget\" data-e-type=\"widget\" data-settings=\"{&quot;drop_cap&quot;:&quot;yes&quot;}\" data-widget_type=\"text-editor.default\">\n\t\t\t\t<div class=\"elementor-widget-container\">\n\t\t\t\t\t\t\t\t\t<p>Benvenuti ne &#8220;La Tradizione&#8221;, il cuore pulsante della nostra Romagna qui al Ristorante Ala D&#8217;Oro di Lugo. Questa non \u00e8 semplicemente una carta, ma un omaggio dello chef Antonio Monaci alle ricette che hanno definito la nostra identit\u00e0 e la nostra tavola. \u00c8 un viaggio nella memoria, alla riscoperta dei sapori autentici e dei gesti lenti e sapienti che si tramandano di generazione in generazione, dove ogni ingrediente racconta una storia di territorio e passione.<\/p><p>Qui troverete i pilastri della vera cucina tradizionale romagnola: dalla pasta fresca tirata al mattarello, come i nostri Cappelletti e le intramontabili Tagliatelle al rag\u00f9, alla ricca selezione di salumi e formaggi che aprono il pasto come un abbraccio della nostra terra. Ogni piatto \u00e8 eseguito con rispetto maniacale per la materia prima e per le ricette originali, per offrirvi un&#8217;esperienza genuina che parla direttamente all&#8217;anima.<\/p><p>Questa selezione \u00e8 pensata per chi cerca i sapori di una volta, per chi vuole ritrovare il gusto dei pranzi in famiglia e per chiunque desideri assaporare l&#8217;essenza pi\u00f9 vera della Romagna. Lasciatevi guidare in questo percorso di gusto autentico e riscoprite perch\u00e9 la nostra tradizione \u00e8 cos\u00ec amata. Se desiderate esplorare anche il lato pi\u00f9 creativo della nostra cucina, potete tornare al nostro <a href=\"https:\/\/www.ristorantealadoro.it\/menu\/\">Men\u00f9 Principale<\/a>.<\/p>\t\t\t\t\t\t\t\t<\/div>\n\t\t\t\t<\/div>\n\t\t\t\t\t<\/div>\n\t\t\t\t<\/div>\n\t\t\t\t<section class=\"elementor-section elementor-top-section elementor-element elementor-element-6e7943a4 elementor-section-full_width elementor-section-height-default elementor-section-height-default\" data-id=\"6e7943a4\" data-element_type=\"section\" data-e-type=\"section\" data-settings=\"{&quot;background_background&quot;:&quot;gradient&quot;}\">\n\t\t\t\t\t\t<div class=\"elementor-container elementor-column-gap-no\">\n\t\t\t\t\t<div class=\"elementor-column elementor-col-50 elementor-top-column elementor-element elementor-element-2a060398\" data-id=\"2a060398\" data-element_type=\"column\" data-e-type=\"column\">\n\t\t\t<div class=\"elementor-widget-wrap elementor-element-populated\">\n\t\t\t\t\t\t<div class=\"elementor-element elementor-element-23d865b1 elementor-widget elementor-widget-image\" data-id=\"23d865b1\" data-element_type=\"widget\" data-e-type=\"widget\" data-widget_type=\"image.default\">\n\t\t\t\t<div class=\"elementor-widget-container\">\n\t\t\t\t\t\t\t\t\t\t\t\t\t\t\t<img fetchpriority=\"high\" decoding=\"async\" width=\"1920\" height=\"1282\" src=\"https:\/\/www.ristorantealadoro.it\/wp-content\/uploads\/2024\/03\/aladoro-ristorante-9347.jpg\" class=\"attachment-full size-full wp-image-637\" alt=\"Menu tradizionale al ristorante Ala D&apos;Oro di Lugo\" srcset=\"https:\/\/www.ristorantealadoro.it\/wp-content\/uploads\/2024\/03\/aladoro-ristorante-9347.jpg 1920w, https:\/\/www.ristorantealadoro.it\/wp-content\/uploads\/2024\/03\/aladoro-ristorante-9347-300x200.jpg 300w, https:\/\/www.ristorantealadoro.it\/wp-content\/uploads\/2024\/03\/aladoro-ristorante-9347-1024x684.jpg 1024w, https:\/\/www.ristorantealadoro.it\/wp-content\/uploads\/2024\/03\/aladoro-ristorante-9347-768x513.jpg 768w, https:\/\/www.ristorantealadoro.it\/wp-content\/uploads\/2024\/03\/aladoro-ristorante-9347-1536x1026.jpg 1536w\" sizes=\"(max-width: 1920px) 100vw, 1920px\" \/>\t\t\t\t\t\t\t\t\t\t\t\t\t\t\t<\/div>\n\t\t\t\t<\/div>\n\t\t\t\t<div class=\"elementor-element elementor-element-537bd040 elementor-widget__width-initial elementor-absolute elementor-widget elementor-widget-image\" data-id=\"537bd040\" data-element_type=\"widget\" data-e-type=\"widget\" data-settings=\"{&quot;_position&quot;:&quot;absolute&quot;}\" data-widget_type=\"image.default\">\n\t\t\t\t<div class=\"elementor-widget-container\">\n\t\t\t\t\t\t\t\t\t\t\t\t\t\t\t<img decoding=\"async\" width=\"83\" height=\"85\" src=\"https:\/\/www.ristorantealadoro.it\/wp-content\/uploads\/2024\/03\/shape-10.png\" class=\"attachment-full size-full wp-image-311\" alt=\"\" \/>\t\t\t\t\t\t\t\t\t\t\t\t\t\t\t<\/div>\n\t\t\t\t<\/div>\n\t\t\t\t\t<\/div>\n\t\t<\/div>\n\t\t\t\t<div class=\"elementor-column elementor-col-50 elementor-top-column elementor-element elementor-element-5bfae8b1\" data-id=\"5bfae8b1\" data-element_type=\"column\" data-e-type=\"column\">\n\t\t\t<div class=\"elementor-widget-wrap elementor-element-populated\">\n\t\t\t\t\t\t<div class=\"elementor-element elementor-element-76d551b0 elementor-widget elementor-widget-heading\" data-id=\"76d551b0\" data-element_type=\"widget\" data-e-type=\"widget\" data-widget_type=\"heading.default\">\n\t\t\t\t<div class=\"elementor-widget-container\">\n\t\t\t\t\t<h2 class=\"elementor-heading-title elementor-size-default\">Gli Antipasti<\/h2>\t\t\t\t<\/div>\n\t\t\t\t<\/div>\n\t\t\t\t<div class=\"elementor-element elementor-element-5519a293 elementor-widget elementor-widget-price-list\" data-id=\"5519a293\" data-element_type=\"widget\" data-e-type=\"widget\" data-widget_type=\"price-list.default\">\n\t\t\t\t<div class=\"elementor-widget-container\">\n\t\t\t\t\t\n\t\t<ul class=\"elementor-price-list\">\n\n\t\t\t\t\t\t\t\t\t<li><a class=\"elementor-price-list-item\" href=\"#\">\t\t\t\t\n\t\t\t\t<div class=\"elementor-price-list-text\">\n\t\t\t\t\t\t\t\t\t<div class=\"elementor-price-list-header\">\n\t\t\t\t\t\t\t\t\t\t\t<span class=\"elementor-price-list-title\">\n\t\t\t\t\t\t\tLa Romagna in tavola \t\t\t\t\t\t<\/span>\n\t\t\t\t\t\t\t\t\t\t\t\t\t\t\t\t\t\t<span class=\"elementor-price-list-separator\"><\/span>\n\t\t\t\t\t\t\t\t\t\t\t\t\t\t\t\t\t\t\t<span class=\"elementor-price-list-price\">\u20ac 22<\/span>\n\t\t\t\t\t\t\t\t\t\t<\/div>\n\t\t\t\t\t\t\t\t\t\t\t\t\t\t\t<p class=\"elementor-price-list-description\">\n\t\t\t\t\t\t\tSelezione di salumi del territorio, squacquerone, fichi caramellati, piadina di nostra produzione e gnocco fritto\t\t\t\t\t\t<\/p>\n\t\t\t\t\t\t\t\t<\/div>\n\t\t\t\t<\/a><\/li>\t\t\t\t\t\n\t\t<\/ul>\n\n\t\t\t\t\t\t<\/div>\n\t\t\t\t<\/div>\n\t\t\t\t\t<\/div>\n\t\t<\/div>\n\t\t\t\t\t<\/div>\n\t\t<\/section>\n\t\t\t\t<section class=\"elementor-section elementor-top-section elementor-element elementor-element-780ba2 elementor-section-full_width elementor-section-height-default elementor-section-height-default\" data-id=\"780ba2\" data-element_type=\"section\" data-e-type=\"section\">\n\t\t\t\t\t\t<div class=\"elementor-container elementor-column-gap-no\">\n\t\t\t\t\t<div class=\"elementor-column elementor-col-50 elementor-top-column elementor-element elementor-element-28576dcb\" data-id=\"28576dcb\" data-element_type=\"column\" data-e-type=\"column\">\n\t\t\t<div class=\"elementor-widget-wrap elementor-element-populated\">\n\t\t\t\t\t\t<div class=\"elementor-element elementor-element-7d4c8dcd elementor-widget__width-initial elementor-widget elementor-widget-heading\" data-id=\"7d4c8dcd\" data-element_type=\"widget\" data-e-type=\"widget\" data-widget_type=\"heading.default\">\n\t\t\t\t<div class=\"elementor-widget-container\">\n\t\t\t\t\t<h2 class=\"elementor-heading-title elementor-size-default\">I Primi<\/h2>\t\t\t\t<\/div>\n\t\t\t\t<\/div>\n\t\t\t\t<div class=\"elementor-element elementor-element-236fad3e elementor-widget__width-initial elementor-widget elementor-widget-price-list\" data-id=\"236fad3e\" data-element_type=\"widget\" data-e-type=\"widget\" data-widget_type=\"price-list.default\">\n\t\t\t\t<div class=\"elementor-widget-container\">\n\t\t\t\t\t\n\t\t<ul class=\"elementor-price-list\">\n\n\t\t\t\t\t\t\t\t\t<li><a class=\"elementor-price-list-item\" href=\"#\">\t\t\t\t\n\t\t\t\t<div class=\"elementor-price-list-text\">\n\t\t\t\t\t\t\t\t\t<div class=\"elementor-price-list-header\">\n\t\t\t\t\t\t\t\t\t\t\t<span class=\"elementor-price-list-title\">\n\t\t\t\t\t\t\tCappelletti della tradizione \t\t\t\t\t\t<\/span>\n\t\t\t\t\t\t\t\t\t\t\t\t\t\t\t\t\t\t<span class=\"elementor-price-list-separator\"><\/span>\n\t\t\t\t\t\t\t\t\t\t\t\t\t\t\t\t\t\t\t<span class=\"elementor-price-list-price\">\u20ac 14<\/span>\n\t\t\t\t\t\t\t\t\t\t<\/div>\n\t\t\t\t\t\t\t\t\t\t\t\t<\/div>\n\t\t\t\t<\/a><\/li>\t\t\t\t\t\t\t\t\t\t\t\t<li><a class=\"elementor-price-list-item\" href=\"#\">\t\t\t\t\n\t\t\t\t<div class=\"elementor-price-list-text\">\n\t\t\t\t\t\t\t\t\t<div class=\"elementor-price-list-header\">\n\t\t\t\t\t\t\t\t\t\t\t<span class=\"elementor-price-list-title\">\n\t\t\t\t\t\t\tTagliatelle al rag\u00f9 \t\t\t\t\t\t<\/span>\n\t\t\t\t\t\t\t\t\t\t\t\t\t\t\t\t\t\t<span class=\"elementor-price-list-separator\"><\/span>\n\t\t\t\t\t\t\t\t\t\t\t\t\t\t\t\t\t\t\t<span class=\"elementor-price-list-price\">\u20ac 12<\/span>\n\t\t\t\t\t\t\t\t\t\t<\/div>\n\t\t\t\t\t\t\t\t\t\t\t\t<\/div>\n\t\t\t\t<\/a><\/li>\t\t\t\t\t\t\t\t\t\t\t\t<li><a class=\"elementor-price-list-item\" href=\"#\">\t\t\t\t\n\t\t\t\t<div class=\"elementor-price-list-text\">\n\t\t\t\t\t\t\t\t\t<div class=\"elementor-price-list-header\">\n\t\t\t\t\t\t\t\t\t\t\t<span class=\"elementor-price-list-title\">\n\t\t\t\t\t\t\tTortellini Bolognesi\t\t\t\t\t\t<\/span>\n\t\t\t\t\t\t\t\t\t\t\t\t\t\t\t\t\t\t<span class=\"elementor-price-list-separator\"><\/span>\n\t\t\t\t\t\t\t\t\t\t\t\t\t\t\t\t\t\t\t<span class=\"elementor-price-list-price\">\u20ac 14<\/span>\n\t\t\t\t\t\t\t\t\t\t<\/div>\n\t\t\t\t\t\t\t\t\t\t\t\t<\/div>\n\t\t\t\t<\/a><\/li>\t\t\t\t\t\t\t\t\t\t\t\t<li><a class=\"elementor-price-list-item\" href=\"#\">\t\t\t\t\n\t\t\t\t<div class=\"elementor-price-list-text\">\n\t\t\t\t\t\t\t\t\t<div class=\"elementor-price-list-header\">\n\t\t\t\t\t\t\t\t\t\t\t<span class=\"elementor-price-list-title\">\n\t\t\t\t\t\t\tTagliolini con prosciutto crudo di Parma 24 mesi e scalogno di Romagna igp\t\t\t\t\t\t<\/span>\n\t\t\t\t\t\t\t\t\t\t\t\t\t\t\t\t\t\t<span class=\"elementor-price-list-separator\"><\/span>\n\t\t\t\t\t\t\t\t\t\t\t\t\t\t\t\t\t\t\t<span class=\"elementor-price-list-price\">\u20ac 14<\/span>\n\t\t\t\t\t\t\t\t\t\t<\/div>\n\t\t\t\t\t\t\t\t\t\t\t\t<\/div>\n\t\t\t\t<\/a><\/li>\t\t\t\t\t\n\t\t<\/ul>\n\n\t\t\t\t\t\t<\/div>\n\t\t\t\t<\/div>\n\t\t\t\t\t<\/div>\n\t\t<\/div>\n\t\t\t\t<div class=\"elementor-column elementor-col-50 elementor-top-column elementor-element elementor-element-69d1f886\" data-id=\"69d1f886\" data-element_type=\"column\" data-e-type=\"column\">\n\t\t\t<div class=\"elementor-widget-wrap elementor-element-populated\">\n\t\t\t\t\t\t<div class=\"elementor-element elementor-element-439b5a1a elementor-widget__width-initial elementor-hidden-tablet elementor-hidden-mobile elementor-widget elementor-widget-image\" data-id=\"439b5a1a\" data-element_type=\"widget\" data-e-type=\"widget\" data-widget_type=\"image.default\">\n\t\t\t\t<div class=\"elementor-widget-container\">\n\t\t\t\t\t\t\t\t\t\t\t\t\t\t\t<img decoding=\"async\" width=\"2048\" height=\"1362\" src=\"https:\/\/www.ristorantealadoro.it\/wp-content\/uploads\/2025\/06\/cucina-romagnola-lugo-ristorante-1.jpg\" class=\"attachment-2048x2048 size-2048x2048 wp-image-1471\" alt=\"Piatto di cappelletti fatti a mano, simbolo della cucina romagnola tradizionale del ristorante Ala D&apos;Oro a Lugo.\" srcset=\"https:\/\/www.ristorantealadoro.it\/wp-content\/uploads\/2025\/06\/cucina-romagnola-lugo-ristorante-1.jpg 2048w, https:\/\/www.ristorantealadoro.it\/wp-content\/uploads\/2025\/06\/cucina-romagnola-lugo-ristorante-1-300x200.jpg 300w, https:\/\/www.ristorantealadoro.it\/wp-content\/uploads\/2025\/06\/cucina-romagnola-lugo-ristorante-1-1024x681.jpg 1024w, https:\/\/www.ristorantealadoro.it\/wp-content\/uploads\/2025\/06\/cucina-romagnola-lugo-ristorante-1-768x511.jpg 768w, https:\/\/www.ristorantealadoro.it\/wp-content\/uploads\/2025\/06\/cucina-romagnola-lugo-ristorante-1-1536x1022.jpg 1536w\" sizes=\"(max-width: 2048px) 100vw, 2048px\" \/>\t\t\t\t\t\t\t\t\t\t\t\t\t\t\t<\/div>\n\t\t\t\t<\/div>\n\t\t\t\t\t<\/div>\n\t\t<\/div>\n\t\t\t\t\t<\/div>\n\t\t<\/section>\n\t\t\t\t<section class=\"elementor-section elementor-top-section elementor-element elementor-element-1a8059b4 elementor-section-full_width elementor-section-height-default elementor-section-height-default\" data-id=\"1a8059b4\" data-element_type=\"section\" data-e-type=\"section\">\n\t\t\t\t\t\t<div class=\"elementor-container elementor-column-gap-no\">\n\t\t\t\t\t<div class=\"elementor-column elementor-col-50 elementor-top-column elementor-element elementor-element-4ccd3685\" data-id=\"4ccd3685\" data-element_type=\"column\" data-e-type=\"column\">\n\t\t\t<div class=\"elementor-widget-wrap elementor-element-populated\">\n\t\t\t\t\t\t<div class=\"elementor-element elementor-element-75b29d5e elementor-hidden-tablet elementor-hidden-mobile elementor-widget elementor-widget-image\" data-id=\"75b29d5e\" data-element_type=\"widget\" data-e-type=\"widget\" data-widget_type=\"image.default\">\n\t\t\t\t<div class=\"elementor-widget-container\">\n\t\t\t\t\t\t\t\t\t\t\t\t\t\t\t<img loading=\"lazy\" decoding=\"async\" width=\"1536\" height=\"2048\" src=\"https:\/\/www.ristorantealadoro.it\/wp-content\/uploads\/2024\/12\/Tagliata-di-Black-Angus-al-sale-di-Cervia-con-patate-al-forno.jpg\" class=\"attachment-full size-full wp-image-1184\" alt=\"Piatto del men\u00f9 del Ristorante Ala D&apos;Oro - Tagliata con Patate al Forno\" srcset=\"https:\/\/www.ristorantealadoro.it\/wp-content\/uploads\/2024\/12\/Tagliata-di-Black-Angus-al-sale-di-Cervia-con-patate-al-forno.jpg 1536w, https:\/\/www.ristorantealadoro.it\/wp-content\/uploads\/2024\/12\/Tagliata-di-Black-Angus-al-sale-di-Cervia-con-patate-al-forno-225x300.jpg 225w, https:\/\/www.ristorantealadoro.it\/wp-content\/uploads\/2024\/12\/Tagliata-di-Black-Angus-al-sale-di-Cervia-con-patate-al-forno-768x1024.jpg 768w, https:\/\/www.ristorantealadoro.it\/wp-content\/uploads\/2024\/12\/Tagliata-di-Black-Angus-al-sale-di-Cervia-con-patate-al-forno-1152x1536.jpg 1152w\" sizes=\"(max-width: 1536px) 100vw, 1536px\" \/>\t\t\t\t\t\t\t\t\t\t\t\t\t\t\t<\/div>\n\t\t\t\t<\/div>\n\t\t\t\t<div class=\"elementor-element elementor-element-5810ca07 elementor-widget__width-initial elementor-absolute elementor-widget elementor-widget-image\" data-id=\"5810ca07\" data-element_type=\"widget\" data-e-type=\"widget\" data-settings=\"{&quot;_position&quot;:&quot;absolute&quot;}\" data-widget_type=\"image.default\">\n\t\t\t\t<div class=\"elementor-widget-container\">\n\t\t\t\t\t\t\t\t\t\t\t\t\t\t\t<img decoding=\"async\" width=\"83\" height=\"85\" src=\"https:\/\/www.ristorantealadoro.it\/wp-content\/uploads\/2024\/03\/shape-10.png\" class=\"attachment-full size-full wp-image-311\" alt=\"\" \/>\t\t\t\t\t\t\t\t\t\t\t\t\t\t\t<\/div>\n\t\t\t\t<\/div>\n\t\t\t\t\t<\/div>\n\t\t<\/div>\n\t\t\t\t<div class=\"elementor-column elementor-col-50 elementor-top-column elementor-element elementor-element-5d31b0b1\" data-id=\"5d31b0b1\" data-element_type=\"column\" data-e-type=\"column\">\n\t\t\t<div class=\"elementor-widget-wrap elementor-element-populated\">\n\t\t\t\t\t\t<div class=\"elementor-element elementor-element-7136e32d elementor-widget elementor-widget-heading\" data-id=\"7136e32d\" data-element_type=\"widget\" data-e-type=\"widget\" data-widget_type=\"heading.default\">\n\t\t\t\t<div class=\"elementor-widget-container\">\n\t\t\t\t\t<h2 class=\"elementor-heading-title elementor-size-default\">I Secondi<\/h2>\t\t\t\t<\/div>\n\t\t\t\t<\/div>\n\t\t\t\t<div class=\"elementor-element elementor-element-32b589ce elementor-widget__width-initial elementor-widget elementor-widget-price-list\" data-id=\"32b589ce\" data-element_type=\"widget\" data-e-type=\"widget\" data-widget_type=\"price-list.default\">\n\t\t\t\t<div class=\"elementor-widget-container\">\n\t\t\t\t\t\n\t\t<ul class=\"elementor-price-list\">\n\n\t\t\t\t\t\t\t\t\t<li><a class=\"elementor-price-list-item\" href=\"#\">\t\t\t\t\n\t\t\t\t<div class=\"elementor-price-list-text\">\n\t\t\t\t\t\t\t\t\t<div class=\"elementor-price-list-header\">\n\t\t\t\t\t\t\t\t\t\t\t<span class=\"elementor-price-list-title\">\n\t\t\t\t\t\t\tTagliata di Black Angus Argentino al sale di Cervia\t\t\t\t\t\t<\/span>\n\t\t\t\t\t\t\t\t\t\t\t\t\t\t\t\t\t\t<span class=\"elementor-price-list-separator\"><\/span>\n\t\t\t\t\t\t\t\t\t\t\t\t\t\t\t\t\t\t\t<span class=\"elementor-price-list-price\">\u20ac 24<\/span>\n\t\t\t\t\t\t\t\t\t\t<\/div>\n\t\t\t\t\t\t\t\t\t\t\t\t<\/div>\n\t\t\t\t<\/a><\/li>\t\t\t\t\t\n\t\t<\/ul>\n\n\t\t\t\t\t\t<\/div>\n\t\t\t\t<\/div>\n\t\t\t\t\t<\/div>\n\t\t<\/div>\n\t\t\t\t\t<\/div>\n\t\t<\/section>\n\t\t<div class=\"elementor-element elementor-element-1caf30fe e-con-full e-flex e-con e-parent\" data-id=\"1caf30fe\" data-element_type=\"container\" data-e-type=\"container\" data-settings=\"{&quot;background_background&quot;:&quot;classic&quot;}\">\n\t\t\t\t<div class=\"elementor-element elementor-element-336d4dab elementor-widget elementor-widget-heading\" data-id=\"336d4dab\" data-element_type=\"widget\" data-e-type=\"widget\" data-widget_type=\"heading.default\">\n\t\t\t\t<div class=\"elementor-widget-container\">\n\t\t\t\t\t<h2 class=\"elementor-heading-title elementor-size-default\">Il tuo momento perfetto \u00e8 a un clic di distanza: prenota ora e goditi una serata indimenticabile!<\/h2>\t\t\t\t<\/div>\n\t\t\t\t<\/div>\n\t\t\t\t<div class=\"elementor-element elementor-element-7d235a9c elementor-widget elementor-widget-text-editor\" data-id=\"7d235a9c\" data-element_type=\"widget\" data-e-type=\"widget\" data-widget_type=\"text-editor.default\">\n\t\t\t\t<div class=\"elementor-widget-container\">\n\t\t\t\t\t\t\t\t\t<p>Prenota il tuo tavolo e assapora momenti indimenticabili!<\/p>\t\t\t\t\t\t\t\t<\/div>\n\t\t\t\t<\/div>\n\t\t\t\t<div class=\"elementor-element elementor-element-2ad0e393 elementor-widget__width-auto elementor-align-right elementor-widget elementor-widget-button\" data-id=\"2ad0e393\" data-element_type=\"widget\" data-e-type=\"widget\" data-widget_type=\"button.default\">\n\t\t\t\t<div class=\"elementor-widget-container\">\n\t\t\t\t\t\t\t\t\t<div class=\"elementor-button-wrapper\">\n\t\t\t\t\t<a class=\"elementor-button elementor-button-link elementor-size-sm\" href=\"https:\/\/www.ristorantealadoro.it\/prenota-il-tuo-tavolo\/\">\n\t\t\t\t\t\t<span class=\"elementor-button-content-wrapper\">\n\t\t\t\t\t\t\t\t\t<span class=\"elementor-button-text\">Prenota Ora<\/span>\n\t\t\t\t\t<\/span>\n\t\t\t\t\t<\/a>\n\t\t\t\t<\/div>\n\t\t\t\t\t\t\t\t<\/div>\n\t\t\t\t<\/div>\n\t\t\t\t<\/div>\n\t\t\t\t<section class=\"elementor-section elementor-top-section elementor-element elementor-element-7c959a75 elementor-section-full_width elementor-section-height-default elementor-section-height-default\" data-id=\"7c959a75\" data-element_type=\"section\" data-e-type=\"section\">\n\t\t\t\t\t\t<div class=\"elementor-container elementor-column-gap-default\">\n\t\t\t\t\t<div class=\"elementor-column elementor-col-100 elementor-top-column elementor-element elementor-element-2a2fc05a\" data-id=\"2a2fc05a\" data-element_type=\"column\" data-e-type=\"column\">\n\t\t\t<div class=\"elementor-widget-wrap elementor-element-populated\">\n\t\t\t\t\t\t<section class=\"elementor-section elementor-inner-section elementor-element elementor-element-2597210b elementor-section-boxed elementor-section-height-default elementor-section-height-default\" data-id=\"2597210b\" data-element_type=\"section\" data-e-type=\"section\" data-settings=\"{&quot;background_background&quot;:&quot;classic&quot;}\">\n\t\t\t\t\t\t<div class=\"elementor-container elementor-column-gap-default\">\n\t\t\t\t\t<div class=\"elementor-column elementor-col-33 elementor-inner-column elementor-element elementor-element-24d053c3\" data-id=\"24d053c3\" data-element_type=\"column\" data-e-type=\"column\">\n\t\t\t<div class=\"elementor-widget-wrap elementor-element-populated\">\n\t\t\t\t\t\t<div class=\"elementor-element elementor-element-22c29793 elementor-invisible elementor-widget elementor-widget-heading\" data-id=\"22c29793\" data-element_type=\"widget\" data-e-type=\"widget\" data-settings=\"{&quot;_animation&quot;:&quot;fadeIn&quot;}\" data-widget_type=\"heading.default\">\n\t\t\t\t<div class=\"elementor-widget-container\">\n\t\t\t\t\t<h2 class=\"elementor-heading-title elementor-size-default\">Orari di Apertura<\/h2>\t\t\t\t<\/div>\n\t\t\t\t<\/div>\n\t\t\t\t<div class=\"elementor-element elementor-element-530746c9 elementor-invisible elementor-widget elementor-widget-text-editor\" data-id=\"530746c9\" data-element_type=\"widget\" data-e-type=\"widget\" data-settings=\"{&quot;_animation&quot;:&quot;fadeInDown&quot;,&quot;_animation_delay&quot;:300}\" data-widget_type=\"text-editor.default\">\n\t\t\t\t<div class=\"elementor-widget-container\">\n\t\t\t\t\t\t\t\t\t<p><strong>Pranzo<\/strong><br \/><strong>Tutti i giorni\u00a0<\/strong><br \/>12.00 \u2013 14.30<\/p>\t\t\t\t\t\t\t\t<\/div>\n\t\t\t\t<\/div>\n\t\t\t\t<div class=\"elementor-element elementor-element-7b49a0e7 elementor-invisible elementor-widget elementor-widget-text-editor\" data-id=\"7b49a0e7\" data-element_type=\"widget\" data-e-type=\"widget\" data-settings=\"{&quot;_animation&quot;:&quot;fadeInDown&quot;,&quot;_animation_delay&quot;:500}\" data-widget_type=\"text-editor.default\">\n\t\t\t\t<div class=\"elementor-widget-container\">\n\t\t\t\t\t\t\t\t\t<p><strong>Cena<\/strong><br \/><strong>Tutti i giorni<\/strong><br \/>19.30 \u2013 22.30<\/p>\t\t\t\t\t\t\t\t<\/div>\n\t\t\t\t<\/div>\n\t\t\t\t<div class=\"elementor-element elementor-element-3b649c75 elementor-invisible elementor-widget elementor-widget-text-editor\" data-id=\"3b649c75\" data-element_type=\"widget\" data-e-type=\"widget\" data-settings=\"{&quot;_animation&quot;:&quot;fadeInDown&quot;,&quot;_animation_delay&quot;:700}\" data-widget_type=\"text-editor.default\">\n\t\t\t\t<div class=\"elementor-widget-container\">\n\t\t\t\t\t\t\t\t\t<p><strong>Gli orari indicati potrebbero subire delle variazioni durante le festivit\u00e0<\/strong><\/p>\t\t\t\t\t\t\t\t<\/div>\n\t\t\t\t<\/div>\n\t\t\t\t<div class=\"elementor-element elementor-element-51f8cdb9 elementor-widget__width-auto elementor-absolute elementor-invisible elementor-widget elementor-widget-heading\" data-id=\"51f8cdb9\" data-element_type=\"widget\" data-e-type=\"widget\" data-settings=\"{&quot;motion_fx_motion_fx_scrolling&quot;:&quot;yes&quot;,&quot;motion_fx_rotateZ_effect&quot;:&quot;yes&quot;,&quot;motion_fx_rotateZ_speed&quot;:{&quot;unit&quot;:&quot;px&quot;,&quot;size&quot;:10,&quot;sizes&quot;:[]},&quot;motion_fx_rotateZ_affectedRange&quot;:{&quot;unit&quot;:&quot;%&quot;,&quot;size&quot;:&quot;&quot;,&quot;sizes&quot;:{&quot;start&quot;:95,&quot;end&quot;:95}},&quot;motion_fx_devices&quot;:[&quot;desktop&quot;,&quot;tablet&quot;],&quot;_position&quot;:&quot;absolute&quot;,&quot;_animation&quot;:&quot;slideInDown&quot;}\" data-widget_type=\"heading.default\">\n\t\t\t\t<div class=\"elementor-widget-container\">\n\t\t\t\t\t<h6 class=\"elementor-heading-title elementor-size-default\">06 - Contact<\/h6>\t\t\t\t<\/div>\n\t\t\t\t<\/div>\n\t\t\t\t\t<\/div>\n\t\t<\/div>\n\t\t\t\t<div class=\"elementor-column elementor-col-33 elementor-inner-column elementor-element elementor-element-78986285\" data-id=\"78986285\" data-element_type=\"column\" data-e-type=\"column\">\n\t\t\t<div class=\"elementor-widget-wrap elementor-element-populated\">\n\t\t\t\t\t\t<div class=\"elementor-element elementor-element-78a5b981 elementor-invisible elementor-widget elementor-widget-heading\" data-id=\"78a5b981\" data-element_type=\"widget\" data-e-type=\"widget\" data-settings=\"{&quot;_animation&quot;:&quot;fadeIn&quot;}\" data-widget_type=\"heading.default\">\n\t\t\t\t<div class=\"elementor-widget-container\">\n\t\t\t\t\t<h2 class=\"elementor-heading-title elementor-size-default\">Dove Siamo<\/h2>\t\t\t\t<\/div>\n\t\t\t\t<\/div>\n\t\t\t\t<div class=\"elementor-element elementor-element-25407343 elementor-invisible elementor-widget elementor-widget-text-editor\" data-id=\"25407343\" data-element_type=\"widget\" data-e-type=\"widget\" data-settings=\"{&quot;_animation&quot;:&quot;fadeInDown&quot;,&quot;_animation_delay&quot;:300}\" data-widget_type=\"text-editor.default\">\n\t\t\t\t<div class=\"elementor-widget-container\">\n\t\t\t\t\t\t\t\t\t<p>Via Giacomo Matteotti, 56<br \/>48022 Lugo (RA)<\/p>\t\t\t\t\t\t\t\t<\/div>\n\t\t\t\t<\/div>\n\t\t\t\t<div class=\"elementor-element elementor-element-27e5c375 elementor-invisible elementor-widget elementor-widget-text-editor\" data-id=\"27e5c375\" data-element_type=\"widget\" data-e-type=\"widget\" data-settings=\"{&quot;_animation&quot;:&quot;fadeInDown&quot;,&quot;_animation_delay&quot;:500}\" data-widget_type=\"text-editor.default\">\n\t\t\t\t<div class=\"elementor-widget-container\">\n\t\t\t\t\t\t\t\t\t<p><strong>Telefono<\/strong><\/p>\t\t\t\t\t\t\t\t<\/div>\n\t\t\t\t<\/div>\n\t\t\t\t<div class=\"elementor-element elementor-element-7ff907aa elementor-invisible elementor-widget elementor-widget-text-editor\" data-id=\"7ff907aa\" data-element_type=\"widget\" data-e-type=\"widget\" data-settings=\"{&quot;_animation&quot;:&quot;fadeInDown&quot;,&quot;_animation_delay&quot;:550}\" data-widget_type=\"text-editor.default\">\n\t\t\t\t<div class=\"elementor-widget-container\">\n\t\t\t\t\t\t\t\t\t<p><strong>+39 0545 22388<\/strong><\/p>\t\t\t\t\t\t\t\t<\/div>\n\t\t\t\t<\/div>\n\t\t\t\t<div class=\"elementor-element elementor-element-1ce0b363 elementor-invisible elementor-widget elementor-widget-text-editor\" data-id=\"1ce0b363\" data-element_type=\"widget\" data-e-type=\"widget\" data-settings=\"{&quot;_animation&quot;:&quot;fadeInDown&quot;,&quot;_animation_delay&quot;:700}\" data-widget_type=\"text-editor.default\">\n\t\t\t\t<div class=\"elementor-widget-container\">\n\t\t\t\t\t\t\t\t\t<p><strong>Email<\/strong><\/p>\t\t\t\t\t\t\t\t<\/div>\n\t\t\t\t<\/div>\n\t\t\t\t<div class=\"elementor-element elementor-element-614f64c2 elementor-invisible elementor-widget elementor-widget-text-editor\" data-id=\"614f64c2\" data-element_type=\"widget\" data-e-type=\"widget\" data-settings=\"{&quot;_animation&quot;:&quot;fadeInDown&quot;,&quot;_animation_delay&quot;:750}\" data-widget_type=\"text-editor.default\">\n\t\t\t\t<div class=\"elementor-widget-container\">\n\t\t\t\t\t\t\t\t\t<p><a href=\"mailto:#\"><strong>info@aladoro.it<\/strong><\/a><\/p>\t\t\t\t\t\t\t\t<\/div>\n\t\t\t\t<\/div>\n\t\t\t\t\t<\/div>\n\t\t<\/div>\n\t\t\t\t<div class=\"elementor-column elementor-col-33 elementor-inner-column elementor-element elementor-element-50163387\" data-id=\"50163387\" data-element_type=\"column\" data-e-type=\"column\">\n\t\t\t<div class=\"elementor-widget-wrap elementor-element-populated\">\n\t\t\t\t\t\t<div class=\"elementor-element elementor-element-7bbba575 elementor-widget__width-initial elementor-absolute elementor-widget-tablet__width-initial elementor-widget-mobile__width-initial elementor-hidden-phone elementor-invisible elementor-widget elementor-widget-image\" data-id=\"7bbba575\" data-element_type=\"widget\" data-e-type=\"widget\" data-settings=\"{&quot;_position&quot;:&quot;absolute&quot;,&quot;motion_fx_motion_fx_scrolling&quot;:&quot;yes&quot;,&quot;motion_fx_translateY_effect&quot;:&quot;yes&quot;,&quot;motion_fx_translateY_speed&quot;:{&quot;unit&quot;:&quot;px&quot;,&quot;size&quot;:2,&quot;sizes&quot;:[]},&quot;_animation&quot;:&quot;slideInUp&quot;,&quot;motion_fx_translateY_affectedRange&quot;:{&quot;unit&quot;:&quot;%&quot;,&quot;size&quot;:&quot;&quot;,&quot;sizes&quot;:{&quot;start&quot;:0,&quot;end&quot;:100}},&quot;motion_fx_devices&quot;:[&quot;desktop&quot;,&quot;tablet&quot;,&quot;mobile&quot;]}\" data-widget_type=\"image.default\">\n\t\t\t\t<div class=\"elementor-widget-container\">\n\t\t\t\t\t\t\t\t\t\t\t\t\t\t\t<img decoding=\"async\" width=\"83\" height=\"85\" src=\"https:\/\/www.ristorantealadoro.it\/wp-content\/uploads\/2024\/03\/shape-10.png\" class=\"attachment-full size-full wp-image-311\" alt=\"\" \/>\t\t\t\t\t\t\t\t\t\t\t\t\t\t\t<\/div>\n\t\t\t\t<\/div>\n\t\t\t\t\t<\/div>\n\t\t<\/div>\n\t\t\t\t\t<\/div>\n\t\t<\/section>\n\t\t\t\t\t<\/div>\n\t\t<\/div>\n\t\t\t\t\t<\/div>\n\t\t<\/section>\n\t\t\t\t<\/div>\n\t\t","protected":false},"excerpt":{"rendered":"<p>Benvenuti ne &#8220;La Tradizione&#8221;, il cuore pulsante della nostra Romagna qui al Ristorante Ala D&#8217;Oro di Lugo. Questa non \u00e8 semplicemente una carta, ma un omaggio dello chef Antonio Monaci alle ricette che hanno definito la nostra identit\u00e0 e la nostra tavola. \u00c8 un viaggio nella memoria, alla riscoperta dei sapori autentici e dei gesti [&hellip;]<\/p>\n","protected":false},"author":1,"featured_media":0,"parent":0,"menu_order":0,"comment_status":"closed","ping_status":"closed","template":"elementor_canvas","meta":{"footnotes":""},"class_list":["post-1669","page","type-page","status-publish","hentry"],"yoast_head":"<!-- This site is optimized with the Yoast SEO plugin v28.3 - https:\/\/yoast.com\/product\/yoast-seo-wordpress\/ -->\n<title>La Vera Cucina Romagnola a Lugo | Ristorante Ala D&#039;Oro<\/title>\n<meta name=\"description\" content=\"Cerchi i sapori autentici della Romagna? Scopri &#039;La Tradizione&#039; del Ristorante Ala D&#039;Oro a Lugo. Dalla pasta fresca fatta a mano come cappelletti e tagliatelle al rag\u00f9, ai salumi tipici. Prenota un viaggio nel gusto.\" \/>\n<meta name=\"robots\" content=\"index, follow, max-snippet:-1, max-image-preview:large, max-video-preview:-1\" \/>\n<link rel=\"canonical\" href=\"https:\/\/www.ristorantealadoro.it\/en\/la-tradizione-romagnola\/\" \/>\n<meta property=\"og:locale\" content=\"en_GB\" \/>\n<meta property=\"og:type\" content=\"article\" \/>\n<meta property=\"og:title\" content=\"La Vera Cucina Romagnola a Lugo | Ristorante Ala D&#039;Oro\" \/>\n<meta property=\"og:description\" content=\"Cerchi i sapori autentici della Romagna? Scopri &#039;La Tradizione&#039; del Ristorante Ala D&#039;Oro a Lugo. Dalla pasta fresca fatta a mano come cappelletti e tagliatelle al rag\u00f9, ai salumi tipici. Prenota un viaggio nel gusto.\" \/>\n<meta property=\"og:url\" content=\"https:\/\/www.ristorantealadoro.it\/en\/la-tradizione-romagnola\/\" \/>\n<meta property=\"og:site_name\" content=\"Ristorante Ala D&#039;oro\" \/>\n<meta property=\"article:publisher\" content=\"https:\/\/www.facebook.com\/aladorohotel\/?locale=it_IT\" \/>\n<meta property=\"article:modified_time\" content=\"2026-06-29T17:10:24+00:00\" \/>\n<meta property=\"og:image\" content=\"https:\/\/www.ristorantealadoro.it\/wp-content\/uploads\/2024\/03\/aladoro-ristorante-9347.jpg\" \/>\n\t<meta property=\"og:image:width\" content=\"1920\" \/>\n\t<meta property=\"og:image:height\" content=\"1282\" \/>\n\t<meta property=\"og:image:type\" content=\"image\/jpeg\" \/>\n<meta name=\"twitter:card\" content=\"summary_large_image\" \/>\n<meta name=\"twitter:label1\" content=\"Estimated reading time\" \/>\n\t<meta name=\"twitter:data1\" content=\"4 minutes\" \/>\n<script type=\"application\/ld+json\" class=\"yoast-schema-graph\">{\"@context\":\"https:\\\/\\\/schema.org\",\"@graph\":[{\"@type\":\"WebPage\",\"@id\":\"https:\\\/\\\/www.ristorantealadoro.it\\\/la-tradizione-romagnola\\\/\",\"url\":\"https:\\\/\\\/www.ristorantealadoro.it\\\/la-tradizione-romagnola\\\/\",\"name\":\"La Vera Cucina Romagnola a Lugo | Ristorante Ala D'Oro\",\"isPartOf\":{\"@id\":\"https:\\\/\\\/www.ristorantealadoro.it\\\/#website\"},\"primaryImageOfPage\":{\"@id\":\"https:\\\/\\\/www.ristorantealadoro.it\\\/la-tradizione-romagnola\\\/#primaryimage\"},\"image\":{\"@id\":\"https:\\\/\\\/www.ristorantealadoro.it\\\/la-tradizione-romagnola\\\/#primaryimage\"},\"thumbnailUrl\":\"https:\\\/\\\/www.ristorantealadoro.it\\\/wp-content\\\/uploads\\\/2024\\\/03\\\/aladoro-ristorante-9347.jpg\",\"datePublished\":\"2025-10-30T20:43:40+00:00\",\"dateModified\":\"2026-06-29T17:10:24+00:00\",\"description\":\"Cerchi i sapori autentici della Romagna? Scopri 'La Tradizione' del Ristorante Ala D'Oro a Lugo. Dalla pasta fresca fatta a mano come cappelletti e tagliatelle al rag\u00f9, ai salumi tipici. Prenota un viaggio nel gusto.\",\"breadcrumb\":{\"@id\":\"https:\\\/\\\/www.ristorantealadoro.it\\\/la-tradizione-romagnola\\\/#breadcrumb\"},\"inLanguage\":\"en-GB\",\"potentialAction\":[{\"@type\":\"ReadAction\",\"target\":[\"https:\\\/\\\/www.ristorantealadoro.it\\\/la-tradizione-romagnola\\\/\"]}]},{\"@type\":\"ImageObject\",\"inLanguage\":\"en-GB\",\"@id\":\"https:\\\/\\\/www.ristorantealadoro.it\\\/la-tradizione-romagnola\\\/#primaryimage\",\"url\":\"https:\\\/\\\/www.ristorantealadoro.it\\\/wp-content\\\/uploads\\\/2024\\\/03\\\/aladoro-ristorante-9347.jpg\",\"contentUrl\":\"https:\\\/\\\/www.ristorantealadoro.it\\\/wp-content\\\/uploads\\\/2024\\\/03\\\/aladoro-ristorante-9347.jpg\"},{\"@type\":\"BreadcrumbList\",\"@id\":\"https:\\\/\\\/www.ristorantealadoro.it\\\/la-tradizione-romagnola\\\/#breadcrumb\",\"itemListElement\":[{\"@type\":\"ListItem\",\"position\":1,\"name\":\"Home\",\"item\":\"https:\\\/\\\/www.ristorantealadoro.it\\\/\"},{\"@type\":\"ListItem\",\"position\":2,\"name\":\"La Tradizione\"}]},{\"@type\":\"WebSite\",\"@id\":\"https:\\\/\\\/www.ristorantealadoro.it\\\/#website\",\"url\":\"https:\\\/\\\/www.ristorantealadoro.it\\\/\",\"name\":\"Ristorante Ala d'Oro la tradizione dal 1952\",\"description\":\"Scopri l&#039;atmosfera elegante del ristorante Ala d&#039;Oro a Lugo, vivi un&#039;esperienza gastronomica raffinata. Prenota ora la tua cena indimenticabile!\",\"publisher\":{\"@id\":\"https:\\\/\\\/www.ristorantealadoro.it\\\/#organization\"},\"alternateName\":\"Ristorante Ala d'Oro\",\"potentialAction\":[{\"@type\":\"SearchAction\",\"target\":{\"@type\":\"EntryPoint\",\"urlTemplate\":\"https:\\\/\\\/www.ristorantealadoro.it\\\/?s={search_term_string}\"},\"query-input\":{\"@type\":\"PropertyValueSpecification\",\"valueRequired\":true,\"valueName\":\"search_term_string\"}}],\"inLanguage\":\"en-GB\"},{\"@type\":\"Organization\",\"@id\":\"https:\\\/\\\/www.ristorantealadoro.it\\\/#organization\",\"name\":\"Ristorante Ala D'oro\",\"url\":\"https:\\\/\\\/www.ristorantealadoro.it\\\/\",\"logo\":{\"@type\":\"ImageObject\",\"inLanguage\":\"en-GB\",\"@id\":\"https:\\\/\\\/www.ristorantealadoro.it\\\/#\\\/schema\\\/logo\\\/image\\\/\",\"url\":\"https:\\\/\\\/www.ristorantealadoro.it\\\/wp-content\\\/uploads\\\/2024\\\/03\\\/Nuovo-progetto.png\",\"contentUrl\":\"https:\\\/\\\/www.ristorantealadoro.it\\\/wp-content\\\/uploads\\\/2024\\\/03\\\/Nuovo-progetto.png\",\"width\":174,\"height\":100,\"caption\":\"Ristorante Ala D'oro\"},\"image\":{\"@id\":\"https:\\\/\\\/www.ristorantealadoro.it\\\/#\\\/schema\\\/logo\\\/image\\\/\"},\"sameAs\":[\"https:\\\/\\\/www.facebook.com\\\/aladorohotel\\\/?locale=it_IT\",\"https:\\\/\\\/www.instagram.com\\\/explore\\\/locations\\\/35572987\\\/ala-doro-hotel-ristorante-lugo\\\/\"]}]}<\/script>\n<!-- \/ Yoast SEO plugin. -->","yoast_head_json":{"title":"La Vera Cucina Romagnola a Lugo | Ristorante Ala D'Oro","description":"Cerchi i sapori autentici della Romagna? Scopri 'La Tradizione' del Ristorante Ala D'Oro a Lugo. Dalla pasta fresca fatta a mano come cappelletti e tagliatelle al rag\u00f9, ai salumi tipici. Prenota un viaggio nel gusto.","robots":{"index":"index","follow":"follow","max-snippet":"max-snippet:-1","max-image-preview":"max-image-preview:large","max-video-preview":"max-video-preview:-1"},"canonical":"https:\/\/www.ristorantealadoro.it\/en\/la-tradizione-romagnola\/","og_locale":"en_GB","og_type":"article","og_title":"La Vera Cucina Romagnola a Lugo | Ristorante Ala D'Oro","og_description":"Cerchi i sapori autentici della Romagna? Scopri 'La Tradizione' del Ristorante Ala D'Oro a Lugo. Dalla pasta fresca fatta a mano come cappelletti e tagliatelle al rag\u00f9, ai salumi tipici. Prenota un viaggio nel gusto.","og_url":"https:\/\/www.ristorantealadoro.it\/en\/la-tradizione-romagnola\/","og_site_name":"Ristorante Ala D&#039;oro","article_publisher":"https:\/\/www.facebook.com\/aladorohotel\/?locale=it_IT","article_modified_time":"2026-06-29T17:10:24+00:00","og_image":[{"width":1920,"height":1282,"url":"https:\/\/www.ristorantealadoro.it\/wp-content\/uploads\/2024\/03\/aladoro-ristorante-9347.jpg","type":"image\/jpeg"}],"twitter_card":"summary_large_image","twitter_misc":{"Estimated reading time":"4 minutes"},"schema":{"@context":"https:\/\/schema.org","@graph":[{"@type":"WebPage","@id":"https:\/\/www.ristorantealadoro.it\/la-tradizione-romagnola\/","url":"https:\/\/www.ristorantealadoro.it\/la-tradizione-romagnola\/","name":"La Vera Cucina Romagnola a Lugo | Ristorante Ala D'Oro","isPartOf":{"@id":"https:\/\/www.ristorantealadoro.it\/#website"},"primaryImageOfPage":{"@id":"https:\/\/www.ristorantealadoro.it\/la-tradizione-romagnola\/#primaryimage"},"image":{"@id":"https:\/\/www.ristorantealadoro.it\/la-tradizione-romagnola\/#primaryimage"},"thumbnailUrl":"https:\/\/www.ristorantealadoro.it\/wp-content\/uploads\/2024\/03\/aladoro-ristorante-9347.jpg","datePublished":"2025-10-30T20:43:40+00:00","dateModified":"2026-06-29T17:10:24+00:00","description":"Cerchi i sapori autentici della Romagna? Scopri 'La Tradizione' del Ristorante Ala D'Oro a Lugo. Dalla pasta fresca fatta a mano come cappelletti e tagliatelle al rag\u00f9, ai salumi tipici. Prenota un viaggio nel gusto.","breadcrumb":{"@id":"https:\/\/www.ristorantealadoro.it\/la-tradizione-romagnola\/#breadcrumb"},"inLanguage":"en-GB","potentialAction":[{"@type":"ReadAction","target":["https:\/\/www.ristorantealadoro.it\/la-tradizione-romagnola\/"]}]},{"@type":"ImageObject","inLanguage":"en-GB","@id":"https:\/\/www.ristorantealadoro.it\/la-tradizione-romagnola\/#primaryimage","url":"https:\/\/www.ristorantealadoro.it\/wp-content\/uploads\/2024\/03\/aladoro-ristorante-9347.jpg","contentUrl":"https:\/\/www.ristorantealadoro.it\/wp-content\/uploads\/2024\/03\/aladoro-ristorante-9347.jpg"},{"@type":"BreadcrumbList","@id":"https:\/\/www.ristorantealadoro.it\/la-tradizione-romagnola\/#breadcrumb","itemListElement":[{"@type":"ListItem","position":1,"name":"Home","item":"https:\/\/www.ristorantealadoro.it\/"},{"@type":"ListItem","position":2,"name":"La Tradizione"}]},{"@type":"WebSite","@id":"https:\/\/www.ristorantealadoro.it\/#website","url":"https:\/\/www.ristorantealadoro.it\/","name":"Ala d&#039;Oro Restaurant: tradition since 1952","description":"Discover the elegant atmosphere of the Ala d&#039;Oro restaurant in Lugo and enjoy a refined gastronomic experience. Book your unforgettable dinner now!","publisher":{"@id":"https:\/\/www.ristorantealadoro.it\/#organization"},"alternateName":"Ristorante Ala d'Oro","potentialAction":[{"@type":"SearchAction","target":{"@type":"EntryPoint","urlTemplate":"https:\/\/www.ristorantealadoro.it\/?s={search_term_string}"},"query-input":{"@type":"PropertyValueSpecification","valueRequired":true,"valueName":"search_term_string"}}],"inLanguage":"en-GB"},{"@type":"Organization","@id":"https:\/\/www.ristorantealadoro.it\/#organization","name":"Ala D&#039;oro Restaurant","url":"https:\/\/www.ristorantealadoro.it\/","logo":{"@type":"ImageObject","inLanguage":"en-GB","@id":"https:\/\/www.ristorantealadoro.it\/#\/schema\/logo\/image\/","url":"https:\/\/www.ristorantealadoro.it\/wp-content\/uploads\/2024\/03\/Nuovo-progetto.png","contentUrl":"https:\/\/www.ristorantealadoro.it\/wp-content\/uploads\/2024\/03\/Nuovo-progetto.png","width":174,"height":100,"caption":"Ristorante Ala D'oro"},"image":{"@id":"https:\/\/www.ristorantealadoro.it\/#\/schema\/logo\/image\/"},"sameAs":["https:\/\/www.facebook.com\/aladorohotel\/?locale=it_IT","https:\/\/www.instagram.com\/explore\/locations\/35572987\/ala-doro-hotel-ristorante-lugo\/"]}]}},"_links":{"self":[{"href":"https:\/\/www.ristorantealadoro.it\/en\/wp-json\/wp\/v2\/pages\/1669","targetHints":{"allow":["GET"]}}],"collection":[{"href":"https:\/\/www.ristorantealadoro.it\/en\/wp-json\/wp\/v2\/pages"}],"about":[{"href":"https:\/\/www.ristorantealadoro.it\/en\/wp-json\/wp\/v2\/types\/page"}],"author":[{"embeddable":true,"href":"https:\/\/www.ristorantealadoro.it\/en\/wp-json\/wp\/v2\/users\/1"}],"replies":[{"embeddable":true,"href":"https:\/\/www.ristorantealadoro.it\/en\/wp-json\/wp\/v2\/comments?post=1669"}],"version-history":[{"count":22,"href":"https:\/\/www.ristorantealadoro.it\/en\/wp-json\/wp\/v2\/pages\/1669\/revisions"}],"predecessor-version":[{"id":2417,"href":"https:\/\/www.ristorantealadoro.it\/en\/wp-json\/wp\/v2\/pages\/1669\/revisions\/2417"}],"wp:attachment":[{"href":"https:\/\/www.ristorantealadoro.it\/en\/wp-json\/wp\/v2\/media?parent=1669"}],"curies":[{"name":"wp","href":"https:\/\/api.w.org\/{rel}","templated":true}]}}