{"id":1264,"date":"2025-04-19T15:14:32","date_gmt":"2025-04-19T15:14:32","guid":{"rendered":"https:\/\/www.ristorantealadoro.it\/?page_id=1264"},"modified":"2025-11-30T19:23:13","modified_gmt":"2025-11-30T19:23:13","slug":"pranzo-lugo","status":"publish","type":"page","link":"https:\/\/www.ristorantealadoro.it\/en\/pranzo-lugo\/","title":{"rendered":"Lunch in Lugo: \u20ac12 Menu of the Day with Free Parking and Cover Charge | Ala D&#039;Oro Restaurant"},"content":{"rendered":"\t\t<div data-elementor-type=\"wp-page\" data-elementor-id=\"1264\" class=\"elementor elementor-1264\" data-elementor-post-type=\"page\">\n\t\t\t\t\t\t<section class=\"elementor-section elementor-top-section elementor-element elementor-element-403f603 elementor-section-full_width elementor-section-content-middle elementor-section-height-default elementor-section-height-default\" data-id=\"403f603\" data-element_type=\"section\" data-e-type=\"section\">\n\t\t\t\t\t\t<div class=\"elementor-container elementor-column-gap-no\">\n\t\t\t\t\t<div class=\"elementor-column elementor-col-50 elementor-top-column elementor-element elementor-element-52e94ea6\" data-id=\"52e94ea6\" data-element_type=\"column\" data-e-type=\"column\" data-settings=\"{&quot;background_background&quot;:&quot;classic&quot;,&quot;background_motion_fx_motion_fx_scrolling&quot;:&quot;yes&quot;,&quot;background_motion_fx_translateX_effect&quot;:&quot;yes&quot;,&quot;background_motion_fx_translateX_speed&quot;:{&quot;unit&quot;:&quot;px&quot;,&quot;size&quot;:1,&quot;sizes&quot;:[]},&quot;background_motion_fx_translateX_affectedRange&quot;:{&quot;unit&quot;:&quot;%&quot;,&quot;size&quot;:&quot;&quot;,&quot;sizes&quot;:{&quot;start&quot;:0,&quot;end&quot;:100}},&quot;background_motion_fx_devices&quot;:[&quot;desktop&quot;,&quot;tablet&quot;,&quot;mobile&quot;]}\">\n\t\t\t<div class=\"elementor-widget-wrap elementor-element-populated\">\n\t\t\t\t\t\t<div class=\"elementor-element elementor-element-7684daf4 elementor-widget elementor-widget-image\" data-id=\"7684daf4\" data-element_type=\"widget\" data-e-type=\"widget\" data-widget_type=\"image.default\">\n\t\t\t\t<div class=\"elementor-widget-container\">\n\t\t\t\t\t\t\t\t\t\t\t\t\t\t\t<img fetchpriority=\"high\" decoding=\"async\" width=\"2560\" height=\"1709\" src=\"https:\/\/www.ristorantealadoro.it\/wp-content\/uploads\/2024\/04\/aladoro-0295-scaled.jpg\" class=\"attachment-full size-full wp-image-783\" alt=\"Sala ristorante per pranzo lavoro Lugo\" srcset=\"https:\/\/www.ristorantealadoro.it\/wp-content\/uploads\/2024\/04\/aladoro-0295-scaled.jpg 2560w, https:\/\/www.ristorantealadoro.it\/wp-content\/uploads\/2024\/04\/aladoro-0295-300x200.jpg 300w, https:\/\/www.ristorantealadoro.it\/wp-content\/uploads\/2024\/04\/aladoro-0295-1024x684.jpg 1024w, https:\/\/www.ristorantealadoro.it\/wp-content\/uploads\/2024\/04\/aladoro-0295-768x513.jpg 768w, https:\/\/www.ristorantealadoro.it\/wp-content\/uploads\/2024\/04\/aladoro-0295-1536x1025.jpg 1536w, https:\/\/www.ristorantealadoro.it\/wp-content\/uploads\/2024\/04\/aladoro-0295-2048x1367.jpg 2048w\" sizes=\"(max-width: 2560px) 100vw, 2560px\" \/>\t\t\t\t\t\t\t\t\t\t\t\t\t\t\t<\/div>\n\t\t\t\t<\/div>\n\t\t\t\t<div class=\"elementor-element elementor-element-3f6f54be elementor-widget__width-auto elementor-absolute elementor-hidden-tablet elementor-hidden-phone elementor-invisible elementor-widget elementor-widget-heading\" data-id=\"3f6f54be\" data-element_type=\"widget\" data-e-type=\"widget\" data-settings=\"{&quot;motion_fx_motion_fx_scrolling&quot;:&quot;yes&quot;,&quot;motion_fx_rotateZ_effect&quot;:&quot;yes&quot;,&quot;motion_fx_rotateZ_speed&quot;:{&quot;unit&quot;:&quot;px&quot;,&quot;size&quot;:10,&quot;sizes&quot;:[]},&quot;motion_fx_rotateZ_affectedRange&quot;:{&quot;unit&quot;:&quot;%&quot;,&quot;size&quot;:&quot;&quot;,&quot;sizes&quot;:{&quot;start&quot;:95,&quot;end&quot;:95}},&quot;motion_fx_devices&quot;:[&quot;desktop&quot;,&quot;tablet&quot;],&quot;_position&quot;:&quot;absolute&quot;,&quot;_animation&quot;:&quot;slideInDown&quot;}\" data-widget_type=\"heading.default\">\n\t\t\t\t<div class=\"elementor-widget-container\">\n\t\t\t\t\t<h6 class=\"elementor-heading-title elementor-size-default\">Pranzo a Lugo<\/h6>\t\t\t\t<\/div>\n\t\t\t\t<\/div>\n\t\t\t\t<div class=\"elementor-element elementor-element-323aeaa4 elementor-widget__width-initial elementor-absolute elementor-widget-tablet__width-initial elementor-widget-mobile__width-initial elementor-invisible elementor-widget elementor-widget-image\" data-id=\"323aeaa4\" data-element_type=\"widget\" data-e-type=\"widget\" data-settings=\"{&quot;_position&quot;:&quot;absolute&quot;,&quot;motion_fx_motion_fx_scrolling&quot;:&quot;yes&quot;,&quot;motion_fx_translateY_effect&quot;:&quot;yes&quot;,&quot;motion_fx_translateY_speed&quot;:{&quot;unit&quot;:&quot;px&quot;,&quot;size&quot;:2,&quot;sizes&quot;:[]},&quot;motion_fx_translateY_affectedRange&quot;:{&quot;unit&quot;:&quot;%&quot;,&quot;size&quot;:&quot;&quot;,&quot;sizes&quot;:{&quot;start&quot;:48,&quot;end&quot;:100}},&quot;_animation&quot;:&quot;slideInUp&quot;,&quot;motion_fx_devices&quot;:[&quot;desktop&quot;,&quot;tablet&quot;,&quot;mobile&quot;]}\" data-widget_type=\"image.default\">\n\t\t\t\t<div class=\"elementor-widget-container\">\n\t\t\t\t\t\t\t\t\t\t\t\t\t\t\t<img decoding=\"async\" width=\"92\" height=\"84\" src=\"https:\/\/www.ristorantealadoro.it\/wp-content\/uploads\/2024\/03\/shape-4.png\" class=\"attachment-full size-full wp-image-305\" alt=\"\" \/>\t\t\t\t\t\t\t\t\t\t\t\t\t\t\t<\/div>\n\t\t\t\t<\/div>\n\t\t\t\t\t<\/div>\n\t\t<\/div>\n\t\t\t\t<div class=\"elementor-column elementor-col-50 elementor-top-column elementor-element elementor-element-7dd766b3\" data-id=\"7dd766b3\" data-element_type=\"column\" data-e-type=\"column\">\n\t\t\t<div class=\"elementor-widget-wrap elementor-element-populated\">\n\t\t\t\t\t\t<div class=\"elementor-element elementor-element-6348f862 elementor-invisible elementor-widget elementor-widget-heading\" data-id=\"6348f862\" data-element_type=\"widget\" data-e-type=\"widget\" data-settings=\"{&quot;_animation&quot;:&quot;fadeIn&quot;}\" data-widget_type=\"heading.default\">\n\t\t\t\t<div class=\"elementor-widget-container\">\n\t\t\t\t\t<h2 class=\"elementor-heading-title elementor-size-default\">Pranzo a Lugo: Men\u00f9 del Giorno da \u20ac12 con Parcheggio e Coperto Gratis | Ristorante Ala D'Oro<\/h2>\t\t\t\t<\/div>\n\t\t\t\t<\/div>\n\t\t\t\t<div class=\"elementor-element elementor-element-48bf4e56 elementor-invisible elementor-widget elementor-widget-text-editor\" data-id=\"48bf4e56\" data-element_type=\"widget\" data-e-type=\"widget\" data-settings=\"{&quot;_animation&quot;:&quot;fadeInDown&quot;,&quot;_animation_delay&quot;:300}\" data-widget_type=\"text-editor.default\">\n\t\t\t\t<div class=\"elementor-widget-container\">\n\t\t\t\t\t\t\t\t\t<p><span class=\"ng-star-inserted\">Cerchi il posto giusto per la tua\u00a0<\/span><strong class=\"ng-star-inserted\"><span class=\"ng-star-inserted\">pausa pranzo a Lugo<\/span><\/strong><span class=\"ng-star-inserted\">? Al Ristorante Ala D&#8217;Oro, nel <\/span><strong class=\"ng-star-inserted\"><span class=\"ng-star-inserted\">centro di Lugo<\/span><\/strong><span class=\"ng-star-inserted\">, ti aspettiamo con la nostra autentica\u00a0<\/span><strong class=\"ng-star-inserted\"><span class=\"ng-star-inserted\">cucina romagnola<\/span><\/strong><span class=\"ng-star-inserted\">, un\u00a0<\/span><strong class=\"ng-star-inserted\"><span class=\"ng-star-inserted\">Menu del Giorno<\/span><\/strong><span class=\"ng-star-inserted\"> imbattibile a partire da soli <\/span><strong class=\"ng-star-inserted\"><span class=\"ng-star-inserted\">12\u20ac a portata<\/span><\/strong><span class=\"ng-star-inserted\">\u00a0(<\/span><strong class=\"ng-star-inserted\"><span class=\"ng-star-inserted\">acqua e coperto inclusi!<\/span><\/strong><span class=\"ng-star-inserted\">) e la grande comodit\u00e0 del\u00a0<\/span><strong class=\"ng-star-inserted\"><span class=\"ng-star-inserted\">parcheggio facile<\/span><\/strong><span class=\"ng-star-inserted\">\u00a0proprio all&#8217;ora di pranzo. Siamo la scelta perfetta per un\u00a0<\/span><strong class=\"ng-star-inserted\"><span class=\"ng-star-inserted\">pranzo di lavoro<\/span><\/strong><span class=\"ng-star-inserted\">\u00a0veloce ed efficiente o per una pausa di puro gusto e relax.<\/span><\/p>\t\t\t\t\t\t\t\t<\/div>\n\t\t\t\t<\/div>\n\t\t\t\t<div class=\"elementor-element elementor-element-95f3de9 elementor-tablet-align-center elementor-invisible elementor-widget elementor-widget-button\" data-id=\"95f3de9\" data-element_type=\"widget\" data-e-type=\"widget\" data-settings=\"{&quot;_animation&quot;:&quot;fadeInDown&quot;,&quot;_animation_delay&quot;:600}\" data-widget_type=\"button.default\">\n\t\t\t\t<div class=\"elementor-widget-container\">\n\t\t\t\t\t\t\t\t\t<div class=\"elementor-button-wrapper\">\n\t\t\t\t\t<a class=\"elementor-button elementor-button-link elementor-size-sm elementor-animation-wobble-horizontal\" href=\"https:\/\/www.ristorantealadoro.it\/prenota-il-tuo-tavolo\/\">\n\t\t\t\t\t\t<span class=\"elementor-button-content-wrapper\">\n\t\t\t\t\t\t<span class=\"elementor-button-icon\">\n\t\t\t\t<svg xmlns=\"http:\/\/www.w3.org\/2000\/svg\" width=\"16\" height=\"16\" viewBox=\"0 0 16 16\" fill=\"none\"><path d=\"M15.7071 8.70711C16.0976 8.31658 16.0976 7.68342 15.7071 7.29289L9.34315 0.928932C8.95262 0.538408 8.31946 0.538408 7.92893 0.928932C7.53841 1.31946 7.53841 1.95262 7.92893 2.34315L13.5858 8L7.92893 13.6569C7.53841 14.0474 7.53841 14.6805 7.92893 15.0711C8.31946 15.4616 8.95262 15.4616 9.34315 15.0711L15.7071 8.70711ZM0 9H15V7H0V9Z\" fill=\"#BB923A\"><\/path><\/svg>\t\t\t<\/span>\n\t\t\t\t\t\t\t\t\t<span class=\"elementor-button-text\">Prenota il Tuo Tavolo<\/span>\n\t\t\t\t\t<\/span>\n\t\t\t\t\t<\/a>\n\t\t\t\t<\/div>\n\t\t\t\t\t\t\t\t<\/div>\n\t\t\t\t<\/div>\n\t\t\t\t\t<\/div>\n\t\t<\/div>\n\t\t\t\t\t<\/div>\n\t\t<\/section>\n\t\t\t\t<section class=\"elementor-section elementor-top-section elementor-element elementor-element-79d8c47b elementor-section-stretched elementor-section-full_width elementor-section-height-default elementor-section-height-default\" data-id=\"79d8c47b\" data-element_type=\"section\" data-e-type=\"section\" data-settings=\"{&quot;stretch_section&quot;:&quot;section-stretched&quot;}\">\n\t\t\t\t\t\t<div class=\"elementor-container elementor-column-gap-no\">\n\t\t\t\t\t<div class=\"elementor-column elementor-col-50 elementor-top-column elementor-element elementor-element-3863845d\" data-id=\"3863845d\" data-element_type=\"column\" data-e-type=\"column\">\n\t\t\t<div class=\"elementor-widget-wrap elementor-element-populated\">\n\t\t\t\t\t\t<div class=\"elementor-element elementor-element-3be56c43 elementor-widget elementor-widget-heading\" data-id=\"3be56c43\" data-element_type=\"widget\" data-e-type=\"widget\" data-widget_type=\"heading.default\">\n\t\t\t\t<div class=\"elementor-widget-container\">\n\t\t\t\t\t<h2 class=\"elementor-heading-title elementor-size-default\">Il Nostro Men\u00f9 del Giorno da 12\u20ac: Gusto Romagnolo, Zero Pensieri<\/h2>\t\t\t\t<\/div>\n\t\t\t\t<\/div>\n\t\t\t\t<div class=\"elementor-element elementor-element-410f6e84 elementor-widget elementor-widget-text-editor\" data-id=\"410f6e84\" data-element_type=\"widget\" data-e-type=\"widget\" data-widget_type=\"text-editor.default\">\n\t\t\t\t<div class=\"elementor-widget-container\">\n\t\t\t\t\t\t\t\t\t<p class=\"ng-star-inserted\"><span class=\"ng-star-inserted\">Ogni settimana, il nostro chef seleziona per te il meglio della tradizione per creare un\u00a0<\/span><strong class=\"ng-star-inserted\"><span class=\"ng-star-inserted\">Menu del Giorno<\/span><\/strong><span class=\"ng-star-inserted\"> vario e stuzzicante. Potrai scegliere tra 2 antipasti, 4 primi e 4 secondi che raccontano i sapori genuini della nostra Romagna.<\/span><\/p><p class=\"ng-star-inserted\"><strong class=\"ng-star-inserted\"><span class=\"ng-star-inserted\">Scegli la tua portata preferita a soli 12\u20ac.<\/span><\/strong><span class=\"ng-star-inserted\">\u00a0E la bella notizia?\u00a0<\/span><strong class=\"ng-star-inserted\"><span class=\"ng-star-inserted\">Acqua e coperto sono inclusi nel prezzo!<\/span><\/strong><span class=\"ng-star-inserted\">\u00a0Nessuna sorpresa, solo il piacere di un ottimo\u00a0<\/span><strong class=\"ng-star-inserted\"><span class=\"ng-star-inserted\">pranzo a Lugo<\/span><\/strong><span class=\"ng-star-inserted\">, preparato con ingredienti freschi e di stagione. Garantiamo un servizio rapido, ideale per chi ha i minuti contati. Troverai sempre anche proposte vegetariane.<\/span><\/p>\t\t\t\t\t\t\t\t<\/div>\n\t\t\t\t<\/div>\n\t\t\t\t<div class=\"elementor-element elementor-element-410c4b26 elementor-widget elementor-widget-button\" data-id=\"410c4b26\" data-element_type=\"widget\" data-e-type=\"widget\" data-widget_type=\"button.default\">\n\t\t\t\t<div class=\"elementor-widget-container\">\n\t\t\t\t\t\t\t\t\t<div class=\"elementor-button-wrapper\">\n\t\t\t\t\t<a class=\"elementor-button elementor-button-link elementor-size-sm elementor-animation-wobble-horizontal\" href=\"https:\/\/www.ristorantealadoro.it\/menu-del-giorno\/\">\n\t\t\t\t\t\t<span class=\"elementor-button-content-wrapper\">\n\t\t\t\t\t\t<span class=\"elementor-button-icon\">\n\t\t\t\t<svg xmlns=\"http:\/\/www.w3.org\/2000\/svg\" width=\"16\" height=\"16\" viewBox=\"0 0 16 16\" fill=\"none\"><path d=\"M15.7071 8.70711C16.0976 8.31658 16.0976 7.68342 15.7071 7.29289L9.34315 0.928932C8.95262 0.538408 8.31946 0.538408 7.92893 0.928932C7.53841 1.31946 7.53841 1.95262 7.92893 2.34315L13.5858 8L7.92893 13.6569C7.53841 14.0474 7.53841 14.6805 7.92893 15.0711C8.31946 15.4616 8.95262 15.4616 9.34315 15.0711L15.7071 8.70711ZM0 9H15V7H0V9Z\" fill=\"#BB923A\"><\/path><\/svg>\t\t\t<\/span>\n\t\t\t\t\t\t\t\t\t<span class=\"elementor-button-text\">Scopri cosa abbiamo preparato per te questa settimana<\/span>\n\t\t\t\t\t<\/span>\n\t\t\t\t\t<\/a>\n\t\t\t\t<\/div>\n\t\t\t\t\t\t\t\t<\/div>\n\t\t\t\t<\/div>\n\t\t\t\t<div class=\"elementor-element elementor-element-ad39742 elementor-widget elementor-widget-button\" data-id=\"ad39742\" data-element_type=\"widget\" data-e-type=\"widget\" data-widget_type=\"button.default\">\n\t\t\t\t<div class=\"elementor-widget-container\">\n\t\t\t\t\t\t\t\t\t<div class=\"elementor-button-wrapper\">\n\t\t\t\t\t<a class=\"elementor-button elementor-button-link elementor-size-sm elementor-animation-wobble-horizontal\" href=\"https:\/\/www.ristorantealadoro.it\/prenota-il-tuo-tavolo\/\">\n\t\t\t\t\t\t<span class=\"elementor-button-content-wrapper\">\n\t\t\t\t\t\t<span class=\"elementor-button-icon\">\n\t\t\t\t<svg xmlns=\"http:\/\/www.w3.org\/2000\/svg\" width=\"16\" height=\"16\" viewBox=\"0 0 16 16\" fill=\"none\"><path d=\"M15.7071 8.70711C16.0976 8.31658 16.0976 7.68342 15.7071 7.29289L9.34315 0.928932C8.95262 0.538408 8.31946 0.538408 7.92893 0.928932C7.53841 1.31946 7.53841 1.95262 7.92893 2.34315L13.5858 8L7.92893 13.6569C7.53841 14.0474 7.53841 14.6805 7.92893 15.0711C8.31946 15.4616 8.95262 15.4616 9.34315 15.0711L15.7071 8.70711ZM0 9H15V7H0V9Z\" fill=\"#BB923A\"><\/path><\/svg>\t\t\t<\/span>\n\t\t\t\t\t\t\t\t\t<span class=\"elementor-button-text\">Prenota Ora il Tuo Pranzo<\/span>\n\t\t\t\t\t<\/span>\n\t\t\t\t\t<\/a>\n\t\t\t\t<\/div>\n\t\t\t\t\t\t\t\t<\/div>\n\t\t\t\t<\/div>\n\t\t\t\t\t<\/div>\n\t\t<\/div>\n\t\t\t\t<div class=\"elementor-column elementor-col-50 elementor-top-column elementor-element elementor-element-250d1eb1\" data-id=\"250d1eb1\" data-element_type=\"column\" data-e-type=\"column\">\n\t\t\t<div class=\"elementor-widget-wrap elementor-element-populated\">\n\t\t\t\t\t\t<div class=\"elementor-element elementor-element-219f290f elementor-widget-tablet__width-initial elementor-widget__width-initial elementor-widget elementor-widget-image\" data-id=\"219f290f\" data-element_type=\"widget\" data-e-type=\"widget\" data-widget_type=\"image.default\">\n\t\t\t\t<div class=\"elementor-widget-container\">\n\t\t\t\t\t\t\t\t\t\t\t\t\t\t\t<img decoding=\"async\" width=\"800\" height=\"561\" src=\"https:\/\/www.ristorantealadoro.it\/wp-content\/uploads\/2024\/03\/about-us-5-1.jpg\" class=\"attachment-large size-large wp-image-349\" alt=\"\" srcset=\"https:\/\/www.ristorantealadoro.it\/wp-content\/uploads\/2024\/03\/about-us-5-1.jpg 989w, https:\/\/www.ristorantealadoro.it\/wp-content\/uploads\/2024\/03\/about-us-5-1-300x210.jpg 300w, https:\/\/www.ristorantealadoro.it\/wp-content\/uploads\/2024\/03\/about-us-5-1-768x538.jpg 768w\" sizes=\"(max-width: 800px) 100vw, 800px\" \/>\t\t\t\t\t\t\t\t\t\t\t\t\t\t\t<\/div>\n\t\t\t\t<\/div>\n\t\t\t\t\t<\/div>\n\t\t<\/div>\n\t\t\t\t\t<\/div>\n\t\t<\/section>\n\t\t\t\t<section class=\"elementor-section elementor-top-section elementor-element elementor-element-51fbe88 elementor-section-full_width elementor-section-content-middle elementor-section-height-default elementor-section-height-default\" data-id=\"51fbe88\" data-element_type=\"section\" data-e-type=\"section\">\n\t\t\t\t\t\t<div class=\"elementor-container elementor-column-gap-no\">\n\t\t\t\t\t<div class=\"elementor-column elementor-col-50 elementor-top-column elementor-element elementor-element-ede6473\" data-id=\"ede6473\" data-element_type=\"column\" data-e-type=\"column\" data-settings=\"{&quot;background_background&quot;:&quot;classic&quot;,&quot;background_motion_fx_motion_fx_scrolling&quot;:&quot;yes&quot;,&quot;background_motion_fx_translateX_effect&quot;:&quot;yes&quot;,&quot;background_motion_fx_translateX_speed&quot;:{&quot;unit&quot;:&quot;px&quot;,&quot;size&quot;:1,&quot;sizes&quot;:[]},&quot;background_motion_fx_translateX_affectedRange&quot;:{&quot;unit&quot;:&quot;%&quot;,&quot;size&quot;:&quot;&quot;,&quot;sizes&quot;:{&quot;start&quot;:0,&quot;end&quot;:100}},&quot;background_motion_fx_devices&quot;:[&quot;desktop&quot;,&quot;tablet&quot;,&quot;mobile&quot;]}\">\n\t\t\t<div class=\"elementor-widget-wrap elementor-element-populated\">\n\t\t\t\t\t\t<div class=\"elementor-element elementor-element-bd6b240 elementor-widget elementor-widget-image\" data-id=\"bd6b240\" data-element_type=\"widget\" data-e-type=\"widget\" data-widget_type=\"image.default\">\n\t\t\t\t<div class=\"elementor-widget-container\">\n\t\t\t\t\t\t\t\t\t\t\t\t\t\t\t<img loading=\"lazy\" decoding=\"async\" width=\"660\" height=\"462\" src=\"https:\/\/www.ristorantealadoro.it\/wp-content\/uploads\/2024\/03\/about-us-3-1.jpg\" class=\"attachment-full size-full wp-image-371\" alt=\"Convenzioni aziendali per pranzo veloce a Lugo\" srcset=\"https:\/\/www.ristorantealadoro.it\/wp-content\/uploads\/2024\/03\/about-us-3-1.jpg 660w, https:\/\/www.ristorantealadoro.it\/wp-content\/uploads\/2024\/03\/about-us-3-1-300x210.jpg 300w\" sizes=\"(max-width: 660px) 100vw, 660px\" \/>\t\t\t\t\t\t\t\t\t\t\t\t\t\t\t<\/div>\n\t\t\t\t<\/div>\n\t\t\t\t<div class=\"elementor-element elementor-element-bc4e5dd elementor-widget__width-auto elementor-absolute elementor-hidden-tablet elementor-hidden-phone elementor-invisible elementor-widget elementor-widget-heading\" data-id=\"bc4e5dd\" data-element_type=\"widget\" data-e-type=\"widget\" data-settings=\"{&quot;motion_fx_motion_fx_scrolling&quot;:&quot;yes&quot;,&quot;motion_fx_rotateZ_effect&quot;:&quot;yes&quot;,&quot;motion_fx_rotateZ_speed&quot;:{&quot;unit&quot;:&quot;px&quot;,&quot;size&quot;:10,&quot;sizes&quot;:[]},&quot;motion_fx_rotateZ_affectedRange&quot;:{&quot;unit&quot;:&quot;%&quot;,&quot;size&quot;:&quot;&quot;,&quot;sizes&quot;:{&quot;start&quot;:95,&quot;end&quot;:95}},&quot;motion_fx_devices&quot;:[&quot;desktop&quot;,&quot;tablet&quot;],&quot;_position&quot;:&quot;absolute&quot;,&quot;_animation&quot;:&quot;slideInDown&quot;}\" data-widget_type=\"heading.default\">\n\t\t\t\t<div class=\"elementor-widget-container\">\n\t\t\t\t\t<h6 class=\"elementor-heading-title elementor-size-default\">Convenzioni aziendali<\/h6>\t\t\t\t<\/div>\n\t\t\t\t<\/div>\n\t\t\t\t<div class=\"elementor-element elementor-element-345da86 elementor-widget__width-initial elementor-absolute elementor-widget-tablet__width-initial elementor-widget-mobile__width-initial elementor-invisible elementor-widget elementor-widget-image\" data-id=\"345da86\" data-element_type=\"widget\" data-e-type=\"widget\" data-settings=\"{&quot;_position&quot;:&quot;absolute&quot;,&quot;motion_fx_motion_fx_scrolling&quot;:&quot;yes&quot;,&quot;motion_fx_translateY_effect&quot;:&quot;yes&quot;,&quot;motion_fx_translateY_speed&quot;:{&quot;unit&quot;:&quot;px&quot;,&quot;size&quot;:2,&quot;sizes&quot;:[]},&quot;motion_fx_translateY_affectedRange&quot;:{&quot;unit&quot;:&quot;%&quot;,&quot;size&quot;:&quot;&quot;,&quot;sizes&quot;:{&quot;start&quot;:48,&quot;end&quot;:100}},&quot;_animation&quot;:&quot;slideInUp&quot;,&quot;motion_fx_devices&quot;:[&quot;desktop&quot;,&quot;tablet&quot;,&quot;mobile&quot;]}\" data-widget_type=\"image.default\">\n\t\t\t\t<div class=\"elementor-widget-container\">\n\t\t\t\t\t\t\t\t\t\t\t\t\t\t\t<img decoding=\"async\" width=\"92\" height=\"84\" src=\"https:\/\/www.ristorantealadoro.it\/wp-content\/uploads\/2024\/03\/shape-4.png\" class=\"attachment-full size-full wp-image-305\" alt=\"\" \/>\t\t\t\t\t\t\t\t\t\t\t\t\t\t\t<\/div>\n\t\t\t\t<\/div>\n\t\t\t\t\t<\/div>\n\t\t<\/div>\n\t\t\t\t<div class=\"elementor-column elementor-col-50 elementor-top-column elementor-element elementor-element-e4f46ed\" data-id=\"e4f46ed\" data-element_type=\"column\" data-e-type=\"column\">\n\t\t\t<div class=\"elementor-widget-wrap elementor-element-populated\">\n\t\t\t\t\t\t<div class=\"elementor-element elementor-element-b9f31ad elementor-invisible elementor-widget elementor-widget-heading\" data-id=\"b9f31ad\" data-element_type=\"widget\" data-e-type=\"widget\" data-settings=\"{&quot;_animation&quot;:&quot;fadeIn&quot;}\" data-widget_type=\"heading.default\">\n\t\t\t\t<div class=\"elementor-widget-container\">\n\t\t\t\t\t<h2 class=\"elementor-heading-title elementor-size-default\">Convenzioni Pranzo per Aziende e Professionisti a Lugo<\/h2>\t\t\t\t<\/div>\n\t\t\t\t<\/div>\n\t\t\t\t<div class=\"elementor-element elementor-element-c71abb3 elementor-invisible elementor-widget elementor-widget-text-editor\" data-id=\"c71abb3\" data-element_type=\"widget\" data-e-type=\"widget\" data-settings=\"{&quot;_animation&quot;:&quot;fadeInDown&quot;,&quot;_animation_delay&quot;:300}\" data-widget_type=\"text-editor.default\">\n\t\t\t\t<div class=\"elementor-widget-container\">\n\t\t\t\t\t\t\t\t\t<p class=\"ng-star-inserted\"><span class=\"ng-star-inserted\">Sei un&#8217;azienda o un libero professionista alla ricerca della soluzione perfetta per il\u00a0<\/span><strong class=\"ng-star-inserted\"><span class=\"ng-star-inserted\">pranzo di lavoro<\/span><\/strong><span class=\"ng-star-inserted\">\u00a0a\u00a0<\/span><strong class=\"ng-star-inserted\"><span class=\"ng-star-inserted\">Lugo<\/span><\/strong><span class=\"ng-star-inserted\">? Abbiamo pensato a te! Offriamo\u00a0<\/span><strong class=\"ng-star-inserted\"><span class=\"ng-star-inserted\">convenzioni aziendali<\/span><\/strong><span class=\"ng-star-inserted\">\u00a0personalizzate con tariffe esclusive e vantaggiose.<\/span><\/p><p class=\"ng-star-inserted\"><span class=\"ng-star-inserted\">I collaboratori delle aziende convenzionate potranno scegliere:<\/span><\/p><ul class=\"ng-star-inserted\"><li class=\"ng-star-inserted\"><p class=\"ng-star-inserted\"><strong class=\"ng-star-inserted\"><span class=\"ng-star-inserted\">1 portata<\/span><\/strong><span class=\"ng-star-inserted\">\u00a0del Men\u00f9 del Giorno a soli\u00a0<\/span><strong class=\"ng-star-inserted\"><span class=\"ng-star-inserted\">10\u20ac<\/span><\/strong><\/p><\/li><li class=\"ng-star-inserted\"><p class=\"ng-star-inserted\"><strong class=\"ng-star-inserted\"><span class=\"ng-star-inserted\">2 portate<\/span><\/strong><span class=\"ng-star-inserted\">\u00a0del Men\u00f9 del Giorno a soli\u00a0<\/span><strong class=\"ng-star-inserted\"><span class=\"ng-star-inserted\">18\u20ac<\/span><\/strong><\/p><\/li><\/ul><p class=\"ng-star-inserted\"><span class=\"ng-star-inserted\">In entrambi i casi,\u00a0<\/span><strong class=\"ng-star-inserted\"><span class=\"ng-star-inserted\">acqua e coperto sono sempre inclusi!<\/span><\/strong><span class=\"ng-star-inserted\">\u00a0Un benefit di grande valore per i tuoi dipendenti o per i tuoi incontri di lavoro, in un ambiente tranquillo e riservato, facilmente raggiungibile e con\u00a0<\/span><strong class=\"ng-star-inserted\"><span class=\"ng-star-inserted\">parcheggio comodo<\/span><\/strong><span class=\"ng-star-inserted\">\u00a0disponibile a pranzo nel\u00a0<\/span><strong class=\"ng-star-inserted\"><span class=\"ng-star-inserted\">centro di Lugo<\/span><\/strong><span class=\"ng-star-inserted\">.<\/span><\/p>\t\t\t\t\t\t\t\t<\/div>\n\t\t\t\t<\/div>\n\t\t\t\t<div class=\"elementor-element elementor-element-23fbf4b elementor-tablet-align-center elementor-invisible elementor-widget elementor-widget-button\" data-id=\"23fbf4b\" data-element_type=\"widget\" data-e-type=\"widget\" data-settings=\"{&quot;_animation&quot;:&quot;fadeInDown&quot;,&quot;_animation_delay&quot;:600}\" data-widget_type=\"button.default\">\n\t\t\t\t<div class=\"elementor-widget-container\">\n\t\t\t\t\t\t\t\t\t<div class=\"elementor-button-wrapper\">\n\t\t\t\t\t<a class=\"elementor-button elementor-button-link elementor-size-sm elementor-animation-wobble-horizontal\" href=\"mailto:commerciale@aladoro.it\">\n\t\t\t\t\t\t<span class=\"elementor-button-content-wrapper\">\n\t\t\t\t\t\t<span class=\"elementor-button-icon\">\n\t\t\t\t<svg xmlns=\"http:\/\/www.w3.org\/2000\/svg\" width=\"16\" height=\"16\" viewBox=\"0 0 16 16\" fill=\"none\"><path d=\"M15.7071 8.70711C16.0976 8.31658 16.0976 7.68342 15.7071 7.29289L9.34315 0.928932C8.95262 0.538408 8.31946 0.538408 7.92893 0.928932C7.53841 1.31946 7.53841 1.95262 7.92893 2.34315L13.5858 8L7.92893 13.6569C7.53841 14.0474 7.53841 14.6805 7.92893 15.0711C8.31946 15.4616 8.95262 15.4616 9.34315 15.0711L15.7071 8.70711ZM0 9H15V7H0V9Z\" fill=\"#BB923A\"><\/path><\/svg>\t\t\t<\/span>\n\t\t\t\t\t\t\t\t\t<span class=\"elementor-button-text\">Richiedi Informazioni sulla Convenzione Aziendale<\/span>\n\t\t\t\t\t<\/span>\n\t\t\t\t\t<\/a>\n\t\t\t\t<\/div>\n\t\t\t\t\t\t\t\t<\/div>\n\t\t\t\t<\/div>\n\t\t\t\t\t<\/div>\n\t\t<\/div>\n\t\t\t\t\t<\/div>\n\t\t<\/section>\n\t\t\t\t<section class=\"elementor-section elementor-top-section elementor-element elementor-element-a0312c5 elementor-section-stretched elementor-section-full_width elementor-section-height-default elementor-section-height-default\" data-id=\"a0312c5\" data-element_type=\"section\" data-e-type=\"section\" data-settings=\"{&quot;stretch_section&quot;:&quot;section-stretched&quot;}\">\n\t\t\t\t\t\t<div class=\"elementor-container elementor-column-gap-no\">\n\t\t\t\t\t<div class=\"elementor-column elementor-col-50 elementor-top-column elementor-element elementor-element-930a7bb\" data-id=\"930a7bb\" data-element_type=\"column\" data-e-type=\"column\">\n\t\t\t<div class=\"elementor-widget-wrap elementor-element-populated\">\n\t\t\t\t\t\t<div class=\"elementor-element elementor-element-bd124f1 elementor-widget elementor-widget-heading\" data-id=\"bd124f1\" data-element_type=\"widget\" data-e-type=\"widget\" data-widget_type=\"heading.default\">\n\t\t\t\t<div class=\"elementor-widget-container\">\n\t\t\t\t\t<h2 class=\"elementor-heading-title elementor-size-default\">Non Solo Men\u00f9 del Giorno: Scopri la Nostra Carta Completa<\/h2>\t\t\t\t<\/div>\n\t\t\t\t<\/div>\n\t\t\t\t<div class=\"elementor-element elementor-element-6f8afc8 elementor-widget elementor-widget-text-editor\" data-id=\"6f8afc8\" data-element_type=\"widget\" data-e-type=\"widget\" data-widget_type=\"text-editor.default\">\n\t\t\t\t<div class=\"elementor-widget-container\">\n\t\t\t\t\t\t\t\t\t<p class=\"ng-star-inserted\"><span class=\"ng-star-inserted\">Desideri una scelta pi\u00f9 ampia per il tuo\u00a0<\/span><strong class=\"ng-star-inserted\"><span class=\"ng-star-inserted\">pranzo a Lugo<\/span><\/strong><span class=\"ng-star-inserted\">? Oltre al conveniente Men\u00f9 del Giorno, \u00e8 sempre disponibile il nostro ricco\u00a0<\/span><strong class=\"ng-star-inserted\"><span class=\"ng-star-inserted\">men\u00f9 \u00e0 la carte<\/span><\/strong><span class=\"ng-star-inserted\">. Lasciati tentare dai grandi classici della\u00a0<\/span><strong class=\"ng-star-inserted\"><span class=\"ng-star-inserted\">cucina romagnola<\/span><\/strong><span class=\"ng-star-inserted\">, dalle nostre selezionate proposte di carne e pesce, e non perderti le nostre specialit\u00e0\u00a0<\/span><strong class=\"ng-star-inserted\"><span class=\"ng-star-inserted\">senza glutine<\/span><\/strong><span class=\"ng-star-inserted\">, primi tra tutti i nostri celebri\u00a0<\/span><strong class=\"ng-star-inserted\"><span class=\"ng-star-inserted\">cappelletti senza glutine<\/span><\/strong><span class=\"ng-star-inserted\">\u00a0fatti in casa, amati da tutti!<\/span><br class=\"ng-star-inserted\" \/><span class=\"ng-star-inserted\">(Nota: Per le scelte dal men\u00f9 \u00e0 la carte \u00e8 previsto un coperto di 3\u20ac)<\/span><span class=\"ng-star-inserted\">.<\/span><\/p>\t\t\t\t\t\t\t\t<\/div>\n\t\t\t\t<\/div>\n\t\t\t\t<div class=\"elementor-element elementor-element-a3e4e11 elementor-widget elementor-widget-button\" data-id=\"a3e4e11\" data-element_type=\"widget\" data-e-type=\"widget\" data-widget_type=\"button.default\">\n\t\t\t\t<div class=\"elementor-widget-container\">\n\t\t\t\t\t\t\t\t\t<div class=\"elementor-button-wrapper\">\n\t\t\t\t\t<a class=\"elementor-button elementor-button-link elementor-size-sm elementor-animation-wobble-horizontal\" href=\"https:\/\/www.ristorantealadoro.it\/menu\/\">\n\t\t\t\t\t\t<span class=\"elementor-button-content-wrapper\">\n\t\t\t\t\t\t<span class=\"elementor-button-icon\">\n\t\t\t\t<svg xmlns=\"http:\/\/www.w3.org\/2000\/svg\" width=\"16\" height=\"16\" viewBox=\"0 0 16 16\" fill=\"none\"><path d=\"M15.7071 8.70711C16.0976 8.31658 16.0976 7.68342 15.7071 7.29289L9.34315 0.928932C8.95262 0.538408 8.31946 0.538408 7.92893 0.928932C7.53841 1.31946 7.53841 1.95262 7.92893 2.34315L13.5858 8L7.92893 13.6569C7.53841 14.0474 7.53841 14.6805 7.92893 15.0711C8.31946 15.4616 8.95262 15.4616 9.34315 15.0711L15.7071 8.70711ZM0 9H15V7H0V9Z\" fill=\"#BB923A\"><\/path><\/svg>\t\t\t<\/span>\n\t\t\t\t\t\t\t\t\t<span class=\"elementor-button-text\">Consulta il Men\u00f9 Completo<\/span>\n\t\t\t\t\t<\/span>\n\t\t\t\t\t<\/a>\n\t\t\t\t<\/div>\n\t\t\t\t\t\t\t\t<\/div>\n\t\t\t\t<\/div>\n\t\t\t\t\t<\/div>\n\t\t<\/div>\n\t\t\t\t<div class=\"elementor-column elementor-col-50 elementor-top-column elementor-element elementor-element-87e382c\" data-id=\"87e382c\" data-element_type=\"column\" data-e-type=\"column\">\n\t\t\t<div class=\"elementor-widget-wrap elementor-element-populated\">\n\t\t\t\t\t\t<div class=\"elementor-element elementor-element-78dc72f elementor-widget-tablet__width-initial elementor-widget__width-initial elementor-widget elementor-widget-image\" data-id=\"78dc72f\" data-element_type=\"widget\" data-e-type=\"widget\" data-widget_type=\"image.default\">\n\t\t\t\t<div class=\"elementor-widget-container\">\n\t\t\t\t\t\t\t\t\t\t\t\t\t\t\t<img loading=\"lazy\" decoding=\"async\" width=\"800\" height=\"557\" src=\"https:\/\/www.ristorantealadoro.it\/wp-content\/uploads\/2024\/03\/about-us-1-1-1024x713.jpg\" class=\"attachment-large size-large wp-image-355\" alt=\"Men\u00f9 alla Carta disponibile anche a pranzo\" srcset=\"https:\/\/www.ristorantealadoro.it\/wp-content\/uploads\/2024\/03\/about-us-1-1-1024x713.jpg 1024w, https:\/\/www.ristorantealadoro.it\/wp-content\/uploads\/2024\/03\/about-us-1-1-300x209.jpg 300w, https:\/\/www.ristorantealadoro.it\/wp-content\/uploads\/2024\/03\/about-us-1-1-768x535.jpg 768w, https:\/\/www.ristorantealadoro.it\/wp-content\/uploads\/2024\/03\/about-us-1-1.jpg 1120w\" sizes=\"(max-width: 800px) 100vw, 800px\" \/>\t\t\t\t\t\t\t\t\t\t\t\t\t\t\t<\/div>\n\t\t\t\t<\/div>\n\t\t\t\t\t<\/div>\n\t\t<\/div>\n\t\t\t\t\t<\/div>\n\t\t<\/section>\n\t\t\t\t<section class=\"elementor-section elementor-top-section elementor-element elementor-element-7837b0d elementor-section-full_width elementor-section-content-middle elementor-section-height-default elementor-section-height-default\" data-id=\"7837b0d\" data-element_type=\"section\" data-e-type=\"section\">\n\t\t\t\t\t\t<div class=\"elementor-container elementor-column-gap-no\">\n\t\t\t\t\t<div class=\"elementor-column elementor-col-50 elementor-top-column elementor-element elementor-element-62c2697\" data-id=\"62c2697\" data-element_type=\"column\" data-e-type=\"column\" data-settings=\"{&quot;background_background&quot;:&quot;classic&quot;,&quot;background_motion_fx_motion_fx_scrolling&quot;:&quot;yes&quot;,&quot;background_motion_fx_translateX_effect&quot;:&quot;yes&quot;,&quot;background_motion_fx_translateX_speed&quot;:{&quot;unit&quot;:&quot;px&quot;,&quot;size&quot;:1,&quot;sizes&quot;:[]},&quot;background_motion_fx_translateX_affectedRange&quot;:{&quot;unit&quot;:&quot;%&quot;,&quot;size&quot;:&quot;&quot;,&quot;sizes&quot;:{&quot;start&quot;:0,&quot;end&quot;:100}},&quot;background_motion_fx_devices&quot;:[&quot;desktop&quot;,&quot;tablet&quot;,&quot;mobile&quot;]}\">\n\t\t\t<div class=\"elementor-widget-wrap elementor-element-populated\">\n\t\t\t\t\t\t<div class=\"elementor-element elementor-element-650976f elementor-widget elementor-widget-image\" data-id=\"650976f\" data-element_type=\"widget\" data-e-type=\"widget\" data-widget_type=\"image.default\">\n\t\t\t\t<div class=\"elementor-widget-container\">\n\t\t\t\t\t\t\t\t\t\t\t\t\t\t\t<img loading=\"lazy\" decoding=\"async\" width=\"2560\" height=\"1702\" src=\"https:\/\/www.ristorantealadoro.it\/wp-content\/uploads\/2024\/03\/cappelletti5-scaled.jpg\" class=\"attachment-full size-full wp-image-718\" alt=\"Piatto di Cappelletti - Cucina Tradizionale Romagnola al Ristorante Ala D&apos;Oro di Lugo\" srcset=\"https:\/\/www.ristorantealadoro.it\/wp-content\/uploads\/2024\/03\/cappelletti5-scaled.jpg 2560w, https:\/\/www.ristorantealadoro.it\/wp-content\/uploads\/2024\/03\/cappelletti5-300x199.jpg 300w, https:\/\/www.ristorantealadoro.it\/wp-content\/uploads\/2024\/03\/cappelletti5-1024x681.jpg 1024w, https:\/\/www.ristorantealadoro.it\/wp-content\/uploads\/2024\/03\/cappelletti5-768x511.jpg 768w, https:\/\/www.ristorantealadoro.it\/wp-content\/uploads\/2024\/03\/cappelletti5-1536x1021.jpg 1536w, https:\/\/www.ristorantealadoro.it\/wp-content\/uploads\/2024\/03\/cappelletti5-2048x1362.jpg 2048w\" sizes=\"(max-width: 2560px) 100vw, 2560px\" \/>\t\t\t\t\t\t\t\t\t\t\t\t\t\t\t<\/div>\n\t\t\t\t<\/div>\n\t\t\t\t<div class=\"elementor-element elementor-element-753a74e elementor-widget__width-auto elementor-absolute elementor-hidden-tablet elementor-hidden-phone elementor-invisible elementor-widget elementor-widget-heading\" data-id=\"753a74e\" data-element_type=\"widget\" data-e-type=\"widget\" data-settings=\"{&quot;motion_fx_motion_fx_scrolling&quot;:&quot;yes&quot;,&quot;motion_fx_rotateZ_effect&quot;:&quot;yes&quot;,&quot;motion_fx_rotateZ_speed&quot;:{&quot;unit&quot;:&quot;px&quot;,&quot;size&quot;:10,&quot;sizes&quot;:[]},&quot;motion_fx_rotateZ_affectedRange&quot;:{&quot;unit&quot;:&quot;%&quot;,&quot;size&quot;:&quot;&quot;,&quot;sizes&quot;:{&quot;start&quot;:95,&quot;end&quot;:95}},&quot;motion_fx_devices&quot;:[&quot;desktop&quot;,&quot;tablet&quot;],&quot;_position&quot;:&quot;absolute&quot;,&quot;_animation&quot;:&quot;slideInDown&quot;}\" data-widget_type=\"heading.default\">\n\t\t\t\t<div class=\"elementor-widget-container\">\n\t\t\t\t\t<h6 class=\"elementor-heading-title elementor-size-default\">Perch\u00e8 Sceglierci<\/h6>\t\t\t\t<\/div>\n\t\t\t\t<\/div>\n\t\t\t\t<div class=\"elementor-element elementor-element-dcd7499 elementor-widget__width-initial elementor-absolute elementor-widget-tablet__width-initial elementor-widget-mobile__width-initial elementor-invisible elementor-widget elementor-widget-image\" data-id=\"dcd7499\" data-element_type=\"widget\" data-e-type=\"widget\" data-settings=\"{&quot;_position&quot;:&quot;absolute&quot;,&quot;motion_fx_motion_fx_scrolling&quot;:&quot;yes&quot;,&quot;motion_fx_translateY_effect&quot;:&quot;yes&quot;,&quot;motion_fx_translateY_speed&quot;:{&quot;unit&quot;:&quot;px&quot;,&quot;size&quot;:2,&quot;sizes&quot;:[]},&quot;motion_fx_translateY_affectedRange&quot;:{&quot;unit&quot;:&quot;%&quot;,&quot;size&quot;:&quot;&quot;,&quot;sizes&quot;:{&quot;start&quot;:48,&quot;end&quot;:100}},&quot;_animation&quot;:&quot;slideInUp&quot;,&quot;motion_fx_devices&quot;:[&quot;desktop&quot;,&quot;tablet&quot;,&quot;mobile&quot;]}\" data-widget_type=\"image.default\">\n\t\t\t\t<div class=\"elementor-widget-container\">\n\t\t\t\t\t\t\t\t\t\t\t\t\t\t\t<img decoding=\"async\" width=\"92\" height=\"84\" src=\"https:\/\/www.ristorantealadoro.it\/wp-content\/uploads\/2024\/03\/shape-4.png\" class=\"attachment-full size-full wp-image-305\" alt=\"\" \/>\t\t\t\t\t\t\t\t\t\t\t\t\t\t\t<\/div>\n\t\t\t\t<\/div>\n\t\t\t\t\t<\/div>\n\t\t<\/div>\n\t\t\t\t<div class=\"elementor-column elementor-col-50 elementor-top-column elementor-element elementor-element-d73c84f\" data-id=\"d73c84f\" data-element_type=\"column\" data-e-type=\"column\">\n\t\t\t<div class=\"elementor-widget-wrap elementor-element-populated\">\n\t\t\t\t\t\t<div class=\"elementor-element elementor-element-fd9c1fe elementor-invisible elementor-widget elementor-widget-heading\" data-id=\"fd9c1fe\" data-element_type=\"widget\" data-e-type=\"widget\" data-settings=\"{&quot;_animation&quot;:&quot;fadeIn&quot;}\" data-widget_type=\"heading.default\">\n\t\t\t\t<div class=\"elementor-widget-container\">\n\t\t\t\t\t<h2 class=\"elementor-heading-title elementor-size-default\">Perch\u00e9 Scegliere Ristorante Ala D'Oro per il Tuo Pranzo a Lugo?\n\n<\/h2>\t\t\t\t<\/div>\n\t\t\t\t<\/div>\n\t\t\t\t<div class=\"elementor-element elementor-element-2282681 elementor-invisible elementor-widget elementor-widget-text-editor\" data-id=\"2282681\" data-element_type=\"widget\" data-e-type=\"widget\" data-settings=\"{&quot;_animation&quot;:&quot;fadeInDown&quot;,&quot;_animation_delay&quot;:300}\" data-widget_type=\"text-editor.default\">\n\t\t\t\t<div class=\"elementor-widget-container\">\n\t\t\t\t\t\t\t\t\t<p><i class=\"fas fa-utensils\"><\/i> Qualit\u00e0 Romagnola Autentica: Ricette vere, ingredienti freschi.<br \/><i class=\"fas fa-euro-sign\"><\/i> Prezzo TOP: Menu Pranzo da \u20ac12 TUTTO COMPRESO (Acqua &amp; Coperto Gratis!).<br \/><i class=\"fas fa-parking\"><\/i> Parcheggio Facile a Pranzo: Posti interni e zero stress nelle vicinanze.<br \/><i class=\"fas fa-shipping-fast\"><\/i> Servizio Rapido ed Efficiente: Ideale per la tua pausa.<br \/><i class=\"fas fa-leaf\"><\/i> Specialit\u00e0 Senza Glutine: Il gusto non ha barriere (Prova i cappelletti!).<br \/><i class=\"fas fa-shopping-bag\"><\/i> Pranzo d&#8217;Asporto Pratico: Ordina, ritira e gusta (\u20ac12 a portata).<br \/><i class=\"fas fa-coffee\"><\/i> Ambiente Ideale: Tranquillo per lavoro, accogliente per relax.<br \/><i class=\"fas fa-map-marker-alt\"><\/i> Posizione Strategica: Comodissimi in centro a Lugo.<br \/><i class=\"fas fa-handshake\"><\/i> Convenzioni Aziendali: Soluzioni vantaggiose per imprese.<\/p>\t\t\t\t\t\t\t\t<\/div>\n\t\t\t\t<\/div>\n\t\t\t\t\t<\/div>\n\t\t<\/div>\n\t\t\t\t\t<\/div>\n\t\t<\/section>\n\t\t\t\t<section class=\"elementor-section elementor-top-section elementor-element elementor-element-e287da7 elementor-section-stretched elementor-section-full_width elementor-section-height-default elementor-section-height-default\" data-id=\"e287da7\" data-element_type=\"section\" data-e-type=\"section\" data-settings=\"{&quot;stretch_section&quot;:&quot;section-stretched&quot;}\">\n\t\t\t\t\t\t<div class=\"elementor-container elementor-column-gap-no\">\n\t\t\t\t\t<div class=\"elementor-column elementor-col-50 elementor-top-column elementor-element elementor-element-7ab565e\" data-id=\"7ab565e\" data-element_type=\"column\" data-e-type=\"column\">\n\t\t\t<div class=\"elementor-widget-wrap elementor-element-populated\">\n\t\t\t\t\t\t<div class=\"elementor-element elementor-element-aa58ac6 elementor-widget elementor-widget-heading\" data-id=\"aa58ac6\" data-element_type=\"widget\" data-e-type=\"widget\" data-widget_type=\"heading.default\">\n\t\t\t\t<div class=\"elementor-widget-container\">\n\t\t\t\t\t<h2 class=\"elementor-heading-title elementor-size-default\">Ti Aspettiamo a Pranzo: Prenota o Ordina Ora!<\/h2>\t\t\t\t<\/div>\n\t\t\t\t<\/div>\n\t\t\t\t<div class=\"elementor-element elementor-element-024357a elementor-widget elementor-widget-text-editor\" data-id=\"024357a\" data-element_type=\"widget\" data-e-type=\"widget\" data-widget_type=\"text-editor.default\">\n\t\t\t\t<div class=\"elementor-widget-container\">\n\t\t\t\t\t\t\t\t\t<ul class=\"ng-star-inserted\"><li class=\"ng-star-inserted\"><p class=\"ng-star-inserted\"><strong class=\"ng-star-inserted\"><span class=\"ng-star-inserted\">Telefono Prenotazioni e Info: +39 0545 22388<\/span><\/strong><\/p><\/li><li class=\"ng-star-inserted\"><p class=\"ng-star-inserted\"><a href=\"https:\/\/www.ristorantealadoro.it\/prenota-il-tuo-tavolo\/\"><strong class=\"ng-star-inserted\"><span class=\"ng-star-inserted\">Prenota Comodamente Online<\/span><\/strong><\/a><\/p><\/li><li class=\"ng-star-inserted\"><p class=\"ng-star-inserted\"><strong class=\"ng-star-inserted\"><span class=\"ng-star-inserted\">Ordini Pranzo d&#8217;Asporto:<\/span><\/strong><span class=\"ng-star-inserted\">\u00a0Chiama il\u00a0<\/span><a href=\"tel:+393408075018\"><strong class=\"ng-star-inserted\"><span class=\"ng-star-inserted\">340 807 5018<\/span><\/strong><\/a> oppure inviaci un messaggio whatsapp<span class=\"ng-star-inserted\">\u00a0(preferibilmente entro le 11:30)<\/span><\/p><\/li><li class=\"ng-star-inserted\"><p class=\"ng-star-inserted\"><strong class=\"ng-star-inserted\"><span class=\"ng-star-inserted\">Richieste Convenzioni:<\/span><\/strong><span class=\"ng-star-inserted\"><a href=\"mailto:commerciale@aladoro.it\"> commerciale@aladoro.it<\/a> o chiama il numero principale.<\/span><\/p><\/li><li class=\"ng-star-inserted\"><p class=\"ng-star-inserted\"><strong class=\"ng-star-inserted\"><span class=\"ng-star-inserted\">Indirizzo:<\/span><\/strong><span class=\"ng-star-inserted\"> Via Giacomo Matteotti 56, Lugo (RA)<\/span><\/p><\/li><\/ul><p><strong class=\"ng-star-inserted\"><span class=\"ng-star-inserted\">Parcheggio:<\/span><\/strong><span class=\"ng-star-inserted\">\u00a0Ricorda, a pranzo troverai facilmente posto nel nostro cortile interno o nelle immediate vicinanze!<\/span><\/p><p>Siamo aperti per pranzo tutti i giorni, dalle ore 12:00 alle ore 14:30<\/p>\t\t\t\t\t\t\t\t<\/div>\n\t\t\t\t<\/div>\n\t\t\t\t\t<\/div>\n\t\t<\/div>\n\t\t\t\t<div class=\"elementor-column elementor-col-50 elementor-top-column elementor-element elementor-element-a00de39\" data-id=\"a00de39\" data-element_type=\"column\" data-e-type=\"column\">\n\t\t\t<div class=\"elementor-widget-wrap elementor-element-populated\">\n\t\t\t\t\t\t<div class=\"elementor-element elementor-element-97088b7 elementor-widget-tablet__width-initial elementor-widget__width-initial elementor-widget elementor-widget-image\" data-id=\"97088b7\" data-element_type=\"widget\" data-e-type=\"widget\" data-widget_type=\"image.default\">\n\t\t\t\t<div class=\"elementor-widget-container\">\n\t\t\t\t\t\t\t\t\t\t\t\t\t\t\t<img loading=\"lazy\" decoding=\"async\" width=\"768\" height=\"1024\" src=\"https:\/\/www.ristorantealadoro.it\/wp-content\/uploads\/2024\/12\/Tagliata-di-Black-Angus-al-sale-di-Cervia-con-patate-al-forno-768x1024.jpg\" class=\"attachment-large size-large wp-image-1184\" alt=\"Piatto del men\u00f9 del Ristorante Ala D&apos;Oro - Tagliata con Patate al Forno\" srcset=\"https:\/\/www.ristorantealadoro.it\/wp-content\/uploads\/2024\/12\/Tagliata-di-Black-Angus-al-sale-di-Cervia-con-patate-al-forno-768x1024.jpg 768w, https:\/\/www.ristorantealadoro.it\/wp-content\/uploads\/2024\/12\/Tagliata-di-Black-Angus-al-sale-di-Cervia-con-patate-al-forno-225x300.jpg 225w, https:\/\/www.ristorantealadoro.it\/wp-content\/uploads\/2024\/12\/Tagliata-di-Black-Angus-al-sale-di-Cervia-con-patate-al-forno-1152x1536.jpg 1152w, https:\/\/www.ristorantealadoro.it\/wp-content\/uploads\/2024\/12\/Tagliata-di-Black-Angus-al-sale-di-Cervia-con-patate-al-forno.jpg 1536w\" sizes=\"(max-width: 768px) 100vw, 768px\" \/>\t\t\t\t\t\t\t\t\t\t\t\t\t\t\t<\/div>\n\t\t\t\t<\/div>\n\t\t\t\t\t<\/div>\n\t\t<\/div>\n\t\t\t\t\t<\/div>\n\t\t<\/section>\n\t\t<div class=\"elementor-element elementor-element-50deef0 e-flex e-con-boxed e-con e-parent\" data-id=\"50deef0\" data-element_type=\"container\" data-e-type=\"container\">\n\t\t\t\t\t<div class=\"e-con-inner\">\n\t\t\t\t<div class=\"elementor-element elementor-element-dfb3465 elementor-widget elementor-widget-google_maps\" data-id=\"dfb3465\" data-element_type=\"widget\" data-e-type=\"widget\" data-widget_type=\"google_maps.default\">\n\t\t\t\t<div class=\"elementor-widget-container\">\n\t\t\t\t\t\t\t<div class=\"elementor-custom-embed\">\n\t\t\t<iframe loading=\"lazy\"\n\t\t\t\t\tsrc=\"https:\/\/maps.google.com\/maps?q=Ristorante%20Ala%20D%27Oro&#038;t=m&#038;z=14&#038;output=embed&#038;iwloc=near\"\n\t\t\t\t\ttitle=\"Ristorante Ala D&#039;Oro\"\n\t\t\t\t\taria-label=\"Ristorante Ala D&#039;Oro\"\n\t\t\t><\/iframe>\n\t\t<\/div>\n\t\t\t\t\t\t<\/div>\n\t\t\t\t<\/div>\n\t\t\t\t\t<\/div>\n\t\t\t\t<\/div>\n\t\t\t\t<section class=\"elementor-section elementor-top-section elementor-element elementor-element-fcd3373 elementor-section-full_width elementor-section-height-default elementor-section-height-default\" data-id=\"fcd3373\" data-element_type=\"section\" data-e-type=\"section\">\n\t\t\t\t\t\t<div class=\"elementor-container elementor-column-gap-default\">\n\t\t\t\t\t<div class=\"elementor-column elementor-col-100 elementor-top-column elementor-element elementor-element-ecfc80a\" data-id=\"ecfc80a\" data-element_type=\"column\" data-e-type=\"column\">\n\t\t\t<div class=\"elementor-widget-wrap elementor-element-populated\">\n\t\t\t\t\t\t<section class=\"elementor-section elementor-inner-section elementor-element elementor-element-f5909a1 elementor-section-boxed elementor-section-height-default elementor-section-height-default\" data-id=\"f5909a1\" data-element_type=\"section\" data-e-type=\"section\" data-settings=\"{&quot;background_background&quot;:&quot;classic&quot;}\">\n\t\t\t\t\t\t<div class=\"elementor-container elementor-column-gap-default\">\n\t\t\t\t\t<div class=\"elementor-column elementor-col-33 elementor-inner-column elementor-element elementor-element-4c40c0a\" data-id=\"4c40c0a\" data-element_type=\"column\" data-e-type=\"column\">\n\t\t\t<div class=\"elementor-widget-wrap elementor-element-populated\">\n\t\t\t\t\t\t<div class=\"elementor-element elementor-element-d67b0ed elementor-invisible elementor-widget elementor-widget-heading\" data-id=\"d67b0ed\" data-element_type=\"widget\" data-e-type=\"widget\" data-settings=\"{&quot;_animation&quot;:&quot;fadeIn&quot;}\" data-widget_type=\"heading.default\">\n\t\t\t\t<div class=\"elementor-widget-container\">\n\t\t\t\t\t<h2 class=\"elementor-heading-title elementor-size-default\">Orari di Apertura<\/h2>\t\t\t\t<\/div>\n\t\t\t\t<\/div>\n\t\t\t\t<div class=\"elementor-element elementor-element-3567495 elementor-invisible elementor-widget elementor-widget-text-editor\" data-id=\"3567495\" data-element_type=\"widget\" data-e-type=\"widget\" data-settings=\"{&quot;_animation&quot;:&quot;fadeInDown&quot;,&quot;_animation_delay&quot;:300}\" data-widget_type=\"text-editor.default\">\n\t\t\t\t<div class=\"elementor-widget-container\">\n\t\t\t\t\t\t\t\t\t<p><strong>Pranzo<\/strong><br \/><strong>Tutti i giorni\u00a0<\/strong><br \/>12.00 \u2013 14.30<\/p>\t\t\t\t\t\t\t\t<\/div>\n\t\t\t\t<\/div>\n\t\t\t\t<div class=\"elementor-element elementor-element-688e9d1 elementor-invisible elementor-widget elementor-widget-text-editor\" data-id=\"688e9d1\" data-element_type=\"widget\" data-e-type=\"widget\" data-settings=\"{&quot;_animation&quot;:&quot;fadeInDown&quot;,&quot;_animation_delay&quot;:500}\" data-widget_type=\"text-editor.default\">\n\t\t\t\t<div class=\"elementor-widget-container\">\n\t\t\t\t\t\t\t\t\t<p><strong>Cena<\/strong><br \/><strong>Tutti i giorni<\/strong><br \/>19.30 \u2013 22.30<\/p>\t\t\t\t\t\t\t\t<\/div>\n\t\t\t\t<\/div>\n\t\t\t\t<div class=\"elementor-element elementor-element-b8d121c elementor-invisible elementor-widget elementor-widget-text-editor\" data-id=\"b8d121c\" data-element_type=\"widget\" data-e-type=\"widget\" data-settings=\"{&quot;_animation&quot;:&quot;fadeInDown&quot;,&quot;_animation_delay&quot;:700}\" data-widget_type=\"text-editor.default\">\n\t\t\t\t<div class=\"elementor-widget-container\">\n\t\t\t\t\t\t\t\t\t<p><strong>Gli orari indicati potrebbero subire delle variazioni durante le festivit\u00e0<\/strong><\/p>\t\t\t\t\t\t\t\t<\/div>\n\t\t\t\t<\/div>\n\t\t\t\t<div class=\"elementor-element elementor-element-0fb8b7b elementor-widget__width-auto elementor-absolute elementor-invisible elementor-widget elementor-widget-heading\" data-id=\"0fb8b7b\" data-element_type=\"widget\" data-e-type=\"widget\" data-settings=\"{&quot;motion_fx_motion_fx_scrolling&quot;:&quot;yes&quot;,&quot;motion_fx_rotateZ_effect&quot;:&quot;yes&quot;,&quot;motion_fx_rotateZ_speed&quot;:{&quot;unit&quot;:&quot;px&quot;,&quot;size&quot;:10,&quot;sizes&quot;:[]},&quot;motion_fx_rotateZ_affectedRange&quot;:{&quot;unit&quot;:&quot;%&quot;,&quot;size&quot;:&quot;&quot;,&quot;sizes&quot;:{&quot;start&quot;:95,&quot;end&quot;:95}},&quot;motion_fx_devices&quot;:[&quot;desktop&quot;,&quot;tablet&quot;],&quot;_position&quot;:&quot;absolute&quot;,&quot;_animation&quot;:&quot;slideInDown&quot;}\" data-widget_type=\"heading.default\">\n\t\t\t\t<div class=\"elementor-widget-container\">\n\t\t\t\t\t<h6 class=\"elementor-heading-title elementor-size-default\">06 - Contact<\/h6>\t\t\t\t<\/div>\n\t\t\t\t<\/div>\n\t\t\t\t\t<\/div>\n\t\t<\/div>\n\t\t\t\t<div class=\"elementor-column elementor-col-33 elementor-inner-column elementor-element elementor-element-7c02939\" data-id=\"7c02939\" data-element_type=\"column\" data-e-type=\"column\">\n\t\t\t<div class=\"elementor-widget-wrap elementor-element-populated\">\n\t\t\t\t\t\t<div class=\"elementor-element elementor-element-460b886 elementor-invisible elementor-widget elementor-widget-heading\" data-id=\"460b886\" data-element_type=\"widget\" data-e-type=\"widget\" data-settings=\"{&quot;_animation&quot;:&quot;fadeIn&quot;}\" data-widget_type=\"heading.default\">\n\t\t\t\t<div class=\"elementor-widget-container\">\n\t\t\t\t\t<h2 class=\"elementor-heading-title elementor-size-default\">Dove Siamo<\/h2>\t\t\t\t<\/div>\n\t\t\t\t<\/div>\n\t\t\t\t<div class=\"elementor-element elementor-element-346f061 elementor-invisible elementor-widget elementor-widget-text-editor\" data-id=\"346f061\" data-element_type=\"widget\" data-e-type=\"widget\" data-settings=\"{&quot;_animation&quot;:&quot;fadeInDown&quot;,&quot;_animation_delay&quot;:300}\" data-widget_type=\"text-editor.default\">\n\t\t\t\t<div class=\"elementor-widget-container\">\n\t\t\t\t\t\t\t\t\t<p>Via Giacomo Matteotti, 56<br \/>48022 Lugo (RA)<\/p>\t\t\t\t\t\t\t\t<\/div>\n\t\t\t\t<\/div>\n\t\t\t\t<div class=\"elementor-element elementor-element-103090c elementor-invisible elementor-widget elementor-widget-text-editor\" data-id=\"103090c\" data-element_type=\"widget\" data-e-type=\"widget\" data-settings=\"{&quot;_animation&quot;:&quot;fadeInDown&quot;,&quot;_animation_delay&quot;:500}\" data-widget_type=\"text-editor.default\">\n\t\t\t\t<div class=\"elementor-widget-container\">\n\t\t\t\t\t\t\t\t\t<p><strong>Telefono<\/strong><\/p>\t\t\t\t\t\t\t\t<\/div>\n\t\t\t\t<\/div>\n\t\t\t\t<div class=\"elementor-element elementor-element-989dcd7 elementor-invisible elementor-widget elementor-widget-text-editor\" data-id=\"989dcd7\" data-element_type=\"widget\" data-e-type=\"widget\" data-settings=\"{&quot;_animation&quot;:&quot;fadeInDown&quot;,&quot;_animation_delay&quot;:550}\" data-widget_type=\"text-editor.default\">\n\t\t\t\t<div class=\"elementor-widget-container\">\n\t\t\t\t\t\t\t\t\t<p><strong>+39 0545 22388<\/strong><\/p>\t\t\t\t\t\t\t\t<\/div>\n\t\t\t\t<\/div>\n\t\t\t\t<div class=\"elementor-element elementor-element-0a2b3d0 elementor-invisible elementor-widget elementor-widget-text-editor\" data-id=\"0a2b3d0\" data-element_type=\"widget\" data-e-type=\"widget\" data-settings=\"{&quot;_animation&quot;:&quot;fadeInDown&quot;,&quot;_animation_delay&quot;:700}\" data-widget_type=\"text-editor.default\">\n\t\t\t\t<div class=\"elementor-widget-container\">\n\t\t\t\t\t\t\t\t\t<p><strong>Email<\/strong><\/p>\t\t\t\t\t\t\t\t<\/div>\n\t\t\t\t<\/div>\n\t\t\t\t<div class=\"elementor-element elementor-element-dacb3a9 elementor-invisible elementor-widget elementor-widget-text-editor\" data-id=\"dacb3a9\" data-element_type=\"widget\" data-e-type=\"widget\" data-settings=\"{&quot;_animation&quot;:&quot;fadeInDown&quot;,&quot;_animation_delay&quot;:750}\" data-widget_type=\"text-editor.default\">\n\t\t\t\t<div class=\"elementor-widget-container\">\n\t\t\t\t\t\t\t\t\t<p><a href=\"mailto:#\"><strong>info@aladoro.it<\/strong><\/a><\/p>\t\t\t\t\t\t\t\t<\/div>\n\t\t\t\t<\/div>\n\t\t\t\t\t<\/div>\n\t\t<\/div>\n\t\t\t\t<div class=\"elementor-column elementor-col-33 elementor-inner-column elementor-element elementor-element-408c9b2\" data-id=\"408c9b2\" data-element_type=\"column\" data-e-type=\"column\">\n\t\t\t<div class=\"elementor-widget-wrap elementor-element-populated\">\n\t\t\t\t\t\t<div class=\"elementor-element elementor-element-7091010 elementor-widget__width-initial elementor-absolute elementor-widget-tablet__width-initial elementor-widget-mobile__width-initial elementor-hidden-phone elementor-invisible elementor-widget elementor-widget-image\" data-id=\"7091010\" data-element_type=\"widget\" data-e-type=\"widget\" data-settings=\"{&quot;_position&quot;:&quot;absolute&quot;,&quot;motion_fx_motion_fx_scrolling&quot;:&quot;yes&quot;,&quot;motion_fx_translateY_effect&quot;:&quot;yes&quot;,&quot;motion_fx_translateY_speed&quot;:{&quot;unit&quot;:&quot;px&quot;,&quot;size&quot;:2,&quot;sizes&quot;:[]},&quot;_animation&quot;:&quot;slideInUp&quot;,&quot;motion_fx_translateY_affectedRange&quot;:{&quot;unit&quot;:&quot;%&quot;,&quot;size&quot;:&quot;&quot;,&quot;sizes&quot;:{&quot;start&quot;:0,&quot;end&quot;:100}},&quot;motion_fx_devices&quot;:[&quot;desktop&quot;,&quot;tablet&quot;,&quot;mobile&quot;]}\" data-widget_type=\"image.default\">\n\t\t\t\t<div class=\"elementor-widget-container\">\n\t\t\t\t\t\t\t\t\t\t\t\t\t\t\t<img loading=\"lazy\" decoding=\"async\" width=\"83\" height=\"85\" src=\"https:\/\/www.ristorantealadoro.it\/wp-content\/uploads\/2024\/03\/shape-10.png\" class=\"attachment-full size-full wp-image-311\" alt=\"\" \/>\t\t\t\t\t\t\t\t\t\t\t\t\t\t\t<\/div>\n\t\t\t\t<\/div>\n\t\t\t\t\t<\/div>\n\t\t<\/div>\n\t\t\t\t\t<\/div>\n\t\t<\/section>\n\t\t\t\t\t<\/div>\n\t\t<\/div>\n\t\t\t\t\t<\/div>\n\t\t<\/section>\n\t\t\t\t<\/div>\n\t\t","protected":false},"excerpt":{"rendered":"<p>Pranzo a Lugo Pranzo a Lugo: Men\u00f9 del Giorno da \u20ac12 con Parcheggio e Coperto Gratis | Ristorante Ala D&#8217;Oro Cerchi il posto giusto per la tua\u00a0pausa pranzo a Lugo? Al Ristorante Ala D&#8217;Oro, nel centro di Lugo, ti aspettiamo con la nostra autentica\u00a0cucina romagnola, un\u00a0Menu del Giorno imbattibile a partire da soli 12\u20ac a [&hellip;]<\/p>\n","protected":false},"author":1,"featured_media":0,"parent":0,"menu_order":0,"comment_status":"closed","ping_status":"closed","template":"elementor_canvas","meta":{"footnotes":""},"class_list":["post-1264","page","type-page","status-publish","hentry"],"yoast_head":"<!-- This site is optimized with the Yoast SEO plugin v28.3 - https:\/\/yoast.com\/product\/yoast-seo-wordpress\/ -->\n<title>Pranzo Lugo \u20ac12 - Parcheggio e Coperto Gratis | Rist. Ala D&#039;Oro<\/title>\n<meta name=\"description\" content=\"Pranzo a Lugo! Men\u00f9 Giorno da 12\u20ac (coperto gratis), cucina romagnola, parcheggio, senza glutine e take away. Prenota ora al Rist. Ala D&#039;Oro!\" \/>\n<meta name=\"robots\" content=\"index, follow, max-snippet:-1, max-image-preview:large, max-video-preview:-1\" \/>\n<link rel=\"canonical\" href=\"https:\/\/www.ristorantealadoro.it\/en\/pranzo-lugo\/\" \/>\n<meta property=\"og:locale\" content=\"en_GB\" \/>\n<meta property=\"og:type\" content=\"article\" \/>\n<meta property=\"og:title\" content=\"Pranzo Lugo \u20ac12 - Parcheggio e Coperto Gratis | Rist. Ala D&#039;Oro\" \/>\n<meta property=\"og:description\" content=\"Pranzo a Lugo! Men\u00f9 Giorno da 12\u20ac (coperto gratis), cucina romagnola, parcheggio, senza glutine e take away. Prenota ora al Rist. Ala D&#039;Oro!\" \/>\n<meta property=\"og:url\" content=\"https:\/\/www.ristorantealadoro.it\/en\/pranzo-lugo\/\" \/>\n<meta property=\"og:site_name\" content=\"Ristorante Ala D&#039;oro\" \/>\n<meta property=\"article:publisher\" content=\"https:\/\/www.facebook.com\/aladorohotel\/?locale=it_IT\" \/>\n<meta property=\"article:modified_time\" content=\"2025-11-30T19:23:13+00:00\" \/>\n<meta property=\"og:image\" content=\"https:\/\/www.ristorantealadoro.it\/wp-content\/uploads\/2024\/04\/aladoro-0295-scaled.jpg\" \/>\n\t<meta property=\"og:image:width\" content=\"2560\" \/>\n\t<meta property=\"og:image:height\" content=\"1709\" \/>\n\t<meta property=\"og:image:type\" content=\"image\/jpeg\" \/>\n<meta name=\"twitter:card\" content=\"summary_large_image\" \/>\n<meta name=\"twitter:label1\" content=\"Estimated reading time\" \/>\n\t<meta name=\"twitter:data1\" content=\"6 minutes\" \/>\n<script type=\"application\/ld+json\" class=\"yoast-schema-graph\">{\"@context\":\"https:\\\/\\\/schema.org\",\"@graph\":[{\"@type\":\"WebPage\",\"@id\":\"https:\\\/\\\/www.ristorantealadoro.it\\\/pranzo-lugo\\\/\",\"url\":\"https:\\\/\\\/www.ristorantealadoro.it\\\/pranzo-lugo\\\/\",\"name\":\"Pranzo Lugo \u20ac12 - Parcheggio e Coperto Gratis | Rist. Ala D'Oro\",\"isPartOf\":{\"@id\":\"https:\\\/\\\/www.ristorantealadoro.it\\\/#website\"},\"primaryImageOfPage\":{\"@id\":\"https:\\\/\\\/www.ristorantealadoro.it\\\/pranzo-lugo\\\/#primaryimage\"},\"image\":{\"@id\":\"https:\\\/\\\/www.ristorantealadoro.it\\\/pranzo-lugo\\\/#primaryimage\"},\"thumbnailUrl\":\"https:\\\/\\\/www.ristorantealadoro.it\\\/wp-content\\\/uploads\\\/2024\\\/04\\\/aladoro-0295-scaled.jpg\",\"datePublished\":\"2025-04-19T15:14:32+00:00\",\"dateModified\":\"2025-11-30T19:23:13+00:00\",\"description\":\"Pranzo a Lugo! Men\u00f9 Giorno da 12\u20ac (coperto gratis), cucina romagnola, parcheggio, senza glutine e take away. Prenota ora al Rist. Ala D'Oro!\",\"breadcrumb\":{\"@id\":\"https:\\\/\\\/www.ristorantealadoro.it\\\/pranzo-lugo\\\/#breadcrumb\"},\"inLanguage\":\"en-GB\",\"potentialAction\":[{\"@type\":\"ReadAction\",\"target\":[\"https:\\\/\\\/www.ristorantealadoro.it\\\/pranzo-lugo\\\/\"]}]},{\"@type\":\"ImageObject\",\"inLanguage\":\"en-GB\",\"@id\":\"https:\\\/\\\/www.ristorantealadoro.it\\\/pranzo-lugo\\\/#primaryimage\",\"url\":\"https:\\\/\\\/www.ristorantealadoro.it\\\/wp-content\\\/uploads\\\/2024\\\/04\\\/aladoro-0295-scaled.jpg\",\"contentUrl\":\"https:\\\/\\\/www.ristorantealadoro.it\\\/wp-content\\\/uploads\\\/2024\\\/04\\\/aladoro-0295-scaled.jpg\"},{\"@type\":\"BreadcrumbList\",\"@id\":\"https:\\\/\\\/www.ristorantealadoro.it\\\/pranzo-lugo\\\/#breadcrumb\",\"itemListElement\":[{\"@type\":\"ListItem\",\"position\":1,\"name\":\"Home\",\"item\":\"https:\\\/\\\/www.ristorantealadoro.it\\\/\"},{\"@type\":\"ListItem\",\"position\":2,\"name\":\"Pranzo a Lugo: Men\u00f9 del Giorno da \u20ac12 con Parcheggio e Coperto Gratis | Ristorante Ala D&#8217;Oro\"}]},{\"@type\":\"WebSite\",\"@id\":\"https:\\\/\\\/www.ristorantealadoro.it\\\/#website\",\"url\":\"https:\\\/\\\/www.ristorantealadoro.it\\\/\",\"name\":\"Ristorante Ala d'Oro la tradizione dal 1952\",\"description\":\"Scopri l&#039;atmosfera elegante del ristorante Ala d&#039;Oro a Lugo, vivi un&#039;esperienza gastronomica raffinata. Prenota ora la tua cena indimenticabile!\",\"publisher\":{\"@id\":\"https:\\\/\\\/www.ristorantealadoro.it\\\/#organization\"},\"alternateName\":\"Ristorante Ala d'Oro\",\"potentialAction\":[{\"@type\":\"SearchAction\",\"target\":{\"@type\":\"EntryPoint\",\"urlTemplate\":\"https:\\\/\\\/www.ristorantealadoro.it\\\/?s={search_term_string}\"},\"query-input\":{\"@type\":\"PropertyValueSpecification\",\"valueRequired\":true,\"valueName\":\"search_term_string\"}}],\"inLanguage\":\"en-GB\"},{\"@type\":\"Organization\",\"@id\":\"https:\\\/\\\/www.ristorantealadoro.it\\\/#organization\",\"name\":\"Ristorante Ala D'oro\",\"url\":\"https:\\\/\\\/www.ristorantealadoro.it\\\/\",\"logo\":{\"@type\":\"ImageObject\",\"inLanguage\":\"en-GB\",\"@id\":\"https:\\\/\\\/www.ristorantealadoro.it\\\/#\\\/schema\\\/logo\\\/image\\\/\",\"url\":\"https:\\\/\\\/www.ristorantealadoro.it\\\/wp-content\\\/uploads\\\/2024\\\/03\\\/Nuovo-progetto.png\",\"contentUrl\":\"https:\\\/\\\/www.ristorantealadoro.it\\\/wp-content\\\/uploads\\\/2024\\\/03\\\/Nuovo-progetto.png\",\"width\":174,\"height\":100,\"caption\":\"Ristorante Ala D'oro\"},\"image\":{\"@id\":\"https:\\\/\\\/www.ristorantealadoro.it\\\/#\\\/schema\\\/logo\\\/image\\\/\"},\"sameAs\":[\"https:\\\/\\\/www.facebook.com\\\/aladorohotel\\\/?locale=it_IT\",\"https:\\\/\\\/www.instagram.com\\\/explore\\\/locations\\\/35572987\\\/ala-doro-hotel-ristorante-lugo\\\/\"]}]}<\/script>\n<!-- \/ Yoast SEO plugin. -->","yoast_head_json":{"title":"Pranzo Lugo \u20ac12 - Parcheggio e Coperto Gratis | Rist. Ala D'Oro","description":"Pranzo a Lugo! Men\u00f9 Giorno da 12\u20ac (coperto gratis), cucina romagnola, parcheggio, senza glutine e take away. Prenota ora al Rist. Ala D'Oro!","robots":{"index":"index","follow":"follow","max-snippet":"max-snippet:-1","max-image-preview":"max-image-preview:large","max-video-preview":"max-video-preview:-1"},"canonical":"https:\/\/www.ristorantealadoro.it\/en\/pranzo-lugo\/","og_locale":"en_GB","og_type":"article","og_title":"Pranzo Lugo \u20ac12 - Parcheggio e Coperto Gratis | Rist. Ala D'Oro","og_description":"Pranzo a Lugo! Men\u00f9 Giorno da 12\u20ac (coperto gratis), cucina romagnola, parcheggio, senza glutine e take away. Prenota ora al Rist. Ala D'Oro!","og_url":"https:\/\/www.ristorantealadoro.it\/en\/pranzo-lugo\/","og_site_name":"Ristorante Ala D&#039;oro","article_publisher":"https:\/\/www.facebook.com\/aladorohotel\/?locale=it_IT","article_modified_time":"2025-11-30T19:23:13+00:00","og_image":[{"width":2560,"height":1709,"url":"https:\/\/www.ristorantealadoro.it\/wp-content\/uploads\/2024\/04\/aladoro-0295-scaled.jpg","type":"image\/jpeg"}],"twitter_card":"summary_large_image","twitter_misc":{"Estimated reading time":"6 minutes"},"schema":{"@context":"https:\/\/schema.org","@graph":[{"@type":"WebPage","@id":"https:\/\/www.ristorantealadoro.it\/pranzo-lugo\/","url":"https:\/\/www.ristorantealadoro.it\/pranzo-lugo\/","name":"Pranzo Lugo \u20ac12 - Parcheggio e Coperto Gratis | Rist. Ala D'Oro","isPartOf":{"@id":"https:\/\/www.ristorantealadoro.it\/#website"},"primaryImageOfPage":{"@id":"https:\/\/www.ristorantealadoro.it\/pranzo-lugo\/#primaryimage"},"image":{"@id":"https:\/\/www.ristorantealadoro.it\/pranzo-lugo\/#primaryimage"},"thumbnailUrl":"https:\/\/www.ristorantealadoro.it\/wp-content\/uploads\/2024\/04\/aladoro-0295-scaled.jpg","datePublished":"2025-04-19T15:14:32+00:00","dateModified":"2025-11-30T19:23:13+00:00","description":"Pranzo a Lugo! Men\u00f9 Giorno da 12\u20ac (coperto gratis), cucina romagnola, parcheggio, senza glutine e take away. Prenota ora al Rist. Ala D'Oro!","breadcrumb":{"@id":"https:\/\/www.ristorantealadoro.it\/pranzo-lugo\/#breadcrumb"},"inLanguage":"en-GB","potentialAction":[{"@type":"ReadAction","target":["https:\/\/www.ristorantealadoro.it\/pranzo-lugo\/"]}]},{"@type":"ImageObject","inLanguage":"en-GB","@id":"https:\/\/www.ristorantealadoro.it\/pranzo-lugo\/#primaryimage","url":"https:\/\/www.ristorantealadoro.it\/wp-content\/uploads\/2024\/04\/aladoro-0295-scaled.jpg","contentUrl":"https:\/\/www.ristorantealadoro.it\/wp-content\/uploads\/2024\/04\/aladoro-0295-scaled.jpg"},{"@type":"BreadcrumbList","@id":"https:\/\/www.ristorantealadoro.it\/pranzo-lugo\/#breadcrumb","itemListElement":[{"@type":"ListItem","position":1,"name":"Home","item":"https:\/\/www.ristorantealadoro.it\/"},{"@type":"ListItem","position":2,"name":"Pranzo a Lugo: Men\u00f9 del Giorno da \u20ac12 con Parcheggio e Coperto Gratis | Ristorante Ala D&#8217;Oro"}]},{"@type":"WebSite","@id":"https:\/\/www.ristorantealadoro.it\/#website","url":"https:\/\/www.ristorantealadoro.it\/","name":"Ala d&#039;Oro Restaurant: tradition since 1952","description":"Discover the elegant atmosphere of the Ala d&#039;Oro restaurant in Lugo and enjoy a refined gastronomic experience. Book your unforgettable dinner now!","publisher":{"@id":"https:\/\/www.ristorantealadoro.it\/#organization"},"alternateName":"Ristorante Ala d'Oro","potentialAction":[{"@type":"SearchAction","target":{"@type":"EntryPoint","urlTemplate":"https:\/\/www.ristorantealadoro.it\/?s={search_term_string}"},"query-input":{"@type":"PropertyValueSpecification","valueRequired":true,"valueName":"search_term_string"}}],"inLanguage":"en-GB"},{"@type":"Organization","@id":"https:\/\/www.ristorantealadoro.it\/#organization","name":"Ala D&#039;oro Restaurant","url":"https:\/\/www.ristorantealadoro.it\/","logo":{"@type":"ImageObject","inLanguage":"en-GB","@id":"https:\/\/www.ristorantealadoro.it\/#\/schema\/logo\/image\/","url":"https:\/\/www.ristorantealadoro.it\/wp-content\/uploads\/2024\/03\/Nuovo-progetto.png","contentUrl":"https:\/\/www.ristorantealadoro.it\/wp-content\/uploads\/2024\/03\/Nuovo-progetto.png","width":174,"height":100,"caption":"Ristorante Ala D'oro"},"image":{"@id":"https:\/\/www.ristorantealadoro.it\/#\/schema\/logo\/image\/"},"sameAs":["https:\/\/www.facebook.com\/aladorohotel\/?locale=it_IT","https:\/\/www.instagram.com\/explore\/locations\/35572987\/ala-doro-hotel-ristorante-lugo\/"]}]}},"_links":{"self":[{"href":"https:\/\/www.ristorantealadoro.it\/en\/wp-json\/wp\/v2\/pages\/1264","targetHints":{"allow":["GET"]}}],"collection":[{"href":"https:\/\/www.ristorantealadoro.it\/en\/wp-json\/wp\/v2\/pages"}],"about":[{"href":"https:\/\/www.ristorantealadoro.it\/en\/wp-json\/wp\/v2\/types\/page"}],"author":[{"embeddable":true,"href":"https:\/\/www.ristorantealadoro.it\/en\/wp-json\/wp\/v2\/users\/1"}],"replies":[{"embeddable":true,"href":"https:\/\/www.ristorantealadoro.it\/en\/wp-json\/wp\/v2\/comments?post=1264"}],"version-history":[{"count":64,"href":"https:\/\/www.ristorantealadoro.it\/en\/wp-json\/wp\/v2\/pages\/1264\/revisions"}],"predecessor-version":[{"id":1971,"href":"https:\/\/www.ristorantealadoro.it\/en\/wp-json\/wp\/v2\/pages\/1264\/revisions\/1971"}],"wp:attachment":[{"href":"https:\/\/www.ristorantealadoro.it\/en\/wp-json\/wp\/v2\/media?parent=1264"}],"curies":[{"name":"wp","href":"https:\/\/api.w.org\/{rel}","templated":true}]}}